{"id":244413,"date":"2022-08-18T15:00:00","date_gmt":"2022-08-18T15:00:00","guid":{"rendered":"https:\/\/transinfo.pl\/x\/infoair\/francja-10-procent-pilotow-air-france-ma-depresje\/"},"modified":"2022-08-18T15:00:00","modified_gmt":"2022-08-18T15:00:00","slug":"francja-10-procent-pilotow-air-france-ma-depresje","status":"publish","type":"infoair","link":"https:\/\/transinfo.pl\/x\/infoair\/francja-10-procent-pilotow-air-france-ma-depresje\/","title":{"rendered":"Francja: 10 procent pilot\u00f3w Air France ma depresj\u0119"},"content":{"rendered":"<style>h1,h2,h3,h4,h5,h6{margin:0 0 1.25rem;font-family:Arial,sans-serif;font-weight:600;color:#050505}h1{font-size:1.875rem;line-height:1.1em;text-transform:none}@media(min-width: 768px){h1{font-size:2.375rem}}h2{font-size:1.1875rem;line-height:1.2em;text-transform:uppercase}@media(min-width: 768px){h2{font-size:1.0625rem}}h3{font-size:0.9375rem;line-height:1.4em;font-weight:900;margin-bottom:0.9375rem}h4{font-size:0.875rem;line-height:1.2em;font-weight:500}h5{font-size:0.9375rem;line-height:1.6;font-weight:400}h6{font-size:0.9375rem;line-height:1.6;font-weight:600}\n<\/style>\n<h6 class=\"wp-block-heading\">Alter, zwi\u0105zek zawodowy pilot\u00f3w linii Air France, ostrzega, \u017ce kondycja psychiczna i przepracowanie francuskich pilot\u00f3w stanowi ryzyko dla bezpiecze\u0144stwa transportu lotniczego. Wed\u0142ug zwi\u0105zku 10 proc. pilot\u00f3w ma depresj\u0119.<\/h6>\n\n\n<style>p{margin:0 0 1.5rem}p:last-child{margin:0}p.is-style-uppercase{text-transform:uppercase}p.is-style-preheading{color:#12406a;text-transform:uppercase}p.is-style-leadparagraph{font-size:1rem;line-height:1.625;font-weight:700}@media(min-width: 768px){p.is-style-leadparagraph{font-size:1.125rem;line-height:1.5555555556}}p.has-small-margin{margin-bottom:0.625rem}p.has-small-margin+h1,p.has-small-margin+h2,p.has-small-margin+h3{margin-top:1.875rem}\n<\/style>\n<p>Zwi\u0105zek Alter zarzuca liniom lotniczym, \u017ce w kwestii liczby przepracowanych godzin firma stosuje \u201ekomunikacj\u0119 l\u0119kow\u0105 i przemoc menad\u017cersk\u0105, z kt\u00f3r\u0105 bardzo trudno jest \u017cy\u0107\u201d. Zwi\u0105zkowcy krytykuj\u0105 r\u00f3wnie\u017c zbyt ma\u0142\u0105 liczb\u0119 zatrudnionego personelu: hostess, pracownik\u00f3w naziemnych, mechanik\u00f3w.<\/p>\n\n\n\n<p>Linie Air France broni\u0105 si\u0119 przed zarzutami, podkre\u015blaj\u0105c w komunikacie prasowym, \u017ce \u201ebezpiecze\u0144stwo lot\u00f3w, pasa\u017cer\u00f3w i za\u0142\u00f3g, jest absolutnym priorytetem\u201d i \u017ce \u201eprzewy\u017cszane s\u0105 standardy okre\u015blone przez Europejsk\u0105 Agencj\u0119 Bezpiecze\u0144stwa Lotniczego (EASA) pod wzgl\u0119dem czasu odpoczynku po locie\u201d. Poinformowano te\u017c, \u017ce do grudnia ma zosta\u0107 zatrudnionych dodatkowo 700 pilot\u00f3w.<\/p>\n\n\n\n<p>(PAP)<\/p>\n","protected":false},"author":1,"featured_media":244414,"comment_status":"","ping_status":"closed","template":"","categories":[27],"tags":[761,20686,744,3101],"class_list":["post-244413","infoair","type-infoair","status-publish","has-post-thumbnail","hentry","category-wydarzenia","tag-air-france","tag-bezpieczenstwo-lotu","tag-pilot","tag-zwiazki-zawodowe"],"acf":[],"yoast_head":"<!-- This site is optimized with the Yoast SEO Premium plugin v21.8 (Yoast SEO v23.7) - https:\/\/yoast.com\/wordpress\/plugins\/seo\/ -->\n<title>Francja: 10 procent pilot\u00f3w Air France ma depresj\u0119 - TransInfo Archiwum<\/title>\n<meta name=\"description\" content=\"Kondycja psychiczna i przepracowanie francuskich pilot\u00f3w stanowi ryzyko dla bezpiecze\u0144stwa transportu lotniczego\" \/>\n<meta name=\"robots\" content=\"index, follow, max-snippet:-1, max-image-preview:large, max-video-preview:-1\" \/>\n<link rel=\"canonical\" href=\"https:\/\/transinfo.pl\/x\/infoair\/francja-10-procent-pilotow-air-france-ma-depresje\/\" \/>\n<meta property=\"og:locale\" content=\"pl_PL\" \/>\n<meta property=\"og:type\" content=\"article\" \/>\n<meta property=\"og:title\" content=\"Francja: 10 procent pilot\u00f3w Air France ma depresj\u0119\" \/>\n<meta property=\"og:description\" content=\"Kondycja psychiczna i przepracowanie francuskich pilot\u00f3w stanowi ryzyko dla bezpiecze\u0144stwa transportu lotniczego\" \/>\n<meta property=\"og:url\" content=\"https:\/\/transinfo.pl\/x\/infoair\/francja-10-procent-pilotow-air-france-ma-depresje\/\" \/>\n<meta property=\"og:site_name\" content=\"TransInfo Archiwum\" \/>\n<meta property=\"og:image\" content=\"https:\/\/transinfo.pl\/x\/wp-content\/uploads\/2022\/01\/Krakow-na-mapie-polaczen-Air-France.-Od-marca-2020-0-1.jpg\" \/>\n\t<meta property=\"og:image:width\" content=\"1\" \/>\n\t<meta property=\"og:image:height\" content=\"1\" \/>\n\t<meta property=\"og:image:type\" content=\"image\/jpeg\" \/>\n<meta name=\"twitter:card\" content=\"summary_large_image\" \/>\n<meta name=\"twitter:label1\" content=\"Szacowany czas czytania\" \/>\n\t<meta name=\"twitter:data1\" content=\"1 minuta\" \/>\n<script type=\"application\/ld+json\" class=\"yoast-schema-graph\">{\"@context\":\"https:\/\/schema.org\",\"@graph\":[{\"@type\":\"WebPage\",\"@id\":\"https:\/\/transinfo.pl\/x\/infoair\/francja-10-procent-pilotow-air-france-ma-depresje\/\",\"url\":\"https:\/\/transinfo.pl\/x\/infoair\/francja-10-procent-pilotow-air-france-ma-depresje\/\",\"name\":\"Francja: 10 procent pilot\u00f3w Air France ma depresj\u0119 - TransInfo Archiwum\",\"isPartOf\":{\"@id\":\"https:\/\/transinfo.pl\/x\/#website\"},\"primaryImageOfPage\":{\"@id\":\"https:\/\/transinfo.pl\/x\/infoair\/francja-10-procent-pilotow-air-france-ma-depresje\/#primaryimage\"},\"image\":{\"@id\":\"https:\/\/transinfo.pl\/x\/infoair\/francja-10-procent-pilotow-air-france-ma-depresje\/#primaryimage\"},\"thumbnailUrl\":\"https:\/\/transinfo.pl\/x\/wp-content\/uploads\/2022\/01\/Krakow-na-mapie-polaczen-Air-France.-Od-marca-2020-0-1.jpg\",\"datePublished\":\"2022-08-18T15:00:00+00:00\",\"dateModified\":\"2022-08-18T15:00:00+00:00\",\"description\":\"Kondycja psychiczna i przepracowanie francuskich pilot\u00f3w stanowi ryzyko dla bezpiecze\u0144stwa transportu lotniczego\",\"breadcrumb\":{\"@id\":\"https:\/\/transinfo.pl\/x\/infoair\/francja-10-procent-pilotow-air-france-ma-depresje\/#breadcrumb\"},\"inLanguage\":\"pl-PL\",\"potentialAction\":[{\"@type\":\"ReadAction\",\"target\":[\"https:\/\/transinfo.pl\/x\/infoair\/francja-10-procent-pilotow-air-france-ma-depresje\/\"]}]},{\"@type\":\"ImageObject\",\"inLanguage\":\"pl-PL\",\"@id\":\"https:\/\/transinfo.pl\/x\/infoair\/francja-10-procent-pilotow-air-france-ma-depresje\/#primaryimage\",\"url\":\"https:\/\/transinfo.pl\/x\/wp-content\/uploads\/2022\/01\/Krakow-na-mapie-polaczen-Air-France.-Od-marca-2020-0-1.jpg\",\"contentUrl\":\"https:\/\/transinfo.pl\/x\/wp-content\/uploads\/2022\/01\/Krakow-na-mapie-polaczen-Air-France.-Od-marca-2020-0-1.jpg\"},{\"@type\":\"BreadcrumbList\",\"@id\":\"https:\/\/transinfo.pl\/x\/infoair\/francja-10-procent-pilotow-air-france-ma-depresje\/#breadcrumb\",\"itemListElement\":[{\"@type\":\"ListItem\",\"position\":1,\"name\":\"Home\",\"item\":\"https:\/\/transinfo.pl\/x\/\"},{\"@type\":\"ListItem\",\"position\":2,\"name\":\"Infoair\",\"item\":\"https:\/\/transinfo.pl\/x\/infoair\/\"},{\"@type\":\"ListItem\",\"position\":3,\"name\":\"Francja: 10 procent pilot\u00f3w Air France ma depresj\u0119\"}]},{\"@type\":\"WebSite\",\"@id\":\"https:\/\/transinfo.pl\/x\/#website\",\"url\":\"https:\/\/transinfo.pl\/x\/\",\"name\":\"TransInfo Archiwum\",\"description\":\"Ca\u0142y transport w jednym miejscu\",\"publisher\":{\"@id\":\"https:\/\/transinfo.pl\/x\/#organization\"},\"potentialAction\":[{\"@type\":\"SearchAction\",\"target\":{\"@type\":\"EntryPoint\",\"urlTemplate\":\"https:\/\/transinfo.pl\/x\/?s={search_term_string}\"},\"query-input\":{\"@type\":\"PropertyValueSpecification\",\"valueRequired\":true,\"valueName\":\"search_term_string\"}}],\"inLanguage\":\"pl-PL\"},{\"@type\":\"Organization\",\"@id\":\"https:\/\/transinfo.pl\/x\/#organization\",\"name\":\"TransInfo\",\"url\":\"https:\/\/transinfo.pl\/x\/\",\"logo\":{\"@type\":\"ImageObject\",\"inLanguage\":\"pl-PL\",\"@id\":\"https:\/\/transinfo.pl\/x\/#\/schema\/logo\/image\/\",\"url\":\"https:\/\/transinfo.pl\/x\/wp-content\/uploads\/2024\/10\/favicon.png\",\"contentUrl\":\"https:\/\/transinfo.pl\/x\/wp-content\/uploads\/2024\/10\/favicon.png\",\"width\":512,\"height\":512,\"caption\":\"TransInfo\"},\"image\":{\"@id\":\"https:\/\/transinfo.pl\/x\/#\/schema\/logo\/image\/\"}}]}<\/script>\n<!-- \/ Yoast SEO Premium plugin. -->","yoast_head_json":{"title":"Francja: 10 procent pilot\u00f3w Air France ma depresj\u0119 - TransInfo Archiwum","description":"Kondycja psychiczna i przepracowanie francuskich pilot\u00f3w stanowi ryzyko dla bezpiecze\u0144stwa transportu lotniczego","robots":{"index":"index","follow":"follow","max-snippet":"max-snippet:-1","max-image-preview":"max-image-preview:large","max-video-preview":"max-video-preview:-1"},"canonical":"https:\/\/transinfo.pl\/x\/infoair\/francja-10-procent-pilotow-air-france-ma-depresje\/","og_locale":"pl_PL","og_type":"article","og_title":"Francja: 10 procent pilot\u00f3w Air France ma depresj\u0119","og_description":"Kondycja psychiczna i przepracowanie francuskich pilot\u00f3w stanowi ryzyko dla bezpiecze\u0144stwa transportu lotniczego","og_url":"https:\/\/transinfo.pl\/x\/infoair\/francja-10-procent-pilotow-air-france-ma-depresje\/","og_site_name":"TransInfo Archiwum","og_image":[{"url":"https:\/\/transinfo.pl\/x\/wp-content\/uploads\/2022\/01\/Krakow-na-mapie-polaczen-Air-France.-Od-marca-2020-0-1.jpg","width":1,"height":1,"type":"image\/jpeg"}],"twitter_card":"summary_large_image","twitter_misc":{"Szacowany czas czytania":"1 minuta"},"schema":{"@context":"https:\/\/schema.org","@graph":[{"@type":"WebPage","@id":"https:\/\/transinfo.pl\/x\/infoair\/francja-10-procent-pilotow-air-france-ma-depresje\/","url":"https:\/\/transinfo.pl\/x\/infoair\/francja-10-procent-pilotow-air-france-ma-depresje\/","name":"Francja: 10 procent pilot\u00f3w Air France ma depresj\u0119 - TransInfo Archiwum","isPartOf":{"@id":"https:\/\/transinfo.pl\/x\/#website"},"primaryImageOfPage":{"@id":"https:\/\/transinfo.pl\/x\/infoair\/francja-10-procent-pilotow-air-france-ma-depresje\/#primaryimage"},"image":{"@id":"https:\/\/transinfo.pl\/x\/infoair\/francja-10-procent-pilotow-air-france-ma-depresje\/#primaryimage"},"thumbnailUrl":"https:\/\/transinfo.pl\/x\/wp-content\/uploads\/2022\/01\/Krakow-na-mapie-polaczen-Air-France.-Od-marca-2020-0-1.jpg","datePublished":"2022-08-18T15:00:00+00:00","dateModified":"2022-08-18T15:00:00+00:00","description":"Kondycja psychiczna i przepracowanie francuskich pilot\u00f3w stanowi ryzyko dla bezpiecze\u0144stwa transportu lotniczego","breadcrumb":{"@id":"https:\/\/transinfo.pl\/x\/infoair\/francja-10-procent-pilotow-air-france-ma-depresje\/#breadcrumb"},"inLanguage":"pl-PL","potentialAction":[{"@type":"ReadAction","target":["https:\/\/transinfo.pl\/x\/infoair\/francja-10-procent-pilotow-air-france-ma-depresje\/"]}]},{"@type":"ImageObject","inLanguage":"pl-PL","@id":"https:\/\/transinfo.pl\/x\/infoair\/francja-10-procent-pilotow-air-france-ma-depresje\/#primaryimage","url":"https:\/\/transinfo.pl\/x\/wp-content\/uploads\/2022\/01\/Krakow-na-mapie-polaczen-Air-France.-Od-marca-2020-0-1.jpg","contentUrl":"https:\/\/transinfo.pl\/x\/wp-content\/uploads\/2022\/01\/Krakow-na-mapie-polaczen-Air-France.-Od-marca-2020-0-1.jpg"},{"@type":"BreadcrumbList","@id":"https:\/\/transinfo.pl\/x\/infoair\/francja-10-procent-pilotow-air-france-ma-depresje\/#breadcrumb","itemListElement":[{"@type":"ListItem","position":1,"name":"Home","item":"https:\/\/transinfo.pl\/x\/"},{"@type":"ListItem","position":2,"name":"Infoair","item":"https:\/\/transinfo.pl\/x\/infoair\/"},{"@type":"ListItem","position":3,"name":"Francja: 10 procent pilot\u00f3w Air France ma depresj\u0119"}]},{"@type":"WebSite","@id":"https:\/\/transinfo.pl\/x\/#website","url":"https:\/\/transinfo.pl\/x\/","name":"TransInfo Archiwum","description":"Ca\u0142y transport w jednym miejscu","publisher":{"@id":"https:\/\/transinfo.pl\/x\/#organization"},"potentialAction":[{"@type":"SearchAction","target":{"@type":"EntryPoint","urlTemplate":"https:\/\/transinfo.pl\/x\/?s={search_term_string}"},"query-input":{"@type":"PropertyValueSpecification","valueRequired":true,"valueName":"search_term_string"}}],"inLanguage":"pl-PL"},{"@type":"Organization","@id":"https:\/\/transinfo.pl\/x\/#organization","name":"TransInfo","url":"https:\/\/transinfo.pl\/x\/","logo":{"@type":"ImageObject","inLanguage":"pl-PL","@id":"https:\/\/transinfo.pl\/x\/#\/schema\/logo\/image\/","url":"https:\/\/transinfo.pl\/x\/wp-content\/uploads\/2024\/10\/favicon.png","contentUrl":"https:\/\/transinfo.pl\/x\/wp-content\/uploads\/2024\/10\/favicon.png","width":512,"height":512,"caption":"TransInfo"},"image":{"@id":"https:\/\/transinfo.pl\/x\/#\/schema\/logo\/image\/"}}]}},"_links":{"self":[{"href":"https:\/\/transinfo.pl\/x\/wp-json\/wp\/v2\/infoair\/244413","targetHints":{"allow":["GET"]}}],"collection":[{"href":"https:\/\/transinfo.pl\/x\/wp-json\/wp\/v2\/infoair"}],"about":[{"href":"https:\/\/transinfo.pl\/x\/wp-json\/wp\/v2\/types\/infoair"}],"author":[{"embeddable":true,"href":"https:\/\/transinfo.pl\/x\/wp-json\/wp\/v2\/users\/1"}],"replies":[{"embeddable":true,"href":"https:\/\/transinfo.pl\/x\/wp-json\/wp\/v2\/comments?post=244413"}],"wp:featuredmedia":[{"embeddable":true,"href":"https:\/\/transinfo.pl\/x\/wp-json\/wp\/v2\/media\/244414"}],"wp:attachment":[{"href":"https:\/\/transinfo.pl\/x\/wp-json\/wp\/v2\/media?parent=244413"}],"wp:term":[{"taxonomy":"category","embeddable":true,"href":"https:\/\/transinfo.pl\/x\/wp-json\/wp\/v2\/categories?post=244413"},{"taxonomy":"post_tag","embeddable":true,"href":"https:\/\/transinfo.pl\/x\/wp-json\/wp\/v2\/tags?post=244413"}],"curies":[{"name":"wp","href":"https:\/\/api.w.org\/{rel}","templated":true}]}}