{"id":244109,"date":"2022-08-05T21:00:00","date_gmt":"2022-08-05T21:00:00","guid":{"rendered":"https:\/\/transinfo.pl\/x\/infoair\/ustawa-usprawniajaca-budowe-cpk-trafi-do-prezydenta-uwagi-senatu-odrzucone\/"},"modified":"2022-08-05T21:00:00","modified_gmt":"2022-08-05T21:00:00","slug":"ustawa-usprawniajaca-budowe-cpk-trafi-do-prezydenta-uwagi-senatu-odrzucone","status":"publish","type":"infoair","link":"https:\/\/transinfo.pl\/x\/infoair\/ustawa-usprawniajaca-budowe-cpk-trafi-do-prezydenta-uwagi-senatu-odrzucone\/","title":{"rendered":"Ustawa usprawniaj\u0105ca budow\u0119 CPK trafi do prezydenta. Uwagi Senatu odrzucone"},"content":{"rendered":"<style>h1,h2,h3,h4,h5,h6{margin:0 0 1.25rem;font-family:Arial,sans-serif;font-weight:600;color:#050505}h1{font-size:1.875rem;line-height:1.1em;text-transform:none}@media(min-width: 768px){h1{font-size:2.375rem}}h2{font-size:1.1875rem;line-height:1.2em;text-transform:uppercase}@media(min-width: 768px){h2{font-size:1.0625rem}}h3{font-size:0.9375rem;line-height:1.4em;font-weight:900;margin-bottom:0.9375rem}h4{font-size:0.875rem;line-height:1.2em;font-weight:500}h5{font-size:0.9375rem;line-height:1.6;font-weight:400}h6{font-size:0.9375rem;line-height:1.6;font-weight:600}\n<\/style>\n<h3 class=\"wp-block-heading\">5 sierpnia Sejm nie popar\u0142 uchwa\u0142y Senatu w sprawie odrzucenia w ca\u0142o\u015bci ustawy dotycz\u0105cej usprawnienia procesu inwestycyjnego Centralnego Portu Komunikacyjnego. <\/h3>\n\n\n<style>p{margin:0 0 1.5rem}p:last-child{margin:0}p.is-style-uppercase{text-transform:uppercase}p.is-style-preheading{color:#12406a;text-transform:uppercase}p.is-style-leadparagraph{font-size:1rem;line-height:1.625;font-weight:700}@media(min-width: 768px){p.is-style-leadparagraph{font-size:1.125rem;line-height:1.5555555556}}p.has-small-margin{margin-bottom:0.625rem}p.has-small-margin+h1,p.has-small-margin+h2,p.has-small-margin+h3{margin-top:1.875rem}\n<\/style>\n<p>Teraz ustawa trafi do podpisu prezydenta. Sejm mo\u017ce odrzuci\u0107 uchwa\u0142\u0119 Senatu odrzucaj\u0105c\u0105 ustaw\u0119 bezwzgl\u0119dn\u0105 wi\u0119kszo\u015bci\u0105 g\u0142os\u00f3w w obecno\u015bci co najmniej ustawowej liczby pos\u0142\u00f3w. Za odrzuceniem uchwa\u0142y Senatu w pi\u0105tek g\u0142osowa\u0142o 233 pos\u0142\u00f3w; przeciw by\u0142o 214; nikt si\u0119 nie wstrzyma\u0142. Wi\u0119kszo\u015b\u0107 bezwzgl\u0119dna wynios\u0142a 224 pos\u0142\u00f3w.<\/p>\n\n\n\n<h2 class=\"wp-block-heading\">Zdaniem Senatu <\/h2>\n\n\n\n<p>Senat w czwartek odrzuci\u0142 ustaw\u0119 o usprawnieniu procesu inwestycyjnego Centralnego Portu Komunikacyjnego. W pi\u0105tek pos\u0142owie na komisji negatywnie zaopiniowali wniosek Senatu o odrzucenie ustawy w ca\u0142o\u015bci.<\/p>\n\n\n\n<p>Zdaniem Senatu ustawa m.in. pog\u0142\u0119bia zastrze\u017cenia natury konstytucyjnej dotycz\u0105ce obowi\u0105zuj\u0105cego statusu prawno-ustrojowego Pe\u0142nomocnika Rz\u0105du do spraw Centralnego Portu Komunikacyjnego. Wed\u0142ug Senatu dodane ustaw\u0105 zadania i kompetencje pe\u0142nomocnika &#8222;daleko wykraczaj\u0105 poza przypisan\u0105 mu ustawowo rang\u0119, statuuj\u0105c go jako sui generis +superministra+ z licznymi uprawnieniami o charakterze w\u0142adczym&#8221;.<\/p>\n\n\n\n<p>Ustawa przewiduje konsolidacj\u0119 Przedsi\u0119biorstwa Pa\u0144stwowego &#8222;Porty Lotnicze&#8221; (PPL) przez wniesienie akcji nale\u017c\u0105cych do Skarbu Pa\u0144stwa do Centralnego Portu Komunikacyjnego (CPK). Wcze\u015bniej &#8211; w ci\u0105gu sze\u015bciu miesi\u0119cy od dnia wej\u015bcia w \u017cycie ustawy &#8211; nast\u0105pi przekszta\u0142cenie PPL w jednoosobow\u0105 sp\u00f3\u0142k\u0119 akcyjn\u0105 Skarbu Pa\u0144stwa. Ostatnim etapem b\u0119dzie obj\u0119cie akcji nowopowsta\u0142ej sp\u00f3\u0142ki Polskie Porty Lotnicze przez CPK.<\/p>\n\n\n\n<p>Skutkiem tych zmian b\u0119dzie utworzenie grupy kapita\u0142owej CPK, skupiaj\u0105cej najwi\u0119ksze aktywa i procesy inwestycyjne w zakresie infrastruktury lotniskowej. Grupa b\u0119dzie odpowiedzialna za pozyskiwanie finansowania dla zada\u0144 inwestycyjnych CPK, koordynacj\u0119 realizacji inwestycji i integracj\u0119 zasob\u00f3w pa\u0144stwa wok\u00f3\u0142 programu Centralnego Portu Komunikacyjnego.<\/p>\n\n\n\n<p>Ponadto, ustawa poszerza katalog zada\u0144 Pe\u0142nomocnika Rz\u0105du ds. Centralnego Portu Komunikacyjnego o zapewnienie optymalnych warunk\u00f3w rozwoju spo\u0142eczno-gospodarczego oraz przestrzennego regionu CPK. w kontek\u015bcie m.in. Airport City oraz nowych obszar\u00f3w mieszkaniowych i gospodarczych.<\/p>\n\n\n\n<p>Zmiany maj\u0105 usprawni\u0107 te\u017c proces inwestycyjno-budowlany w zakresie tzw. inwestycji towarzysz\u0105cych &#8211; np. linii kolejowych czyli tzw. szprych CPK.<\/p>\n\n\n<style>.wp-block-image{margin:1.25rem 0;text-align:center}.wp-block-image figcaption{padding:0 0.9375rem;text-align:center}\n<\/style>\n<figure class=\"wp-block-image size-full\"><a href=\"https:\/\/transinfo.pl\/wp-content\/uploads\/2022\/08\/FZZSCOjXEAAGqRP.jpg\"><img decoding=\"async\" src=\"https:\/\/transinfo.pl\/wp-content\/uploads\/2022\/08\/FZZSCOjXEAAGqRP.jpg\" alt=\"\" class=\"wp-image-383192\" \/><\/a><\/figure>\n\n\n\n<p><\/p>\n\n\n\n<h2 class=\"wp-block-heading\">Kwesta wyw\u0142aszcze\u0144 <\/h2>\n\n\n\n<p>Ustawa przewiduje tak\u017ce rozwi\u0105zania dla mieszka\u0144c\u00f3w w zwi\u0105zku ze zbywaniem nieruchomo\u015bci na szerokim obszarze przysz\u0142ej lokalizacji CPK przed formalnym ustaleniem tej lokalizacji w drodze decyzji administracyjnej, czyli przed wyw\u0142aszczeniem. W ramach Programu Dobrowolnych Naby\u0107 (PDN) sp\u00f3\u0142ka CPK mo\u017ce podwy\u017cszy\u0107 cen\u0119 nabycia, powi\u0119kszaj\u0105c warto\u015b\u0107 rynkow\u0105 nieruchomo\u015bci &#8211; o 20 proc. w przypadku gruntu i 40 proc. w odniesieniu do budynku mieszkalnego albo dla lokalu stanowi\u0105cego odr\u0119bny przedmiot w\u0142asno\u015bci.<\/p>\n\n\n\n<p>Centralny Port Komunikacyjny to planowany w\u0119ze\u0142 przesiadkowy mi\u0119dzy Warszaw\u0105 i \u0141odzi\u0105, kt\u00f3ry zintegruje transport lotniczy, kolejowy i drogowy. W ramach tego projektu w odleg\u0142o\u015bci 37 km na zach\u00f3d od Warszawy, na obszarze ok. 3 tys. ha zostanie wybudowany Port Lotniczy Solidarno\u015b\u0107, kt\u00f3ry w pierwszym etapie b\u0119dzie w stanie obs\u0142ugiwa\u0107 40 mln pasa\u017cer\u00f3w rocznie. W sk\u0142ad CPK wejd\u0105 te\u017c inwestycje kolejowe: w\u0119ze\u0142 w bezpo\u015bredniej blisko\u015bci portu lotniczego i po\u0142\u0105czenia na terenie kraju, kt\u00f3re umo\u017cliwi\u0105 przejazd mi\u0119dzy Warszaw\u0105 a najwi\u0119kszymi polskimi miastami w czasie nie d\u0142u\u017cszym ni\u017c 2,5 godz.<\/p>\n\n\n\n<p>CPK ma by\u0107 wybudowany do 2027 r. wraz z realizacj\u0105 niezb\u0119dnych po\u0142\u0105cze\u0144 z komponentami sieci kolejowej i drogowej. (PAP)<\/p>\n","protected":false},"author":2,"featured_media":0,"comment_status":"","ping_status":"closed","template":"","categories":[24],"tags":[674,107,338],"class_list":["post-244109","infoair","type-infoair","status-publish","hentry","category-prawo","tag-cpk","tag-sejm","tag-ustawa"],"acf":[],"yoast_head":"<!-- This site is optimized with the Yoast SEO Premium plugin v21.8 (Yoast SEO v23.7) - https:\/\/yoast.com\/wordpress\/plugins\/seo\/ -->\n<title>Ustawa usprawniaj\u0105ca budow\u0119 CPK trafi do prezydenta. Uwagi Senatu odrzucone - TransInfo Archiwum<\/title>\n<meta name=\"description\" content=\"5 sierpnia Sejm nie popar\u0142 uchwa\u0142y Senatu w sprawie odrzucenia w ca\u0142o\u015bci ustawy dotycz\u0105cej usprawnienia procesu inwestycyjnego CPK.\" \/>\n<meta name=\"robots\" content=\"index, follow, max-snippet:-1, max-image-preview:large, max-video-preview:-1\" \/>\n<link rel=\"canonical\" href=\"https:\/\/transinfo.pl\/x\/infoair\/ustawa-usprawniajaca-budowe-cpk-trafi-do-prezydenta-uwagi-senatu-odrzucone\/\" \/>\n<meta property=\"og:locale\" content=\"pl_PL\" \/>\n<meta property=\"og:type\" content=\"article\" \/>\n<meta property=\"og:title\" content=\"Ustawa usprawniaj\u0105ca budow\u0119 CPK trafi do prezydenta. Uwagi Senatu odrzucone\" \/>\n<meta property=\"og:description\" content=\"5 sierpnia Sejm nie popar\u0142 uchwa\u0142y Senatu w sprawie odrzucenia w ca\u0142o\u015bci ustawy dotycz\u0105cej usprawnienia procesu inwestycyjnego CPK.\" \/>\n<meta property=\"og:url\" content=\"https:\/\/transinfo.pl\/x\/infoair\/ustawa-usprawniajaca-budowe-cpk-trafi-do-prezydenta-uwagi-senatu-odrzucone\/\" \/>\n<meta property=\"og:site_name\" content=\"TransInfo Archiwum\" \/>\n<meta property=\"og:image\" content=\"http:\/\/default\" \/>\n<meta name=\"twitter:card\" content=\"summary_large_image\" \/>\n<meta name=\"twitter:label1\" content=\"Szacowany czas czytania\" \/>\n\t<meta name=\"twitter:data1\" content=\"3 minuty\" \/>\n<script type=\"application\/ld+json\" class=\"yoast-schema-graph\">{\"@context\":\"https:\/\/schema.org\",\"@graph\":[{\"@type\":\"WebPage\",\"@id\":\"https:\/\/transinfo.pl\/x\/infoair\/ustawa-usprawniajaca-budowe-cpk-trafi-do-prezydenta-uwagi-senatu-odrzucone\/\",\"url\":\"https:\/\/transinfo.pl\/x\/infoair\/ustawa-usprawniajaca-budowe-cpk-trafi-do-prezydenta-uwagi-senatu-odrzucone\/\",\"name\":\"Ustawa usprawniaj\u0105ca budow\u0119 CPK trafi do prezydenta. Uwagi Senatu odrzucone - TransInfo Archiwum\",\"isPartOf\":{\"@id\":\"https:\/\/transinfo.pl\/x\/#website\"},\"primaryImageOfPage\":{\"@id\":\"https:\/\/transinfo.pl\/x\/infoair\/ustawa-usprawniajaca-budowe-cpk-trafi-do-prezydenta-uwagi-senatu-odrzucone\/#primaryimage\"},\"image\":{\"@id\":\"https:\/\/transinfo.pl\/x\/infoair\/ustawa-usprawniajaca-budowe-cpk-trafi-do-prezydenta-uwagi-senatu-odrzucone\/#primaryimage\"},\"thumbnailUrl\":\"https:\/\/transinfo.pl\/wp-content\/uploads\/2022\/08\/FZZSCOjXEAAGqRP.jpg\",\"datePublished\":\"2022-08-05T21:00:00+00:00\",\"dateModified\":\"2022-08-05T21:00:00+00:00\",\"description\":\"5 sierpnia Sejm nie popar\u0142 uchwa\u0142y Senatu w sprawie odrzucenia w ca\u0142o\u015bci ustawy dotycz\u0105cej usprawnienia procesu inwestycyjnego CPK.\",\"breadcrumb\":{\"@id\":\"https:\/\/transinfo.pl\/x\/infoair\/ustawa-usprawniajaca-budowe-cpk-trafi-do-prezydenta-uwagi-senatu-odrzucone\/#breadcrumb\"},\"inLanguage\":\"pl-PL\",\"potentialAction\":[{\"@type\":\"ReadAction\",\"target\":[\"https:\/\/transinfo.pl\/x\/infoair\/ustawa-usprawniajaca-budowe-cpk-trafi-do-prezydenta-uwagi-senatu-odrzucone\/\"]}]},{\"@type\":\"ImageObject\",\"inLanguage\":\"pl-PL\",\"@id\":\"https:\/\/transinfo.pl\/x\/infoair\/ustawa-usprawniajaca-budowe-cpk-trafi-do-prezydenta-uwagi-senatu-odrzucone\/#primaryimage\",\"url\":\"https:\/\/transinfo.pl\/wp-content\/uploads\/2022\/08\/FZZSCOjXEAAGqRP.jpg\",\"contentUrl\":\"https:\/\/transinfo.pl\/wp-content\/uploads\/2022\/08\/FZZSCOjXEAAGqRP.jpg\"},{\"@type\":\"BreadcrumbList\",\"@id\":\"https:\/\/transinfo.pl\/x\/infoair\/ustawa-usprawniajaca-budowe-cpk-trafi-do-prezydenta-uwagi-senatu-odrzucone\/#breadcrumb\",\"itemListElement\":[{\"@type\":\"ListItem\",\"position\":1,\"name\":\"Home\",\"item\":\"https:\/\/transinfo.pl\/x\/\"},{\"@type\":\"ListItem\",\"position\":2,\"name\":\"Infoair\",\"item\":\"https:\/\/transinfo.pl\/x\/infoair\/\"},{\"@type\":\"ListItem\",\"position\":3,\"name\":\"Ustawa usprawniaj\u0105ca budow\u0119 CPK trafi do prezydenta. Uwagi Senatu odrzucone\"}]},{\"@type\":\"WebSite\",\"@id\":\"https:\/\/transinfo.pl\/x\/#website\",\"url\":\"https:\/\/transinfo.pl\/x\/\",\"name\":\"TransInfo Archiwum\",\"description\":\"Ca\u0142y transport w jednym miejscu\",\"publisher\":{\"@id\":\"https:\/\/transinfo.pl\/x\/#organization\"},\"potentialAction\":[{\"@type\":\"SearchAction\",\"target\":{\"@type\":\"EntryPoint\",\"urlTemplate\":\"https:\/\/transinfo.pl\/x\/?s={search_term_string}\"},\"query-input\":{\"@type\":\"PropertyValueSpecification\",\"valueRequired\":true,\"valueName\":\"search_term_string\"}}],\"inLanguage\":\"pl-PL\"},{\"@type\":\"Organization\",\"@id\":\"https:\/\/transinfo.pl\/x\/#organization\",\"name\":\"TransInfo\",\"url\":\"https:\/\/transinfo.pl\/x\/\",\"logo\":{\"@type\":\"ImageObject\",\"inLanguage\":\"pl-PL\",\"@id\":\"https:\/\/transinfo.pl\/x\/#\/schema\/logo\/image\/\",\"url\":\"https:\/\/transinfo.pl\/x\/wp-content\/uploads\/2024\/10\/favicon.png\",\"contentUrl\":\"https:\/\/transinfo.pl\/x\/wp-content\/uploads\/2024\/10\/favicon.png\",\"width\":512,\"height\":512,\"caption\":\"TransInfo\"},\"image\":{\"@id\":\"https:\/\/transinfo.pl\/x\/#\/schema\/logo\/image\/\"}}]}<\/script>\n<!-- \/ Yoast SEO Premium plugin. -->","yoast_head_json":{"title":"Ustawa usprawniaj\u0105ca budow\u0119 CPK trafi do prezydenta. Uwagi Senatu odrzucone - TransInfo Archiwum","description":"5 sierpnia Sejm nie popar\u0142 uchwa\u0142y Senatu w sprawie odrzucenia w ca\u0142o\u015bci ustawy dotycz\u0105cej usprawnienia procesu inwestycyjnego CPK.","robots":{"index":"index","follow":"follow","max-snippet":"max-snippet:-1","max-image-preview":"max-image-preview:large","max-video-preview":"max-video-preview:-1"},"canonical":"https:\/\/transinfo.pl\/x\/infoair\/ustawa-usprawniajaca-budowe-cpk-trafi-do-prezydenta-uwagi-senatu-odrzucone\/","og_locale":"pl_PL","og_type":"article","og_title":"Ustawa usprawniaj\u0105ca budow\u0119 CPK trafi do prezydenta. Uwagi Senatu odrzucone","og_description":"5 sierpnia Sejm nie popar\u0142 uchwa\u0142y Senatu w sprawie odrzucenia w ca\u0142o\u015bci ustawy dotycz\u0105cej usprawnienia procesu inwestycyjnego CPK.","og_url":"https:\/\/transinfo.pl\/x\/infoair\/ustawa-usprawniajaca-budowe-cpk-trafi-do-prezydenta-uwagi-senatu-odrzucone\/","og_site_name":"TransInfo Archiwum","og_image":[{"url":"default"}],"twitter_card":"summary_large_image","twitter_misc":{"Szacowany czas czytania":"3 minuty"},"schema":{"@context":"https:\/\/schema.org","@graph":[{"@type":"WebPage","@id":"https:\/\/transinfo.pl\/x\/infoair\/ustawa-usprawniajaca-budowe-cpk-trafi-do-prezydenta-uwagi-senatu-odrzucone\/","url":"https:\/\/transinfo.pl\/x\/infoair\/ustawa-usprawniajaca-budowe-cpk-trafi-do-prezydenta-uwagi-senatu-odrzucone\/","name":"Ustawa usprawniaj\u0105ca budow\u0119 CPK trafi do prezydenta. Uwagi Senatu odrzucone - TransInfo Archiwum","isPartOf":{"@id":"https:\/\/transinfo.pl\/x\/#website"},"primaryImageOfPage":{"@id":"https:\/\/transinfo.pl\/x\/infoair\/ustawa-usprawniajaca-budowe-cpk-trafi-do-prezydenta-uwagi-senatu-odrzucone\/#primaryimage"},"image":{"@id":"https:\/\/transinfo.pl\/x\/infoair\/ustawa-usprawniajaca-budowe-cpk-trafi-do-prezydenta-uwagi-senatu-odrzucone\/#primaryimage"},"thumbnailUrl":"https:\/\/transinfo.pl\/wp-content\/uploads\/2022\/08\/FZZSCOjXEAAGqRP.jpg","datePublished":"2022-08-05T21:00:00+00:00","dateModified":"2022-08-05T21:00:00+00:00","description":"5 sierpnia Sejm nie popar\u0142 uchwa\u0142y Senatu w sprawie odrzucenia w ca\u0142o\u015bci ustawy dotycz\u0105cej usprawnienia procesu inwestycyjnego CPK.","breadcrumb":{"@id":"https:\/\/transinfo.pl\/x\/infoair\/ustawa-usprawniajaca-budowe-cpk-trafi-do-prezydenta-uwagi-senatu-odrzucone\/#breadcrumb"},"inLanguage":"pl-PL","potentialAction":[{"@type":"ReadAction","target":["https:\/\/transinfo.pl\/x\/infoair\/ustawa-usprawniajaca-budowe-cpk-trafi-do-prezydenta-uwagi-senatu-odrzucone\/"]}]},{"@type":"ImageObject","inLanguage":"pl-PL","@id":"https:\/\/transinfo.pl\/x\/infoair\/ustawa-usprawniajaca-budowe-cpk-trafi-do-prezydenta-uwagi-senatu-odrzucone\/#primaryimage","url":"https:\/\/transinfo.pl\/wp-content\/uploads\/2022\/08\/FZZSCOjXEAAGqRP.jpg","contentUrl":"https:\/\/transinfo.pl\/wp-content\/uploads\/2022\/08\/FZZSCOjXEAAGqRP.jpg"},{"@type":"BreadcrumbList","@id":"https:\/\/transinfo.pl\/x\/infoair\/ustawa-usprawniajaca-budowe-cpk-trafi-do-prezydenta-uwagi-senatu-odrzucone\/#breadcrumb","itemListElement":[{"@type":"ListItem","position":1,"name":"Home","item":"https:\/\/transinfo.pl\/x\/"},{"@type":"ListItem","position":2,"name":"Infoair","item":"https:\/\/transinfo.pl\/x\/infoair\/"},{"@type":"ListItem","position":3,"name":"Ustawa usprawniaj\u0105ca budow\u0119 CPK trafi do prezydenta. Uwagi Senatu odrzucone"}]},{"@type":"WebSite","@id":"https:\/\/transinfo.pl\/x\/#website","url":"https:\/\/transinfo.pl\/x\/","name":"TransInfo Archiwum","description":"Ca\u0142y transport w jednym miejscu","publisher":{"@id":"https:\/\/transinfo.pl\/x\/#organization"},"potentialAction":[{"@type":"SearchAction","target":{"@type":"EntryPoint","urlTemplate":"https:\/\/transinfo.pl\/x\/?s={search_term_string}"},"query-input":{"@type":"PropertyValueSpecification","valueRequired":true,"valueName":"search_term_string"}}],"inLanguage":"pl-PL"},{"@type":"Organization","@id":"https:\/\/transinfo.pl\/x\/#organization","name":"TransInfo","url":"https:\/\/transinfo.pl\/x\/","logo":{"@type":"ImageObject","inLanguage":"pl-PL","@id":"https:\/\/transinfo.pl\/x\/#\/schema\/logo\/image\/","url":"https:\/\/transinfo.pl\/x\/wp-content\/uploads\/2024\/10\/favicon.png","contentUrl":"https:\/\/transinfo.pl\/x\/wp-content\/uploads\/2024\/10\/favicon.png","width":512,"height":512,"caption":"TransInfo"},"image":{"@id":"https:\/\/transinfo.pl\/x\/#\/schema\/logo\/image\/"}}]}},"_links":{"self":[{"href":"https:\/\/transinfo.pl\/x\/wp-json\/wp\/v2\/infoair\/244109","targetHints":{"allow":["GET"]}}],"collection":[{"href":"https:\/\/transinfo.pl\/x\/wp-json\/wp\/v2\/infoair"}],"about":[{"href":"https:\/\/transinfo.pl\/x\/wp-json\/wp\/v2\/types\/infoair"}],"author":[{"embeddable":true,"href":"https:\/\/transinfo.pl\/x\/wp-json\/wp\/v2\/users\/2"}],"replies":[{"embeddable":true,"href":"https:\/\/transinfo.pl\/x\/wp-json\/wp\/v2\/comments?post=244109"}],"wp:attachment":[{"href":"https:\/\/transinfo.pl\/x\/wp-json\/wp\/v2\/media?parent=244109"}],"wp:term":[{"taxonomy":"category","embeddable":true,"href":"https:\/\/transinfo.pl\/x\/wp-json\/wp\/v2\/categories?post=244109"},{"taxonomy":"post_tag","embeddable":true,"href":"https:\/\/transinfo.pl\/x\/wp-json\/wp\/v2\/tags?post=244109"}],"curies":[{"name":"wp","href":"https:\/\/api.w.org\/{rel}","templated":true}]}}