{"id":242607,"date":"2022-06-21T15:00:00","date_gmt":"2022-06-21T15:00:00","guid":{"rendered":"https:\/\/transinfo.pl\/x\/infoair\/pierwszy-egzemplarz-airbusa-a321xlr-wykonal-swoj-pierwszy-lot\/"},"modified":"2022-06-21T15:00:00","modified_gmt":"2022-06-21T15:00:00","slug":"pierwszy-egzemplarz-airbusa-a321xlr-wykonal-swoj-pierwszy-lot","status":"publish","type":"infoair","link":"https:\/\/transinfo.pl\/x\/infoair\/pierwszy-egzemplarz-airbusa-a321xlr-wykonal-swoj-pierwszy-lot\/","title":{"rendered":"Pierwszy egzemplarz Airbusa A321XLR wykona\u0142 sw\u00f3j pierwszy lot"},"content":{"rendered":"<style>h1,h2,h3,h4,h5,h6{margin:0 0 1.25rem;font-family:Arial,sans-serif;font-weight:600;color:#050505}h1{font-size:1.875rem;line-height:1.1em;text-transform:none}@media(min-width: 768px){h1{font-size:2.375rem}}h2{font-size:1.1875rem;line-height:1.2em;text-transform:uppercase}@media(min-width: 768px){h2{font-size:1.0625rem}}h3{font-size:0.9375rem;line-height:1.4em;font-weight:900;margin-bottom:0.9375rem}h4{font-size:0.875rem;line-height:1.2em;font-weight:500}h5{font-size:0.9375rem;line-height:1.6;font-weight:400}h6{font-size:0.9375rem;line-height:1.6;font-weight:600}\n<\/style>\n<h6 class=\"wp-block-heading\">Pierwszy egzemplarz Airbusa A321XLR (Extra Long Range) z powodzeniem wykona\u0142 pierwszy lot. Samolot o numerze MSN 11000 wystartowa\u0142 z lotniska Hamburg-Finkenwerder 15 czerwca oko\u0142o godz. 11 do lotu testowego, kt\u00f3ry trwa\u0142 niespe\u0142na 4 godzin i 45 minut.&nbsp;<\/h6>\n\n\n<style>p{margin:0 0 1.5rem}p:last-child{margin:0}p.is-style-uppercase{text-transform:uppercase}p.is-style-preheading{color:#12406a;text-transform:uppercase}p.is-style-leadparagraph{font-size:1rem;line-height:1.625;font-weight:700}@media(min-width: 768px){p.is-style-leadparagraph{font-size:1.125rem;line-height:1.5555555556}}p.has-small-margin{margin-bottom:0.625rem}p.has-small-margin+h1,p.has-small-margin+h2,p.has-small-margin+h3{margin-top:1.875rem}\n<\/style>\n<p>W\u00a0 za\u0142odze samolotu znale\u017ali si\u0119 piloci do\u015bwiadczalni Thierry Diez i Gabriel Diaz de Villegas Giron, a tak\u017ce in\u017cynierowie od test\u00f3w: Frank Hohmeister, Philippe Pupin i Mehdi Zeddoun. Podczas lotu sprawdzili oni dzia\u0142anie uk\u0142ad\u00f3w sterowania lotem, silnik\u00f3w i g\u0142\u00f3wnych system\u00f3w samolotu, w tym poprawno\u015b\u0107 zachowania maszyny przy du\u017cej i ma\u0142ej pr\u0119dko\u015bci.<\/p>\n\n\n<style>.wp-block-image{margin:1.25rem 0;text-align:center}.wp-block-image figcaption{padding:0 0.9375rem;text-align:center}\n<\/style>\n<figure class=\"wp-block-image size-large is-resized\"><img loading=\"lazy\" decoding=\"async\" src=\"https:\/\/transinfo.pl\/wp-content\/uploads\/2022\/06\/ac-1446-02-a321xlr-first-flight-check-before-take-off-1024x714.jpg\" alt=\"\" class=\"wp-image-377404\" width=\"603\" height=\"420\" \/><\/figure>\n\n\n\n<p><\/p>\n\n\n\n<figure class=\"wp-block-image size-large is-resized\"><img loading=\"lazy\" decoding=\"async\" src=\"https:\/\/transinfo.pl\/wp-content\/uploads\/2022\/06\/airbus-ac-1446-02-a321xlr-first-flight-flight-crew-1-1024x714.jpg\" alt=\"\" class=\"wp-image-377406\" width=\"606\" height=\"422\" \/><\/figure>\n\n\n<style>.wp-block-quote{border-left:0.1875rem solid var(--page-color);font-size:1rem;font-style:italic;margin:0 0 1.6875rem;padding:1.25rem}.wp-block-quote cite{color:#050505}.wp-block-quote.is-style-large p{margin-bottom:10px}.wp-block-quote.is-style-large cite{color:#12406a}\n<\/style>\n<blockquote class=\"wp-block-quote is-layout-flow wp-block-quote-is-layout-flow\"><p><\/p><p><em>Osi\u0105gn\u0119li\u015bmy kolejny etap w rozwoju rodziny A320. Dzi\u0119ki unikalnej kabinie Airspace linie lotnicze, b\u0119d\u0105ce naszymi klientami, b\u0119d\u0105 mog\u0142y zaoferowa\u0107 pasa\u017cerom wy\u017cszy komfort podr\u00f3\u017cy samolotem w\u0105skokad\u0142ubowym na d\u0142ugich dystansach. A321XLR pozwoli uruchomi\u0107 nowe po\u0142\u0105czenia, przy bezkonkurencyjnych kosztach i z wyj\u0105tkow\u0105 wydajno\u015bci\u0105 \u015brodowiskow\u0105 &#8211; powiedzia\u0142 Philippe Mhun, wiceprezes Airbusa odpowiedzialny za programy i us\u0142ugi lotnicze<\/em><\/p><\/blockquote>\n\n\n\n<p>Wej\u015bcie nowego modelu samolotu do eksploatacji planowane jest na pocz\u0105tek 2024 roku.<\/p>\n\n\n\n<p>A321XLR to kolejny wariant maszyny z rodziny w\u0105skokad\u0142ubowc\u00f3w A320neo. Spe\u0142nia oczekiwania rynku w zakresie zwi\u0119kszonego zasi\u0119gu i \u0142adowno\u015bci, przez co stanowi dla przewo\u017anik\u00f3w lotniczych wi\u0119ksz\u0105 warto\u015b\u0107 \u2013 umo\u017cliwia oferowanie rentownych po\u0142\u0105cze\u0144 na trasach d\u0142u\u017cszych ni\u017c jest w stanie pokona\u0107 jakikolwiek inny por\u00f3wnywalny model samolotu. A321XLR ma mie\u0107 zasi\u0119g do 4700 nm (8700 km), przy o 30% ni\u017cszym zu\u017cyciu paliwa w przeliczeniu na miejsce pasa\u017cerskie (w por\u00f3wnaniu z samolotami poprzedniej generacji), a tak\u017ce przy mniejszej emisji tlenku azotu i ha\u0142asu.<\/p>\n\n\n\n<figure class=\"wp-block-image size-large is-resized\"><img loading=\"lazy\" decoding=\"async\" src=\"https:\/\/transinfo.pl\/wp-content\/uploads\/2022\/06\/A321XLR-paint-roll-out-1-1024x683.jpg\" alt=\"\" class=\"wp-image-377407\" width=\"648\" height=\"432\" \/><\/figure>\n\n\n\n<p><\/p>\n\n\n\n<p>Na koniec maja 2022 r. ponad 130 klient\u00f3w z ca\u0142ego \u015bwiata zam\u00f3wi\u0142o ponad 8000 samolot\u00f3w z rodziny A320neo. Kontrakty z ponad 20 klientami na A321XLR przewiduj\u0105 dostaw\u0119 ponad 500 maszyn tego typu.<\/p>\n","protected":false},"author":1,"featured_media":242608,"comment_status":"","ping_status":"closed","template":"","categories":[25],"tags":[20202,762,20483],"class_list":["post-242607","infoair","type-infoair","status-publish","has-post-thumbnail","hentry","category-producenci","tag-a321xlr","tag-airbus","tag-pierwszy-lot"],"acf":[],"yoast_head":"<!-- This site is optimized with the Yoast SEO Premium plugin v21.8 (Yoast SEO v23.7) - https:\/\/yoast.com\/wordpress\/plugins\/seo\/ -->\n<title>Pierwszy egzemplarz Airbusa A321XLR wykona\u0142 sw\u00f3j pierwszy lot - TransInfo Archiwum<\/title>\n<meta name=\"description\" content=\"Samolot o numerze MSN 11000 wystartowa\u0142 z lotniska Hamburg-Finkenwerder 15 czerwca oko\u0142o godz. 11 do lotu testowego\" \/>\n<meta name=\"robots\" content=\"index, follow, max-snippet:-1, max-image-preview:large, max-video-preview:-1\" \/>\n<link rel=\"canonical\" href=\"https:\/\/transinfo.pl\/x\/infoair\/pierwszy-egzemplarz-airbusa-a321xlr-wykonal-swoj-pierwszy-lot\/\" \/>\n<meta property=\"og:locale\" content=\"pl_PL\" \/>\n<meta property=\"og:type\" content=\"article\" \/>\n<meta property=\"og:title\" content=\"Pierwszy egzemplarz Airbusa A321XLR wykona\u0142 sw\u00f3j pierwszy lot\" \/>\n<meta property=\"og:description\" content=\"Samolot o numerze MSN 11000 wystartowa\u0142 z lotniska Hamburg-Finkenwerder 15 czerwca oko\u0142o godz. 11 do lotu testowego\" \/>\n<meta property=\"og:url\" content=\"https:\/\/transinfo.pl\/x\/infoair\/pierwszy-egzemplarz-airbusa-a321xlr-wykonal-swoj-pierwszy-lot\/\" \/>\n<meta property=\"og:site_name\" content=\"TransInfo Archiwum\" \/>\n<meta property=\"og:image\" content=\"https:\/\/transinfo.pl\/x\/wp-content\/uploads\/2022\/06\/airbus-ac-1446-02-a321xlr-first-flight.jpg\" \/>\n\t<meta property=\"og:image:width\" content=\"1\" \/>\n\t<meta property=\"og:image:height\" content=\"1\" \/>\n\t<meta property=\"og:image:type\" content=\"image\/jpeg\" \/>\n<meta name=\"twitter:card\" content=\"summary_large_image\" \/>\n<meta name=\"twitter:label1\" content=\"Szacowany czas czytania\" \/>\n\t<meta name=\"twitter:data1\" content=\"2 minuty\" \/>\n<script type=\"application\/ld+json\" class=\"yoast-schema-graph\">{\"@context\":\"https:\/\/schema.org\",\"@graph\":[{\"@type\":\"WebPage\",\"@id\":\"https:\/\/transinfo.pl\/x\/infoair\/pierwszy-egzemplarz-airbusa-a321xlr-wykonal-swoj-pierwszy-lot\/\",\"url\":\"https:\/\/transinfo.pl\/x\/infoair\/pierwszy-egzemplarz-airbusa-a321xlr-wykonal-swoj-pierwszy-lot\/\",\"name\":\"Pierwszy egzemplarz Airbusa A321XLR wykona\u0142 sw\u00f3j pierwszy lot - TransInfo Archiwum\",\"isPartOf\":{\"@id\":\"https:\/\/transinfo.pl\/x\/#website\"},\"primaryImageOfPage\":{\"@id\":\"https:\/\/transinfo.pl\/x\/infoair\/pierwszy-egzemplarz-airbusa-a321xlr-wykonal-swoj-pierwszy-lot\/#primaryimage\"},\"image\":{\"@id\":\"https:\/\/transinfo.pl\/x\/infoair\/pierwszy-egzemplarz-airbusa-a321xlr-wykonal-swoj-pierwszy-lot\/#primaryimage\"},\"thumbnailUrl\":\"https:\/\/transinfo.pl\/x\/wp-content\/uploads\/2022\/06\/airbus-ac-1446-02-a321xlr-first-flight.jpg\",\"datePublished\":\"2022-06-21T15:00:00+00:00\",\"dateModified\":\"2022-06-21T15:00:00+00:00\",\"description\":\"Samolot o numerze MSN 11000 wystartowa\u0142 z lotniska Hamburg-Finkenwerder 15 czerwca oko\u0142o godz. 11 do lotu testowego\",\"breadcrumb\":{\"@id\":\"https:\/\/transinfo.pl\/x\/infoair\/pierwszy-egzemplarz-airbusa-a321xlr-wykonal-swoj-pierwszy-lot\/#breadcrumb\"},\"inLanguage\":\"pl-PL\",\"potentialAction\":[{\"@type\":\"ReadAction\",\"target\":[\"https:\/\/transinfo.pl\/x\/infoair\/pierwszy-egzemplarz-airbusa-a321xlr-wykonal-swoj-pierwszy-lot\/\"]}]},{\"@type\":\"ImageObject\",\"inLanguage\":\"pl-PL\",\"@id\":\"https:\/\/transinfo.pl\/x\/infoair\/pierwszy-egzemplarz-airbusa-a321xlr-wykonal-swoj-pierwszy-lot\/#primaryimage\",\"url\":\"https:\/\/transinfo.pl\/x\/wp-content\/uploads\/2022\/06\/airbus-ac-1446-02-a321xlr-first-flight.jpg\",\"contentUrl\":\"https:\/\/transinfo.pl\/x\/wp-content\/uploads\/2022\/06\/airbus-ac-1446-02-a321xlr-first-flight.jpg\"},{\"@type\":\"BreadcrumbList\",\"@id\":\"https:\/\/transinfo.pl\/x\/infoair\/pierwszy-egzemplarz-airbusa-a321xlr-wykonal-swoj-pierwszy-lot\/#breadcrumb\",\"itemListElement\":[{\"@type\":\"ListItem\",\"position\":1,\"name\":\"Home\",\"item\":\"https:\/\/transinfo.pl\/x\/\"},{\"@type\":\"ListItem\",\"position\":2,\"name\":\"Infoair\",\"item\":\"https:\/\/transinfo.pl\/x\/infoair\/\"},{\"@type\":\"ListItem\",\"position\":3,\"name\":\"Pierwszy egzemplarz Airbusa A321XLR wykona\u0142 sw\u00f3j pierwszy lot\"}]},{\"@type\":\"WebSite\",\"@id\":\"https:\/\/transinfo.pl\/x\/#website\",\"url\":\"https:\/\/transinfo.pl\/x\/\",\"name\":\"TransInfo Archiwum\",\"description\":\"Ca\u0142y transport w jednym miejscu\",\"publisher\":{\"@id\":\"https:\/\/transinfo.pl\/x\/#organization\"},\"potentialAction\":[{\"@type\":\"SearchAction\",\"target\":{\"@type\":\"EntryPoint\",\"urlTemplate\":\"https:\/\/transinfo.pl\/x\/?s={search_term_string}\"},\"query-input\":{\"@type\":\"PropertyValueSpecification\",\"valueRequired\":true,\"valueName\":\"search_term_string\"}}],\"inLanguage\":\"pl-PL\"},{\"@type\":\"Organization\",\"@id\":\"https:\/\/transinfo.pl\/x\/#organization\",\"name\":\"TransInfo\",\"url\":\"https:\/\/transinfo.pl\/x\/\",\"logo\":{\"@type\":\"ImageObject\",\"inLanguage\":\"pl-PL\",\"@id\":\"https:\/\/transinfo.pl\/x\/#\/schema\/logo\/image\/\",\"url\":\"https:\/\/transinfo.pl\/x\/wp-content\/uploads\/2024\/10\/favicon.png\",\"contentUrl\":\"https:\/\/transinfo.pl\/x\/wp-content\/uploads\/2024\/10\/favicon.png\",\"width\":512,\"height\":512,\"caption\":\"TransInfo\"},\"image\":{\"@id\":\"https:\/\/transinfo.pl\/x\/#\/schema\/logo\/image\/\"}}]}<\/script>\n<!-- \/ Yoast SEO Premium plugin. -->","yoast_head_json":{"title":"Pierwszy egzemplarz Airbusa A321XLR wykona\u0142 sw\u00f3j pierwszy lot - TransInfo Archiwum","description":"Samolot o numerze MSN 11000 wystartowa\u0142 z lotniska Hamburg-Finkenwerder 15 czerwca oko\u0142o godz. 11 do lotu testowego","robots":{"index":"index","follow":"follow","max-snippet":"max-snippet:-1","max-image-preview":"max-image-preview:large","max-video-preview":"max-video-preview:-1"},"canonical":"https:\/\/transinfo.pl\/x\/infoair\/pierwszy-egzemplarz-airbusa-a321xlr-wykonal-swoj-pierwszy-lot\/","og_locale":"pl_PL","og_type":"article","og_title":"Pierwszy egzemplarz Airbusa A321XLR wykona\u0142 sw\u00f3j pierwszy lot","og_description":"Samolot o numerze MSN 11000 wystartowa\u0142 z lotniska Hamburg-Finkenwerder 15 czerwca oko\u0142o godz. 11 do lotu testowego","og_url":"https:\/\/transinfo.pl\/x\/infoair\/pierwszy-egzemplarz-airbusa-a321xlr-wykonal-swoj-pierwszy-lot\/","og_site_name":"TransInfo Archiwum","og_image":[{"url":"https:\/\/transinfo.pl\/x\/wp-content\/uploads\/2022\/06\/airbus-ac-1446-02-a321xlr-first-flight.jpg","width":1,"height":1,"type":"image\/jpeg"}],"twitter_card":"summary_large_image","twitter_misc":{"Szacowany czas czytania":"2 minuty"},"schema":{"@context":"https:\/\/schema.org","@graph":[{"@type":"WebPage","@id":"https:\/\/transinfo.pl\/x\/infoair\/pierwszy-egzemplarz-airbusa-a321xlr-wykonal-swoj-pierwszy-lot\/","url":"https:\/\/transinfo.pl\/x\/infoair\/pierwszy-egzemplarz-airbusa-a321xlr-wykonal-swoj-pierwszy-lot\/","name":"Pierwszy egzemplarz Airbusa A321XLR wykona\u0142 sw\u00f3j pierwszy lot - TransInfo Archiwum","isPartOf":{"@id":"https:\/\/transinfo.pl\/x\/#website"},"primaryImageOfPage":{"@id":"https:\/\/transinfo.pl\/x\/infoair\/pierwszy-egzemplarz-airbusa-a321xlr-wykonal-swoj-pierwszy-lot\/#primaryimage"},"image":{"@id":"https:\/\/transinfo.pl\/x\/infoair\/pierwszy-egzemplarz-airbusa-a321xlr-wykonal-swoj-pierwszy-lot\/#primaryimage"},"thumbnailUrl":"https:\/\/transinfo.pl\/x\/wp-content\/uploads\/2022\/06\/airbus-ac-1446-02-a321xlr-first-flight.jpg","datePublished":"2022-06-21T15:00:00+00:00","dateModified":"2022-06-21T15:00:00+00:00","description":"Samolot o numerze MSN 11000 wystartowa\u0142 z lotniska Hamburg-Finkenwerder 15 czerwca oko\u0142o godz. 11 do lotu testowego","breadcrumb":{"@id":"https:\/\/transinfo.pl\/x\/infoair\/pierwszy-egzemplarz-airbusa-a321xlr-wykonal-swoj-pierwszy-lot\/#breadcrumb"},"inLanguage":"pl-PL","potentialAction":[{"@type":"ReadAction","target":["https:\/\/transinfo.pl\/x\/infoair\/pierwszy-egzemplarz-airbusa-a321xlr-wykonal-swoj-pierwszy-lot\/"]}]},{"@type":"ImageObject","inLanguage":"pl-PL","@id":"https:\/\/transinfo.pl\/x\/infoair\/pierwszy-egzemplarz-airbusa-a321xlr-wykonal-swoj-pierwszy-lot\/#primaryimage","url":"https:\/\/transinfo.pl\/x\/wp-content\/uploads\/2022\/06\/airbus-ac-1446-02-a321xlr-first-flight.jpg","contentUrl":"https:\/\/transinfo.pl\/x\/wp-content\/uploads\/2022\/06\/airbus-ac-1446-02-a321xlr-first-flight.jpg"},{"@type":"BreadcrumbList","@id":"https:\/\/transinfo.pl\/x\/infoair\/pierwszy-egzemplarz-airbusa-a321xlr-wykonal-swoj-pierwszy-lot\/#breadcrumb","itemListElement":[{"@type":"ListItem","position":1,"name":"Home","item":"https:\/\/transinfo.pl\/x\/"},{"@type":"ListItem","position":2,"name":"Infoair","item":"https:\/\/transinfo.pl\/x\/infoair\/"},{"@type":"ListItem","position":3,"name":"Pierwszy egzemplarz Airbusa A321XLR wykona\u0142 sw\u00f3j pierwszy lot"}]},{"@type":"WebSite","@id":"https:\/\/transinfo.pl\/x\/#website","url":"https:\/\/transinfo.pl\/x\/","name":"TransInfo Archiwum","description":"Ca\u0142y transport w jednym miejscu","publisher":{"@id":"https:\/\/transinfo.pl\/x\/#organization"},"potentialAction":[{"@type":"SearchAction","target":{"@type":"EntryPoint","urlTemplate":"https:\/\/transinfo.pl\/x\/?s={search_term_string}"},"query-input":{"@type":"PropertyValueSpecification","valueRequired":true,"valueName":"search_term_string"}}],"inLanguage":"pl-PL"},{"@type":"Organization","@id":"https:\/\/transinfo.pl\/x\/#organization","name":"TransInfo","url":"https:\/\/transinfo.pl\/x\/","logo":{"@type":"ImageObject","inLanguage":"pl-PL","@id":"https:\/\/transinfo.pl\/x\/#\/schema\/logo\/image\/","url":"https:\/\/transinfo.pl\/x\/wp-content\/uploads\/2024\/10\/favicon.png","contentUrl":"https:\/\/transinfo.pl\/x\/wp-content\/uploads\/2024\/10\/favicon.png","width":512,"height":512,"caption":"TransInfo"},"image":{"@id":"https:\/\/transinfo.pl\/x\/#\/schema\/logo\/image\/"}}]}},"_links":{"self":[{"href":"https:\/\/transinfo.pl\/x\/wp-json\/wp\/v2\/infoair\/242607","targetHints":{"allow":["GET"]}}],"collection":[{"href":"https:\/\/transinfo.pl\/x\/wp-json\/wp\/v2\/infoair"}],"about":[{"href":"https:\/\/transinfo.pl\/x\/wp-json\/wp\/v2\/types\/infoair"}],"author":[{"embeddable":true,"href":"https:\/\/transinfo.pl\/x\/wp-json\/wp\/v2\/users\/1"}],"replies":[{"embeddable":true,"href":"https:\/\/transinfo.pl\/x\/wp-json\/wp\/v2\/comments?post=242607"}],"wp:featuredmedia":[{"embeddable":true,"href":"https:\/\/transinfo.pl\/x\/wp-json\/wp\/v2\/media\/242608"}],"wp:attachment":[{"href":"https:\/\/transinfo.pl\/x\/wp-json\/wp\/v2\/media?parent=242607"}],"wp:term":[{"taxonomy":"category","embeddable":true,"href":"https:\/\/transinfo.pl\/x\/wp-json\/wp\/v2\/categories?post=242607"},{"taxonomy":"post_tag","embeddable":true,"href":"https:\/\/transinfo.pl\/x\/wp-json\/wp\/v2\/tags?post=242607"}],"curies":[{"name":"wp","href":"https:\/\/api.w.org\/{rel}","templated":true}]}}