{"id":240212,"date":"2022-04-08T11:00:00","date_gmt":"2022-04-08T11:00:00","guid":{"rendered":"https:\/\/transinfo.pl\/x\/infoair\/pierwszy-airbus-a320neo-odebrany-przez-linie-eurowings\/"},"modified":"2022-04-08T11:00:00","modified_gmt":"2022-04-08T11:00:00","slug":"pierwszy-airbus-a320neo-odebrany-przez-linie-eurowings","status":"publish","type":"infoair","link":"https:\/\/transinfo.pl\/x\/infoair\/pierwszy-airbus-a320neo-odebrany-przez-linie-eurowings\/","title":{"rendered":"Pierwszy Airbus A320neo odebrany przez linie Eurowings"},"content":{"rendered":"<style>h1,h2,h3,h4,h5,h6{margin:0 0 1.25rem;font-family:Arial,sans-serif;font-weight:600;color:#050505}h1{font-size:1.875rem;line-height:1.1em;text-transform:none}@media(min-width: 768px){h1{font-size:2.375rem}}h2{font-size:1.1875rem;line-height:1.2em;text-transform:uppercase}@media(min-width: 768px){h2{font-size:1.0625rem}}h3{font-size:0.9375rem;line-height:1.4em;font-weight:900;margin-bottom:0.9375rem}h4{font-size:0.875rem;line-height:1.2em;font-weight:500}h5{font-size:0.9375rem;line-height:1.6;font-weight:400}h6{font-size:0.9375rem;line-height:1.6;font-weight:600}\n<\/style>\n<h6 class=\"wp-block-heading\">Linie Eurowings odebra\u0142y pierwszy przeznaczony dla nich samolot Airbus A320neo, z kabin\u0105 pasa\u017cersk\u0105 wyposa\u017con\u0105 wed\u0142ug standardu Airspace. Eurowings jest od wielu lat u\u017cytkownikiem wy\u0142\u0105cznie Airbus\u00f3w, eksploatuj\u0105cym 75 maszyn rodziny A320.<\/h6>\n\n\n<style>p{margin:0 0 1.5rem}p:last-child{margin:0}p.is-style-uppercase{text-transform:uppercase}p.is-style-preheading{color:#12406a;text-transform:uppercase}p.is-style-leadparagraph{font-size:1rem;line-height:1.625;font-weight:700}@media(min-width: 768px){p.is-style-leadparagraph{font-size:1.125rem;line-height:1.5555555556}}p.has-small-margin{margin-bottom:0.625rem}p.has-small-margin+h1,p.has-small-margin+h2,p.has-small-margin+h3{margin-top:1.875rem}\n<\/style>\n<p>Podr\u00f3\u017cuj\u0105cy tym samolotem doceni\u0105 najszersz\u0105 kabin\u0119 w\u015br\u00f3d wszystkich w\u0105skokad\u0142ubowc\u00f3w, oferuj\u0105c\u0105 wy\u017cszy komfort lotu i dost\u0119p do nowych us\u0142ug pok\u0142adowych. Wyj\u0105tkowe,&nbsp; zmienne o\u015bwietlenie zapewnia przyjazn\u0105 atmosfer\u0119 we wszystkich fazach lotu.&nbsp;<\/p>\n\n\n\n<p>Klienci doceni\u0105 wyciszenie kabiny \u2013 najlepsze w tej klasie samolot\u00f3w. Schowki Airspace XL pomieszcz\u0105 o 60% wi\u0119cej baga\u017cu, za\u015b przeprojektowane panele \u015bcian bocznych maksymalizuj\u0105 przestrze\u0144 osobist\u0105. W standardzie Airspace uwzgl\u0119dniono ponadto higieniczn\u0105 przestrze\u0144 i antybakteryjne powierzchnie we wszystkich toaletach.<\/p>\n\n\n\n<p>Niezawodno\u015b\u0107 operacyjna A320neo wynosi 99,7%. A320neo zapewnia przewo\u017anikom zmniejszenie o 20% zu\u017cycia paliwa i emisji CO2 dzi\u0119ki najnowszym technologiom, takim jak silniki nowej generacji i ko\u0144c\u00f3wki skrzyde\u0142 &#8211; sharklety.&nbsp;<\/p>\n\n\n\n<p>Rodzina Airbus\u00f3w A320neo oferuje komfort podr\u00f3\u017cy we wszystkich klasach, a 18-calowe fotele Airbusa w klasie ekonomicznej montowane s\u0105 w nich w standardzie.<\/p>\n\n\n\n<p>Na koniec lutego 2022 r. ponad 125 klient\u00f3w z ca\u0142ego \u015bwiata zam\u00f3wi\u0142o prawie 7900 maszyn reprezentuj\u0105cych rodzin\u0119 A320neo.<\/p>\n","protected":false},"author":1,"featured_media":240213,"comment_status":"","ping_status":"closed","template":"","categories":[25,26],"tags":[4851,762,2755,3265,5606],"class_list":["post-240212","infoair","type-infoair","status-publish","has-post-thumbnail","hentry","category-producenci","category-przewoznicy","tag-a320neo","tag-airbus","tag-eurowings","tag-linie-lotnicze","tag-producent"],"acf":[],"yoast_head":"<!-- This site is optimized with the Yoast SEO Premium plugin v21.8 (Yoast SEO v23.7) - https:\/\/yoast.com\/wordpress\/plugins\/seo\/ -->\n<title>Pierwszy Airbus A320neo odebrany przez linie Eurowings - TransInfo Archiwum<\/title>\n<meta name=\"description\" content=\"Linie Eurowings odebra\u0142y pierwszy przeznaczony dla nich samolot Airbus A320neo, z kabin\u0105 pasa\u017cersk\u0105 wyposa\u017con\u0105 wed\u0142ug standardu Airspace.\" \/>\n<meta name=\"robots\" content=\"index, follow, max-snippet:-1, max-image-preview:large, max-video-preview:-1\" \/>\n<link rel=\"canonical\" href=\"https:\/\/transinfo.pl\/x\/infoair\/pierwszy-airbus-a320neo-odebrany-przez-linie-eurowings\/\" \/>\n<meta property=\"og:locale\" content=\"pl_PL\" \/>\n<meta property=\"og:type\" content=\"article\" \/>\n<meta property=\"og:title\" content=\"Pierwszy Airbus A320neo odebrany przez linie Eurowings\" \/>\n<meta property=\"og:description\" content=\"Linie Eurowings odebra\u0142y pierwszy przeznaczony dla nich samolot Airbus A320neo, z kabin\u0105 pasa\u017cersk\u0105 wyposa\u017con\u0105 wed\u0142ug standardu Airspace.\" \/>\n<meta property=\"og:url\" content=\"https:\/\/transinfo.pl\/x\/infoair\/pierwszy-airbus-a320neo-odebrany-przez-linie-eurowings\/\" \/>\n<meta property=\"og:site_name\" content=\"TransInfo Archiwum\" \/>\n<meta property=\"og:image\" content=\"https:\/\/transinfo.pl\/x\/wp-content\/uploads\/2022\/04\/Airbus-a320neo-eurowings.jpg\" \/>\n\t<meta property=\"og:image:width\" content=\"1\" \/>\n\t<meta property=\"og:image:height\" content=\"1\" \/>\n\t<meta property=\"og:image:type\" content=\"image\/jpeg\" \/>\n<meta name=\"twitter:card\" content=\"summary_large_image\" \/>\n<meta name=\"twitter:label1\" content=\"Szacowany czas czytania\" \/>\n\t<meta name=\"twitter:data1\" content=\"1 minuta\" \/>\n<script type=\"application\/ld+json\" class=\"yoast-schema-graph\">{\"@context\":\"https:\/\/schema.org\",\"@graph\":[{\"@type\":\"WebPage\",\"@id\":\"https:\/\/transinfo.pl\/x\/infoair\/pierwszy-airbus-a320neo-odebrany-przez-linie-eurowings\/\",\"url\":\"https:\/\/transinfo.pl\/x\/infoair\/pierwszy-airbus-a320neo-odebrany-przez-linie-eurowings\/\",\"name\":\"Pierwszy Airbus A320neo odebrany przez linie Eurowings - TransInfo Archiwum\",\"isPartOf\":{\"@id\":\"https:\/\/transinfo.pl\/x\/#website\"},\"primaryImageOfPage\":{\"@id\":\"https:\/\/transinfo.pl\/x\/infoair\/pierwszy-airbus-a320neo-odebrany-przez-linie-eurowings\/#primaryimage\"},\"image\":{\"@id\":\"https:\/\/transinfo.pl\/x\/infoair\/pierwszy-airbus-a320neo-odebrany-przez-linie-eurowings\/#primaryimage\"},\"thumbnailUrl\":\"https:\/\/transinfo.pl\/x\/wp-content\/uploads\/2022\/04\/Airbus-a320neo-eurowings.jpg\",\"datePublished\":\"2022-04-08T11:00:00+00:00\",\"dateModified\":\"2022-04-08T11:00:00+00:00\",\"description\":\"Linie Eurowings odebra\u0142y pierwszy przeznaczony dla nich samolot Airbus A320neo, z kabin\u0105 pasa\u017cersk\u0105 wyposa\u017con\u0105 wed\u0142ug standardu Airspace.\",\"breadcrumb\":{\"@id\":\"https:\/\/transinfo.pl\/x\/infoair\/pierwszy-airbus-a320neo-odebrany-przez-linie-eurowings\/#breadcrumb\"},\"inLanguage\":\"pl-PL\",\"potentialAction\":[{\"@type\":\"ReadAction\",\"target\":[\"https:\/\/transinfo.pl\/x\/infoair\/pierwszy-airbus-a320neo-odebrany-przez-linie-eurowings\/\"]}]},{\"@type\":\"ImageObject\",\"inLanguage\":\"pl-PL\",\"@id\":\"https:\/\/transinfo.pl\/x\/infoair\/pierwszy-airbus-a320neo-odebrany-przez-linie-eurowings\/#primaryimage\",\"url\":\"https:\/\/transinfo.pl\/x\/wp-content\/uploads\/2022\/04\/Airbus-a320neo-eurowings.jpg\",\"contentUrl\":\"https:\/\/transinfo.pl\/x\/wp-content\/uploads\/2022\/04\/Airbus-a320neo-eurowings.jpg\"},{\"@type\":\"BreadcrumbList\",\"@id\":\"https:\/\/transinfo.pl\/x\/infoair\/pierwszy-airbus-a320neo-odebrany-przez-linie-eurowings\/#breadcrumb\",\"itemListElement\":[{\"@type\":\"ListItem\",\"position\":1,\"name\":\"Home\",\"item\":\"https:\/\/transinfo.pl\/x\/\"},{\"@type\":\"ListItem\",\"position\":2,\"name\":\"Infoair\",\"item\":\"https:\/\/transinfo.pl\/x\/infoair\/\"},{\"@type\":\"ListItem\",\"position\":3,\"name\":\"Pierwszy Airbus A320neo odebrany przez linie Eurowings\"}]},{\"@type\":\"WebSite\",\"@id\":\"https:\/\/transinfo.pl\/x\/#website\",\"url\":\"https:\/\/transinfo.pl\/x\/\",\"name\":\"TransInfo Archiwum\",\"description\":\"Ca\u0142y transport w jednym miejscu\",\"publisher\":{\"@id\":\"https:\/\/transinfo.pl\/x\/#organization\"},\"potentialAction\":[{\"@type\":\"SearchAction\",\"target\":{\"@type\":\"EntryPoint\",\"urlTemplate\":\"https:\/\/transinfo.pl\/x\/?s={search_term_string}\"},\"query-input\":{\"@type\":\"PropertyValueSpecification\",\"valueRequired\":true,\"valueName\":\"search_term_string\"}}],\"inLanguage\":\"pl-PL\"},{\"@type\":\"Organization\",\"@id\":\"https:\/\/transinfo.pl\/x\/#organization\",\"name\":\"TransInfo\",\"url\":\"https:\/\/transinfo.pl\/x\/\",\"logo\":{\"@type\":\"ImageObject\",\"inLanguage\":\"pl-PL\",\"@id\":\"https:\/\/transinfo.pl\/x\/#\/schema\/logo\/image\/\",\"url\":\"https:\/\/transinfo.pl\/x\/wp-content\/uploads\/2024\/10\/favicon.png\",\"contentUrl\":\"https:\/\/transinfo.pl\/x\/wp-content\/uploads\/2024\/10\/favicon.png\",\"width\":512,\"height\":512,\"caption\":\"TransInfo\"},\"image\":{\"@id\":\"https:\/\/transinfo.pl\/x\/#\/schema\/logo\/image\/\"}}]}<\/script>\n<!-- \/ Yoast SEO Premium plugin. -->","yoast_head_json":{"title":"Pierwszy Airbus A320neo odebrany przez linie Eurowings - TransInfo Archiwum","description":"Linie Eurowings odebra\u0142y pierwszy przeznaczony dla nich samolot Airbus A320neo, z kabin\u0105 pasa\u017cersk\u0105 wyposa\u017con\u0105 wed\u0142ug standardu Airspace.","robots":{"index":"index","follow":"follow","max-snippet":"max-snippet:-1","max-image-preview":"max-image-preview:large","max-video-preview":"max-video-preview:-1"},"canonical":"https:\/\/transinfo.pl\/x\/infoair\/pierwszy-airbus-a320neo-odebrany-przez-linie-eurowings\/","og_locale":"pl_PL","og_type":"article","og_title":"Pierwszy Airbus A320neo odebrany przez linie Eurowings","og_description":"Linie Eurowings odebra\u0142y pierwszy przeznaczony dla nich samolot Airbus A320neo, z kabin\u0105 pasa\u017cersk\u0105 wyposa\u017con\u0105 wed\u0142ug standardu Airspace.","og_url":"https:\/\/transinfo.pl\/x\/infoair\/pierwszy-airbus-a320neo-odebrany-przez-linie-eurowings\/","og_site_name":"TransInfo Archiwum","og_image":[{"url":"https:\/\/transinfo.pl\/x\/wp-content\/uploads\/2022\/04\/Airbus-a320neo-eurowings.jpg","width":1,"height":1,"type":"image\/jpeg"}],"twitter_card":"summary_large_image","twitter_misc":{"Szacowany czas czytania":"1 minuta"},"schema":{"@context":"https:\/\/schema.org","@graph":[{"@type":"WebPage","@id":"https:\/\/transinfo.pl\/x\/infoair\/pierwszy-airbus-a320neo-odebrany-przez-linie-eurowings\/","url":"https:\/\/transinfo.pl\/x\/infoair\/pierwszy-airbus-a320neo-odebrany-przez-linie-eurowings\/","name":"Pierwszy Airbus A320neo odebrany przez linie Eurowings - TransInfo Archiwum","isPartOf":{"@id":"https:\/\/transinfo.pl\/x\/#website"},"primaryImageOfPage":{"@id":"https:\/\/transinfo.pl\/x\/infoair\/pierwszy-airbus-a320neo-odebrany-przez-linie-eurowings\/#primaryimage"},"image":{"@id":"https:\/\/transinfo.pl\/x\/infoair\/pierwszy-airbus-a320neo-odebrany-przez-linie-eurowings\/#primaryimage"},"thumbnailUrl":"https:\/\/transinfo.pl\/x\/wp-content\/uploads\/2022\/04\/Airbus-a320neo-eurowings.jpg","datePublished":"2022-04-08T11:00:00+00:00","dateModified":"2022-04-08T11:00:00+00:00","description":"Linie Eurowings odebra\u0142y pierwszy przeznaczony dla nich samolot Airbus A320neo, z kabin\u0105 pasa\u017cersk\u0105 wyposa\u017con\u0105 wed\u0142ug standardu Airspace.","breadcrumb":{"@id":"https:\/\/transinfo.pl\/x\/infoair\/pierwszy-airbus-a320neo-odebrany-przez-linie-eurowings\/#breadcrumb"},"inLanguage":"pl-PL","potentialAction":[{"@type":"ReadAction","target":["https:\/\/transinfo.pl\/x\/infoair\/pierwszy-airbus-a320neo-odebrany-przez-linie-eurowings\/"]}]},{"@type":"ImageObject","inLanguage":"pl-PL","@id":"https:\/\/transinfo.pl\/x\/infoair\/pierwszy-airbus-a320neo-odebrany-przez-linie-eurowings\/#primaryimage","url":"https:\/\/transinfo.pl\/x\/wp-content\/uploads\/2022\/04\/Airbus-a320neo-eurowings.jpg","contentUrl":"https:\/\/transinfo.pl\/x\/wp-content\/uploads\/2022\/04\/Airbus-a320neo-eurowings.jpg"},{"@type":"BreadcrumbList","@id":"https:\/\/transinfo.pl\/x\/infoair\/pierwszy-airbus-a320neo-odebrany-przez-linie-eurowings\/#breadcrumb","itemListElement":[{"@type":"ListItem","position":1,"name":"Home","item":"https:\/\/transinfo.pl\/x\/"},{"@type":"ListItem","position":2,"name":"Infoair","item":"https:\/\/transinfo.pl\/x\/infoair\/"},{"@type":"ListItem","position":3,"name":"Pierwszy Airbus A320neo odebrany przez linie Eurowings"}]},{"@type":"WebSite","@id":"https:\/\/transinfo.pl\/x\/#website","url":"https:\/\/transinfo.pl\/x\/","name":"TransInfo Archiwum","description":"Ca\u0142y transport w jednym miejscu","publisher":{"@id":"https:\/\/transinfo.pl\/x\/#organization"},"potentialAction":[{"@type":"SearchAction","target":{"@type":"EntryPoint","urlTemplate":"https:\/\/transinfo.pl\/x\/?s={search_term_string}"},"query-input":{"@type":"PropertyValueSpecification","valueRequired":true,"valueName":"search_term_string"}}],"inLanguage":"pl-PL"},{"@type":"Organization","@id":"https:\/\/transinfo.pl\/x\/#organization","name":"TransInfo","url":"https:\/\/transinfo.pl\/x\/","logo":{"@type":"ImageObject","inLanguage":"pl-PL","@id":"https:\/\/transinfo.pl\/x\/#\/schema\/logo\/image\/","url":"https:\/\/transinfo.pl\/x\/wp-content\/uploads\/2024\/10\/favicon.png","contentUrl":"https:\/\/transinfo.pl\/x\/wp-content\/uploads\/2024\/10\/favicon.png","width":512,"height":512,"caption":"TransInfo"},"image":{"@id":"https:\/\/transinfo.pl\/x\/#\/schema\/logo\/image\/"}}]}},"_links":{"self":[{"href":"https:\/\/transinfo.pl\/x\/wp-json\/wp\/v2\/infoair\/240212","targetHints":{"allow":["GET"]}}],"collection":[{"href":"https:\/\/transinfo.pl\/x\/wp-json\/wp\/v2\/infoair"}],"about":[{"href":"https:\/\/transinfo.pl\/x\/wp-json\/wp\/v2\/types\/infoair"}],"author":[{"embeddable":true,"href":"https:\/\/transinfo.pl\/x\/wp-json\/wp\/v2\/users\/1"}],"replies":[{"embeddable":true,"href":"https:\/\/transinfo.pl\/x\/wp-json\/wp\/v2\/comments?post=240212"}],"wp:featuredmedia":[{"embeddable":true,"href":"https:\/\/transinfo.pl\/x\/wp-json\/wp\/v2\/media\/240213"}],"wp:attachment":[{"href":"https:\/\/transinfo.pl\/x\/wp-json\/wp\/v2\/media?parent=240212"}],"wp:term":[{"taxonomy":"category","embeddable":true,"href":"https:\/\/transinfo.pl\/x\/wp-json\/wp\/v2\/categories?post=240212"},{"taxonomy":"post_tag","embeddable":true,"href":"https:\/\/transinfo.pl\/x\/wp-json\/wp\/v2\/tags?post=240212"}],"curies":[{"name":"wp","href":"https:\/\/api.w.org\/{rel}","templated":true}]}}