{"id":238844,"date":"2022-03-04T08:30:00","date_gmt":"2022-03-04T08:30:00","guid":{"rendered":"https:\/\/transinfo.pl\/x\/infoair\/embraer-nie-bedzie-obslugiwal-samolotow-rosyjskich-przewoznikow\/"},"modified":"2022-03-04T08:30:00","modified_gmt":"2022-03-04T08:30:00","slug":"embraer-nie-bedzie-obslugiwal-samolotow-rosyjskich-przewoznikow","status":"publish","type":"infoair","link":"https:\/\/transinfo.pl\/x\/infoair\/embraer-nie-bedzie-obslugiwal-samolotow-rosyjskich-przewoznikow\/","title":{"rendered":"Embraer nie b\u0119dzie obs\u0142ugiwa\u0142 samolot\u00f3w rosyjskich przewo\u017anik\u00f3w"},"content":{"rendered":"<style>h1,h2,h3,h4,h5,h6{margin:0 0 1.25rem;font-family:Arial,sans-serif;font-weight:600;color:#050505}h1{font-size:1.875rem;line-height:1.1em;text-transform:none}@media(min-width: 768px){h1{font-size:2.375rem}}h2{font-size:1.1875rem;line-height:1.2em;text-transform:uppercase}@media(min-width: 768px){h2{font-size:1.0625rem}}h3{font-size:0.9375rem;line-height:1.4em;font-weight:900;margin-bottom:0.9375rem}h4{font-size:0.875rem;line-height:1.2em;font-weight:500}h5{font-size:0.9375rem;line-height:1.6;font-weight:400}h6{font-size:0.9375rem;line-height:1.6;font-weight:600}\n<\/style>\n<h6 class=\"wp-block-heading\">Po Boeingu i Airbusie r\u00f3wnie\u017c Embraer, trzeci najwi\u0119kszy producent samolot\u00f3w na \u015bwiecie, przestanie obs\u0142ugiwa\u0107 maszyny wykorzystywane przez rosyjskich przewo\u017anik\u00f3w.<\/h6>\n\n\n<style>p{margin:0 0 1.5rem}p:last-child{margin:0}p.is-style-uppercase{text-transform:uppercase}p.is-style-preheading{color:#12406a;text-transform:uppercase}p.is-style-leadparagraph{font-size:1rem;line-height:1.625;font-weight:700}@media(min-width: 768px){p.is-style-leadparagraph{font-size:1.125rem;line-height:1.5555555556}}p.has-small-margin{margin-bottom:0.625rem}p.has-small-margin+h1,p.has-small-margin+h2,p.has-small-margin+h3{margin-top:1.875rem}\n<\/style>\n<p>Embraer, brazylijski producent samolot\u00f3w, zadeklarowa\u0142, \u017ce przestanie dostarcza\u0107 cz\u0119\u015bci zamienne i obs\u0142ugiwa\u0107 statki powietrzne rosyjskich linii lotniczych.&nbsp;<\/p>\n\n\n\n<p>&nbsp;Embraer, kt\u00f3ry wsp\u00f3\u0142pracuje z S7 Airlines, drugim co do wielko\u015bci przewo\u017anikiem w Federacji Rosyjskiej, zawiesza eksport cz\u0119\u015bci z obawy o utrat\u0119 przychod\u00f3w. Rosyjski przewo\u017anik aktualnie posiada 17 embraer\u00f3w E170, na pok\u0142ad kt\u00f3rych mo\u017ce wej\u015b\u0107 78 os\u00f3b.<\/p>\n\n\n\n<p>W swoim o\u015bwiadczeniu Embraer stwierdzi\u0142, \u017ce stale monitoruje rozw\u00f3j sytuacji, ale zamierza przestrzega\u0107 mi\u0119dzynarodowych sankcji na\u0142o\u017conych na Rosj\u0119 i niekt\u00f3re regiony Ukrainy, a decyzja o wstrzymania wsparcia zosta\u0142a podj\u0119ta ze skutkiem natychmiastowym.<\/p>\n\n\n\n<p>&nbsp;Brazylijski producent jest obecny na rynku rosyjskim od 2012 r., kiedy uzyska\u0142 zgod\u0119 od w\u0142adz w Moskwie na wykonywanie operacji w obszarze powietrznym Federacji.<\/p>\n\n\n\n<p>Decyzja Embraera spowodowana sankcjami na\u0142o\u017conymi na Rosj\u0119 po jej agresji na Ukrain\u0119 stawia Brazylijczyk\u00f3w w trudnym po\u0142o\u017ceniu. Rynek rosyjski mia\u0142 by\u0107 dla firmy z S\u00e3o Jos\u00e9 dos Campos potencjalnym \u017ar\u00f3d\u0142em zam\u00f3wie\u0144 na samoloty E190 i E195, kt\u00f3rymi straci\u0142o zainteresowanie wiele linii lotniczych w innych cz\u0119\u015bciach \u015bwiata.<\/p>\n","protected":false},"author":1,"featured_media":238845,"comment_status":"","ping_status":"closed","template":"","categories":[25,27],"tags":[551,2451,522,211],"class_list":["post-238844","infoair","type-infoair","status-publish","has-post-thumbnail","hentry","category-producenci","category-wydarzenia","tag-bezpieczenstwo","tag-embraer","tag-rosja","tag-ukraina"],"acf":[],"yoast_head":"<!-- This site is optimized with the Yoast SEO Premium plugin v21.8 (Yoast SEO v23.7) - https:\/\/yoast.com\/wordpress\/plugins\/seo\/ -->\n<title>Embraer nie b\u0119dzie obs\u0142ugiwa\u0142 samolot\u00f3w rosyjskich przewo\u017anik\u00f3w - TransInfo Archiwum<\/title>\n<meta name=\"description\" content=\"Po Boeingu i Airbusie r\u00f3wnie\u017c Embraer przestanie obs\u0142ugiwa\u0107 maszyny wykorzystywane przez rosyjskich przewo\u017anik\u00f3w.\" \/>\n<meta name=\"robots\" content=\"index, follow, max-snippet:-1, max-image-preview:large, max-video-preview:-1\" \/>\n<link rel=\"canonical\" href=\"https:\/\/transinfo.pl\/x\/infoair\/embraer-nie-bedzie-obslugiwal-samolotow-rosyjskich-przewoznikow\/\" \/>\n<meta property=\"og:locale\" content=\"pl_PL\" \/>\n<meta property=\"og:type\" content=\"article\" \/>\n<meta property=\"og:title\" content=\"Embraer nie b\u0119dzie obs\u0142ugiwa\u0142 samolot\u00f3w rosyjskich przewo\u017anik\u00f3w\" \/>\n<meta property=\"og:description\" content=\"Po Boeingu i Airbusie r\u00f3wnie\u017c Embraer przestanie obs\u0142ugiwa\u0107 maszyny wykorzystywane przez rosyjskich przewo\u017anik\u00f3w.\" \/>\n<meta property=\"og:url\" content=\"https:\/\/transinfo.pl\/x\/infoair\/embraer-nie-bedzie-obslugiwal-samolotow-rosyjskich-przewoznikow\/\" \/>\n<meta property=\"og:site_name\" content=\"TransInfo Archiwum\" \/>\n<meta property=\"og:image\" content=\"https:\/\/transinfo.pl\/x\/wp-content\/uploads\/2022\/03\/S7_Airlines_Embraer_ERJ-170SU.jpg\" \/>\n\t<meta property=\"og:image:width\" content=\"1\" \/>\n\t<meta property=\"og:image:height\" content=\"1\" \/>\n\t<meta property=\"og:image:type\" content=\"image\/jpeg\" \/>\n<meta name=\"twitter:card\" content=\"summary_large_image\" \/>\n<meta name=\"twitter:label1\" content=\"Szacowany czas czytania\" \/>\n\t<meta name=\"twitter:data1\" content=\"1 minuta\" \/>\n<script type=\"application\/ld+json\" class=\"yoast-schema-graph\">{\"@context\":\"https:\/\/schema.org\",\"@graph\":[{\"@type\":\"WebPage\",\"@id\":\"https:\/\/transinfo.pl\/x\/infoair\/embraer-nie-bedzie-obslugiwal-samolotow-rosyjskich-przewoznikow\/\",\"url\":\"https:\/\/transinfo.pl\/x\/infoair\/embraer-nie-bedzie-obslugiwal-samolotow-rosyjskich-przewoznikow\/\",\"name\":\"Embraer nie b\u0119dzie obs\u0142ugiwa\u0142 samolot\u00f3w rosyjskich przewo\u017anik\u00f3w - TransInfo Archiwum\",\"isPartOf\":{\"@id\":\"https:\/\/transinfo.pl\/x\/#website\"},\"primaryImageOfPage\":{\"@id\":\"https:\/\/transinfo.pl\/x\/infoair\/embraer-nie-bedzie-obslugiwal-samolotow-rosyjskich-przewoznikow\/#primaryimage\"},\"image\":{\"@id\":\"https:\/\/transinfo.pl\/x\/infoair\/embraer-nie-bedzie-obslugiwal-samolotow-rosyjskich-przewoznikow\/#primaryimage\"},\"thumbnailUrl\":\"https:\/\/transinfo.pl\/x\/wp-content\/uploads\/2022\/03\/S7_Airlines_Embraer_ERJ-170SU.jpg\",\"datePublished\":\"2022-03-04T08:30:00+00:00\",\"dateModified\":\"2022-03-04T08:30:00+00:00\",\"description\":\"Po Boeingu i Airbusie r\u00f3wnie\u017c Embraer przestanie obs\u0142ugiwa\u0107 maszyny wykorzystywane przez rosyjskich przewo\u017anik\u00f3w.\",\"breadcrumb\":{\"@id\":\"https:\/\/transinfo.pl\/x\/infoair\/embraer-nie-bedzie-obslugiwal-samolotow-rosyjskich-przewoznikow\/#breadcrumb\"},\"inLanguage\":\"pl-PL\",\"potentialAction\":[{\"@type\":\"ReadAction\",\"target\":[\"https:\/\/transinfo.pl\/x\/infoair\/embraer-nie-bedzie-obslugiwal-samolotow-rosyjskich-przewoznikow\/\"]}]},{\"@type\":\"ImageObject\",\"inLanguage\":\"pl-PL\",\"@id\":\"https:\/\/transinfo.pl\/x\/infoair\/embraer-nie-bedzie-obslugiwal-samolotow-rosyjskich-przewoznikow\/#primaryimage\",\"url\":\"https:\/\/transinfo.pl\/x\/wp-content\/uploads\/2022\/03\/S7_Airlines_Embraer_ERJ-170SU.jpg\",\"contentUrl\":\"https:\/\/transinfo.pl\/x\/wp-content\/uploads\/2022\/03\/S7_Airlines_Embraer_ERJ-170SU.jpg\"},{\"@type\":\"BreadcrumbList\",\"@id\":\"https:\/\/transinfo.pl\/x\/infoair\/embraer-nie-bedzie-obslugiwal-samolotow-rosyjskich-przewoznikow\/#breadcrumb\",\"itemListElement\":[{\"@type\":\"ListItem\",\"position\":1,\"name\":\"Home\",\"item\":\"https:\/\/transinfo.pl\/x\/\"},{\"@type\":\"ListItem\",\"position\":2,\"name\":\"Infoair\",\"item\":\"https:\/\/transinfo.pl\/x\/infoair\/\"},{\"@type\":\"ListItem\",\"position\":3,\"name\":\"Embraer nie b\u0119dzie obs\u0142ugiwa\u0142 samolot\u00f3w rosyjskich przewo\u017anik\u00f3w\"}]},{\"@type\":\"WebSite\",\"@id\":\"https:\/\/transinfo.pl\/x\/#website\",\"url\":\"https:\/\/transinfo.pl\/x\/\",\"name\":\"TransInfo Archiwum\",\"description\":\"Ca\u0142y transport w jednym miejscu\",\"publisher\":{\"@id\":\"https:\/\/transinfo.pl\/x\/#organization\"},\"potentialAction\":[{\"@type\":\"SearchAction\",\"target\":{\"@type\":\"EntryPoint\",\"urlTemplate\":\"https:\/\/transinfo.pl\/x\/?s={search_term_string}\"},\"query-input\":{\"@type\":\"PropertyValueSpecification\",\"valueRequired\":true,\"valueName\":\"search_term_string\"}}],\"inLanguage\":\"pl-PL\"},{\"@type\":\"Organization\",\"@id\":\"https:\/\/transinfo.pl\/x\/#organization\",\"name\":\"TransInfo\",\"url\":\"https:\/\/transinfo.pl\/x\/\",\"logo\":{\"@type\":\"ImageObject\",\"inLanguage\":\"pl-PL\",\"@id\":\"https:\/\/transinfo.pl\/x\/#\/schema\/logo\/image\/\",\"url\":\"https:\/\/transinfo.pl\/x\/wp-content\/uploads\/2024\/10\/favicon.png\",\"contentUrl\":\"https:\/\/transinfo.pl\/x\/wp-content\/uploads\/2024\/10\/favicon.png\",\"width\":512,\"height\":512,\"caption\":\"TransInfo\"},\"image\":{\"@id\":\"https:\/\/transinfo.pl\/x\/#\/schema\/logo\/image\/\"}}]}<\/script>\n<!-- \/ Yoast SEO Premium plugin. -->","yoast_head_json":{"title":"Embraer nie b\u0119dzie obs\u0142ugiwa\u0142 samolot\u00f3w rosyjskich przewo\u017anik\u00f3w - TransInfo Archiwum","description":"Po Boeingu i Airbusie r\u00f3wnie\u017c Embraer przestanie obs\u0142ugiwa\u0107 maszyny wykorzystywane przez rosyjskich przewo\u017anik\u00f3w.","robots":{"index":"index","follow":"follow","max-snippet":"max-snippet:-1","max-image-preview":"max-image-preview:large","max-video-preview":"max-video-preview:-1"},"canonical":"https:\/\/transinfo.pl\/x\/infoair\/embraer-nie-bedzie-obslugiwal-samolotow-rosyjskich-przewoznikow\/","og_locale":"pl_PL","og_type":"article","og_title":"Embraer nie b\u0119dzie obs\u0142ugiwa\u0142 samolot\u00f3w rosyjskich przewo\u017anik\u00f3w","og_description":"Po Boeingu i Airbusie r\u00f3wnie\u017c Embraer przestanie obs\u0142ugiwa\u0107 maszyny wykorzystywane przez rosyjskich przewo\u017anik\u00f3w.","og_url":"https:\/\/transinfo.pl\/x\/infoair\/embraer-nie-bedzie-obslugiwal-samolotow-rosyjskich-przewoznikow\/","og_site_name":"TransInfo Archiwum","og_image":[{"url":"https:\/\/transinfo.pl\/x\/wp-content\/uploads\/2022\/03\/S7_Airlines_Embraer_ERJ-170SU.jpg","width":1,"height":1,"type":"image\/jpeg"}],"twitter_card":"summary_large_image","twitter_misc":{"Szacowany czas czytania":"1 minuta"},"schema":{"@context":"https:\/\/schema.org","@graph":[{"@type":"WebPage","@id":"https:\/\/transinfo.pl\/x\/infoair\/embraer-nie-bedzie-obslugiwal-samolotow-rosyjskich-przewoznikow\/","url":"https:\/\/transinfo.pl\/x\/infoair\/embraer-nie-bedzie-obslugiwal-samolotow-rosyjskich-przewoznikow\/","name":"Embraer nie b\u0119dzie obs\u0142ugiwa\u0142 samolot\u00f3w rosyjskich przewo\u017anik\u00f3w - TransInfo Archiwum","isPartOf":{"@id":"https:\/\/transinfo.pl\/x\/#website"},"primaryImageOfPage":{"@id":"https:\/\/transinfo.pl\/x\/infoair\/embraer-nie-bedzie-obslugiwal-samolotow-rosyjskich-przewoznikow\/#primaryimage"},"image":{"@id":"https:\/\/transinfo.pl\/x\/infoair\/embraer-nie-bedzie-obslugiwal-samolotow-rosyjskich-przewoznikow\/#primaryimage"},"thumbnailUrl":"https:\/\/transinfo.pl\/x\/wp-content\/uploads\/2022\/03\/S7_Airlines_Embraer_ERJ-170SU.jpg","datePublished":"2022-03-04T08:30:00+00:00","dateModified":"2022-03-04T08:30:00+00:00","description":"Po Boeingu i Airbusie r\u00f3wnie\u017c Embraer przestanie obs\u0142ugiwa\u0107 maszyny wykorzystywane przez rosyjskich przewo\u017anik\u00f3w.","breadcrumb":{"@id":"https:\/\/transinfo.pl\/x\/infoair\/embraer-nie-bedzie-obslugiwal-samolotow-rosyjskich-przewoznikow\/#breadcrumb"},"inLanguage":"pl-PL","potentialAction":[{"@type":"ReadAction","target":["https:\/\/transinfo.pl\/x\/infoair\/embraer-nie-bedzie-obslugiwal-samolotow-rosyjskich-przewoznikow\/"]}]},{"@type":"ImageObject","inLanguage":"pl-PL","@id":"https:\/\/transinfo.pl\/x\/infoair\/embraer-nie-bedzie-obslugiwal-samolotow-rosyjskich-przewoznikow\/#primaryimage","url":"https:\/\/transinfo.pl\/x\/wp-content\/uploads\/2022\/03\/S7_Airlines_Embraer_ERJ-170SU.jpg","contentUrl":"https:\/\/transinfo.pl\/x\/wp-content\/uploads\/2022\/03\/S7_Airlines_Embraer_ERJ-170SU.jpg"},{"@type":"BreadcrumbList","@id":"https:\/\/transinfo.pl\/x\/infoair\/embraer-nie-bedzie-obslugiwal-samolotow-rosyjskich-przewoznikow\/#breadcrumb","itemListElement":[{"@type":"ListItem","position":1,"name":"Home","item":"https:\/\/transinfo.pl\/x\/"},{"@type":"ListItem","position":2,"name":"Infoair","item":"https:\/\/transinfo.pl\/x\/infoair\/"},{"@type":"ListItem","position":3,"name":"Embraer nie b\u0119dzie obs\u0142ugiwa\u0142 samolot\u00f3w rosyjskich przewo\u017anik\u00f3w"}]},{"@type":"WebSite","@id":"https:\/\/transinfo.pl\/x\/#website","url":"https:\/\/transinfo.pl\/x\/","name":"TransInfo Archiwum","description":"Ca\u0142y transport w jednym miejscu","publisher":{"@id":"https:\/\/transinfo.pl\/x\/#organization"},"potentialAction":[{"@type":"SearchAction","target":{"@type":"EntryPoint","urlTemplate":"https:\/\/transinfo.pl\/x\/?s={search_term_string}"},"query-input":{"@type":"PropertyValueSpecification","valueRequired":true,"valueName":"search_term_string"}}],"inLanguage":"pl-PL"},{"@type":"Organization","@id":"https:\/\/transinfo.pl\/x\/#organization","name":"TransInfo","url":"https:\/\/transinfo.pl\/x\/","logo":{"@type":"ImageObject","inLanguage":"pl-PL","@id":"https:\/\/transinfo.pl\/x\/#\/schema\/logo\/image\/","url":"https:\/\/transinfo.pl\/x\/wp-content\/uploads\/2024\/10\/favicon.png","contentUrl":"https:\/\/transinfo.pl\/x\/wp-content\/uploads\/2024\/10\/favicon.png","width":512,"height":512,"caption":"TransInfo"},"image":{"@id":"https:\/\/transinfo.pl\/x\/#\/schema\/logo\/image\/"}}]}},"_links":{"self":[{"href":"https:\/\/transinfo.pl\/x\/wp-json\/wp\/v2\/infoair\/238844","targetHints":{"allow":["GET"]}}],"collection":[{"href":"https:\/\/transinfo.pl\/x\/wp-json\/wp\/v2\/infoair"}],"about":[{"href":"https:\/\/transinfo.pl\/x\/wp-json\/wp\/v2\/types\/infoair"}],"author":[{"embeddable":true,"href":"https:\/\/transinfo.pl\/x\/wp-json\/wp\/v2\/users\/1"}],"replies":[{"embeddable":true,"href":"https:\/\/transinfo.pl\/x\/wp-json\/wp\/v2\/comments?post=238844"}],"wp:featuredmedia":[{"embeddable":true,"href":"https:\/\/transinfo.pl\/x\/wp-json\/wp\/v2\/media\/238845"}],"wp:attachment":[{"href":"https:\/\/transinfo.pl\/x\/wp-json\/wp\/v2\/media?parent=238844"}],"wp:term":[{"taxonomy":"category","embeddable":true,"href":"https:\/\/transinfo.pl\/x\/wp-json\/wp\/v2\/categories?post=238844"},{"taxonomy":"post_tag","embeddable":true,"href":"https:\/\/transinfo.pl\/x\/wp-json\/wp\/v2\/tags?post=238844"}],"curies":[{"name":"wp","href":"https:\/\/api.w.org\/{rel}","templated":true}]}}