{"id":236478,"date":"2022-01-14T08:30:00","date_gmt":"2022-01-14T08:30:00","guid":{"rendered":"https:\/\/transinfo.pl\/x\/infoair\/jest-nowelizacja-ustawy-o-przetwarzaniu-danych-dot-przelotu-pasazera\/"},"modified":"2022-01-14T08:30:00","modified_gmt":"2022-01-14T08:30:00","slug":"jest-nowelizacja-ustawy-o-przetwarzaniu-danych-dot-przelotu-pasazera","status":"publish","type":"infoair","link":"https:\/\/transinfo.pl\/x\/infoair\/jest-nowelizacja-ustawy-o-przetwarzaniu-danych-dot-przelotu-pasazera\/","title":{"rendered":"Jest nowelizacja ustawy o przetwarzaniu danych dot. przelotu pasa\u017cera"},"content":{"rendered":"<style>h1,h2,h3,h4,h5,h6{margin:0 0 1.25rem;font-family:Arial,sans-serif;font-weight:600;color:#050505}h1{font-size:1.875rem;line-height:1.1em;text-transform:none}@media(min-width: 768px){h1{font-size:2.375rem}}h2{font-size:1.1875rem;line-height:1.2em;text-transform:uppercase}@media(min-width: 768px){h2{font-size:1.0625rem}}h3{font-size:0.9375rem;line-height:1.4em;font-weight:900;margin-bottom:0.9375rem}h4{font-size:0.875rem;line-height:1.2em;font-weight:500}h5{font-size:0.9375rem;line-height:1.6;font-weight:400}h6{font-size:0.9375rem;line-height:1.6;font-weight:600}\n<\/style>\n<h6 class=\"wp-block-heading\">Sejm uchwali\u0142 w czwartek nowelizacj\u0119 ustawy, kt\u00f3ra umo\u017cliwia roz\u0142o\u017cenie w czasie nak\u0142adania kar na przewo\u017anik\u00f3w za naruszenie ustawy o przetwarzaniu danych dotycz\u0105cych przelotu pasa\u017cera. Wiceszef MSWiA Bartosz Grodecki podkre\u015bla\u0142, \u017ce projekt przed\u0142u\u017cy termin wszcz\u0119cia post\u0119powa\u0144 o dwa lata.<\/h6>\n\n\n<style>p{margin:0 0 1.5rem}p:last-child{margin:0}p.is-style-uppercase{text-transform:uppercase}p.is-style-preheading{color:#12406a;text-transform:uppercase}p.is-style-leadparagraph{font-size:1rem;line-height:1.625;font-weight:700}@media(min-width: 768px){p.is-style-leadparagraph{font-size:1.125rem;line-height:1.5555555556}}p.has-small-margin{margin-bottom:0.625rem}p.has-small-margin+h1,p.has-small-margin+h2,p.has-small-margin+h3{margin-top:1.875rem}\n<\/style>\n<p>Za przyj\u0119ciem nowelizacji g\u0142osowa\u0142o 223 pos\u0142\u00f3w, 213 by\u0142o przeciw, a sze\u015bciu wstrzyma\u0142o si\u0119 od g\u0142osu.<\/p>\n\n\n\n<p>Wcze\u015bniej pos\u0142owie odrzucili poprawki zg\u0142oszone przez pos\u0142\u00f3w opozycji, kt\u00f3re zak\u0142ada\u0142y m.in., \u017ce komendant SG m\u00f3g\u0142by, ale nie musia\u0142by nak\u0142ada\u0107 kar finansowych na przewo\u017anik\u00f3w lotniczych za naruszenie ustawy o przetwarzaniu danych dotycz\u0105cych przelotu pasa\u017cera.<\/p>\n\n\n\n<p>Rz\u0105dowy projekt nowelizacji ustawy o przetwarzaniu danych dotycz\u0105cych przelotu pasa\u017cera wed\u0142ug MSWiA ma pom\u00f3c liniom lotniczym, bo roz\u0142o\u017cy w czasie procedur\u0119 nak\u0142adania na nie kar finansowych za naruszenie obowi\u0105zku przekazywania danych dotycz\u0105cych przelotu pasa\u017cera.<\/p>\n\n\n\n<p>Wiceszef MSWiA Bartosz Grodecki na posiedzeniu sejmowej komisji administracji i spraw wewn\u0119trznych podkre\u015bla\u0142, \u017ce projekt przed\u0142u\u017cy termin wszcz\u0119cia post\u0119powa\u0144 w tej sprawie o dwa lata. Przedstawiciele bran\u017cy zaznaczali jednak, \u017ce wyd\u0142u\u017cy to r\u00f3wnie\u017c okres przedawnienia prowadzonych post\u0119powa\u0144.<\/p>\n\n\n\n<p>Podczas drugiego czytania na sali plenarnej projekt krytykowali r\u00f3wnie\u017c pos\u0142owie opozycji, kt\u00f3rzy opowiadali si\u0119 m.in. za abolicj\u0105 lub pozostawieniem przepis\u00f3w w obecnym kszta\u0142cie.<\/p>\n\n\n\n<p>W odpowiedzi wiceszef MSWiA Bartosz Grodecki wskazywa\u0142, \u017ce do anulowania kar potrzebne jest stanowisko Komisji Europejskiej m\u00f3wi\u0105ce o tym, czy anulowanie na tym etapie kar za naruszenia z przesz\u0142o\u015bci nie stanowi\u0142oby naruszenia dyrektywy.<\/p>\n\n\n\n<p>&#8222;Je\u017celi tej ustawy nie wdro\u017cymy, nie przed\u0142u\u017cymy tego terminu, to komendant g\u0142\u00f3wny b\u0119dzie musia\u0142 wyda\u0107 te decyzje i on te kary na\u0142o\u017cy, bo nie b\u0119dzie mia\u0142 wyj\u015bcia. Bo przez niena\u0142o\u017cenie tych kar narazi si\u0119 na konsekwencje prawne wynikaj\u0105ce z Kodeksu karnego&#8221; &#8211; m\u00f3wi\u0142 wiceszef MSWiA.<\/p>\n\n\n\n<p>Projekt wr\u00f3ci\u0142 do komisji, kt\u00f3ra rozpatrzy\u0142a zg\u0142oszone do niego poprawki. W czwartek b\u0119dzie g\u0142osowany.<\/p>\n\n\n\n<p>Ustaw\u0119 okre\u015blaj\u0105c\u0105 zasady i warunki przekazywania przez linie lotnicze danych dotycz\u0105cych przelotu pasa\u017cera (danych PNR \u2013 ang. passenger name record) przygotowa\u0142o Ministerstwo Spraw Wewn\u0119trznych i Administracji. Obowi\u0105zuje ona od maja 2018 roku. Regulacja implementowa\u0142a dyrektyw\u0119 Parlamentu Europejskiego i Rady UE z 2016 r. w sprawie wykorzystywania danych PNR w celu zapobiegania przest\u0119pstwom terrorystycznym i powa\u017cnej przest\u0119pczo\u015bci.<\/p>\n\n\n\n<p>Zgodnie z ustaw\u0105 przewo\u017anicy lotniczy musz\u0105 przekazywa\u0107 Stra\u017cy Granicznej dane dotycz\u0105ce przelotu pasa\u017cer\u00f3w korzystaj\u0105cych z ich linii. Chodzi m.in. o imiona i nazwiska pasa\u017cer\u00f3w, daty rezerwacji i trasy przelot\u00f3w. Rozpi\u0119to\u015b\u0107 kar gro\u017c\u0105cych za nieprzekazanie danych PNR za ka\u017cdy pojedynczy lot wynosi od 5 do 40 tys. z\u0142. Maksymalnie 20 tys. z\u0142 za list\u0119 rezerwacyjn\u0105 i kolejne 20 tys. za list\u0119 po odprawie.<\/p>\n\n\n\n<p>Od dnia wej\u015bcia w \u017cycie ustawy i przez pierwszy okres jej funkcjonowania, odnotowano 109 897 lot\u00f3w, w przypadku kt\u00f3rych obowi\u0105zek przekazania danych nie zosta\u0142 dope\u0142niony. Maksymalna warto\u015b\u0107 mo\u017cliwych kar za te naruszenia przekracza 4 mld z\u0142otych.<\/p>\n\n\n\n<p>Uchwalona w czwartek nowelizacja ustawy o przetwarzaniu danych PNR zmienia okres przedawnienia naruszenia obowi\u0105zku przekazywania przez przewo\u017anik\u00f3w lotniczych tych danych i, jak podkre\u015blali jego autorzy, daje mo\u017cliwo\u015b\u0107 roz\u0142o\u017cenia w d\u0142u\u017cszym czasie procedury nak\u0142adania za to kar.<\/p>\n\n\n\n<p>Nowela umo\u017cliwia r\u00f3wnie\u017c obj\u0119cie post\u0119powaniem wi\u0119cej ni\u017c jednego naruszenia i wydanie jednej decyzji w odniesieniu do wielu narusze\u0144. Wprowadza tak\u017ce mo\u017cliwo\u015b\u0107 nak\u0142adania administracyjnych kar pieni\u0119\u017cnych przez komendant\u00f3w oddzia\u0142\u00f3w Stra\u017cy Granicznej, a nie tylko komendanta g\u0142\u00f3wnego.(PAP)<\/p>\n","protected":false},"author":1,"featured_media":236479,"comment_status":"","ping_status":"closed","template":"","categories":[28,24],"tags":[9007,35,123,9008,338],"class_list":["post-236478","infoair","type-infoair","status-publish","has-post-thumbnail","hentry","category-pasazer","category-prawo","tag-dane-osobowe","tag-linie","tag-pasazer","tag-rodo","tag-ustawa"],"acf":[],"yoast_head":"<!-- This site is optimized with the Yoast SEO Premium plugin v21.8 (Yoast SEO v23.7) - https:\/\/yoast.com\/wordpress\/plugins\/seo\/ -->\n<title>Jest nowelizacja ustawy o przetwarzaniu danych dot. przelotu pasa\u017cera - TransInfo Archiwum<\/title>\n<meta name=\"description\" content=\"Zgodnie z ustaw\u0105 przewo\u017anicy lotniczy musz\u0105 przekazywa\u0107 Stra\u017cy Granicznej dane dotycz\u0105ce przelotu pasa\u017cer\u00f3w korzystaj\u0105cych z ich linii.\" \/>\n<meta name=\"robots\" content=\"index, follow, max-snippet:-1, max-image-preview:large, max-video-preview:-1\" \/>\n<link rel=\"canonical\" href=\"https:\/\/transinfo.pl\/x\/infoair\/jest-nowelizacja-ustawy-o-przetwarzaniu-danych-dot-przelotu-pasazera\/\" \/>\n<meta property=\"og:locale\" content=\"pl_PL\" \/>\n<meta property=\"og:type\" content=\"article\" \/>\n<meta property=\"og:title\" content=\"Jest nowelizacja ustawy o przetwarzaniu danych dot. przelotu pasa\u017cera\" \/>\n<meta property=\"og:description\" content=\"Zgodnie z ustaw\u0105 przewo\u017anicy lotniczy musz\u0105 przekazywa\u0107 Stra\u017cy Granicznej dane dotycz\u0105ce przelotu pasa\u017cer\u00f3w korzystaj\u0105cych z ich linii.\" \/>\n<meta property=\"og:url\" content=\"https:\/\/transinfo.pl\/x\/infoair\/jest-nowelizacja-ustawy-o-przetwarzaniu-danych-dot-przelotu-pasazera\/\" \/>\n<meta property=\"og:site_name\" content=\"TransInfo Archiwum\" \/>\n<meta property=\"og:image\" content=\"https:\/\/transinfo.pl\/x\/wp-content\/uploads\/2022\/01\/Lotnisko-zdjecie-ilustracyjne-scaled-2.jpg\" \/>\n\t<meta property=\"og:image:width\" content=\"1\" \/>\n\t<meta property=\"og:image:height\" content=\"1\" \/>\n\t<meta property=\"og:image:type\" content=\"image\/jpeg\" \/>\n<meta name=\"twitter:card\" content=\"summary_large_image\" \/>\n<meta name=\"twitter:label1\" content=\"Szacowany czas czytania\" \/>\n\t<meta name=\"twitter:data1\" content=\"3 minuty\" \/>\n<script type=\"application\/ld+json\" class=\"yoast-schema-graph\">{\"@context\":\"https:\/\/schema.org\",\"@graph\":[{\"@type\":\"WebPage\",\"@id\":\"https:\/\/transinfo.pl\/x\/infoair\/jest-nowelizacja-ustawy-o-przetwarzaniu-danych-dot-przelotu-pasazera\/\",\"url\":\"https:\/\/transinfo.pl\/x\/infoair\/jest-nowelizacja-ustawy-o-przetwarzaniu-danych-dot-przelotu-pasazera\/\",\"name\":\"Jest nowelizacja ustawy o przetwarzaniu danych dot. przelotu pasa\u017cera - TransInfo Archiwum\",\"isPartOf\":{\"@id\":\"https:\/\/transinfo.pl\/x\/#website\"},\"primaryImageOfPage\":{\"@id\":\"https:\/\/transinfo.pl\/x\/infoair\/jest-nowelizacja-ustawy-o-przetwarzaniu-danych-dot-przelotu-pasazera\/#primaryimage\"},\"image\":{\"@id\":\"https:\/\/transinfo.pl\/x\/infoair\/jest-nowelizacja-ustawy-o-przetwarzaniu-danych-dot-przelotu-pasazera\/#primaryimage\"},\"thumbnailUrl\":\"https:\/\/transinfo.pl\/x\/wp-content\/uploads\/2022\/01\/Lotnisko-zdjecie-ilustracyjne-scaled-2.jpg\",\"datePublished\":\"2022-01-14T08:30:00+00:00\",\"dateModified\":\"2022-01-14T08:30:00+00:00\",\"description\":\"Zgodnie z ustaw\u0105 przewo\u017anicy lotniczy musz\u0105 przekazywa\u0107 Stra\u017cy Granicznej dane dotycz\u0105ce przelotu pasa\u017cer\u00f3w korzystaj\u0105cych z ich linii.\",\"breadcrumb\":{\"@id\":\"https:\/\/transinfo.pl\/x\/infoair\/jest-nowelizacja-ustawy-o-przetwarzaniu-danych-dot-przelotu-pasazera\/#breadcrumb\"},\"inLanguage\":\"pl-PL\",\"potentialAction\":[{\"@type\":\"ReadAction\",\"target\":[\"https:\/\/transinfo.pl\/x\/infoair\/jest-nowelizacja-ustawy-o-przetwarzaniu-danych-dot-przelotu-pasazera\/\"]}]},{\"@type\":\"ImageObject\",\"inLanguage\":\"pl-PL\",\"@id\":\"https:\/\/transinfo.pl\/x\/infoair\/jest-nowelizacja-ustawy-o-przetwarzaniu-danych-dot-przelotu-pasazera\/#primaryimage\",\"url\":\"https:\/\/transinfo.pl\/x\/wp-content\/uploads\/2022\/01\/Lotnisko-zdjecie-ilustracyjne-scaled-2.jpg\",\"contentUrl\":\"https:\/\/transinfo.pl\/x\/wp-content\/uploads\/2022\/01\/Lotnisko-zdjecie-ilustracyjne-scaled-2.jpg\"},{\"@type\":\"BreadcrumbList\",\"@id\":\"https:\/\/transinfo.pl\/x\/infoair\/jest-nowelizacja-ustawy-o-przetwarzaniu-danych-dot-przelotu-pasazera\/#breadcrumb\",\"itemListElement\":[{\"@type\":\"ListItem\",\"position\":1,\"name\":\"Home\",\"item\":\"https:\/\/transinfo.pl\/x\/\"},{\"@type\":\"ListItem\",\"position\":2,\"name\":\"Infoair\",\"item\":\"https:\/\/transinfo.pl\/x\/infoair\/\"},{\"@type\":\"ListItem\",\"position\":3,\"name\":\"Jest nowelizacja ustawy o przetwarzaniu danych dot. przelotu pasa\u017cera\"}]},{\"@type\":\"WebSite\",\"@id\":\"https:\/\/transinfo.pl\/x\/#website\",\"url\":\"https:\/\/transinfo.pl\/x\/\",\"name\":\"TransInfo Archiwum\",\"description\":\"Ca\u0142y transport w jednym miejscu\",\"publisher\":{\"@id\":\"https:\/\/transinfo.pl\/x\/#organization\"},\"potentialAction\":[{\"@type\":\"SearchAction\",\"target\":{\"@type\":\"EntryPoint\",\"urlTemplate\":\"https:\/\/transinfo.pl\/x\/?s={search_term_string}\"},\"query-input\":{\"@type\":\"PropertyValueSpecification\",\"valueRequired\":true,\"valueName\":\"search_term_string\"}}],\"inLanguage\":\"pl-PL\"},{\"@type\":\"Organization\",\"@id\":\"https:\/\/transinfo.pl\/x\/#organization\",\"name\":\"TransInfo\",\"url\":\"https:\/\/transinfo.pl\/x\/\",\"logo\":{\"@type\":\"ImageObject\",\"inLanguage\":\"pl-PL\",\"@id\":\"https:\/\/transinfo.pl\/x\/#\/schema\/logo\/image\/\",\"url\":\"https:\/\/transinfo.pl\/x\/wp-content\/uploads\/2024\/10\/favicon.png\",\"contentUrl\":\"https:\/\/transinfo.pl\/x\/wp-content\/uploads\/2024\/10\/favicon.png\",\"width\":512,\"height\":512,\"caption\":\"TransInfo\"},\"image\":{\"@id\":\"https:\/\/transinfo.pl\/x\/#\/schema\/logo\/image\/\"}}]}<\/script>\n<!-- \/ Yoast SEO Premium plugin. -->","yoast_head_json":{"title":"Jest nowelizacja ustawy o przetwarzaniu danych dot. przelotu pasa\u017cera - TransInfo Archiwum","description":"Zgodnie z ustaw\u0105 przewo\u017anicy lotniczy musz\u0105 przekazywa\u0107 Stra\u017cy Granicznej dane dotycz\u0105ce przelotu pasa\u017cer\u00f3w korzystaj\u0105cych z ich linii.","robots":{"index":"index","follow":"follow","max-snippet":"max-snippet:-1","max-image-preview":"max-image-preview:large","max-video-preview":"max-video-preview:-1"},"canonical":"https:\/\/transinfo.pl\/x\/infoair\/jest-nowelizacja-ustawy-o-przetwarzaniu-danych-dot-przelotu-pasazera\/","og_locale":"pl_PL","og_type":"article","og_title":"Jest nowelizacja ustawy o przetwarzaniu danych dot. przelotu pasa\u017cera","og_description":"Zgodnie z ustaw\u0105 przewo\u017anicy lotniczy musz\u0105 przekazywa\u0107 Stra\u017cy Granicznej dane dotycz\u0105ce przelotu pasa\u017cer\u00f3w korzystaj\u0105cych z ich linii.","og_url":"https:\/\/transinfo.pl\/x\/infoair\/jest-nowelizacja-ustawy-o-przetwarzaniu-danych-dot-przelotu-pasazera\/","og_site_name":"TransInfo Archiwum","og_image":[{"url":"https:\/\/transinfo.pl\/x\/wp-content\/uploads\/2022\/01\/Lotnisko-zdjecie-ilustracyjne-scaled-2.jpg","width":1,"height":1,"type":"image\/jpeg"}],"twitter_card":"summary_large_image","twitter_misc":{"Szacowany czas czytania":"3 minuty"},"schema":{"@context":"https:\/\/schema.org","@graph":[{"@type":"WebPage","@id":"https:\/\/transinfo.pl\/x\/infoair\/jest-nowelizacja-ustawy-o-przetwarzaniu-danych-dot-przelotu-pasazera\/","url":"https:\/\/transinfo.pl\/x\/infoair\/jest-nowelizacja-ustawy-o-przetwarzaniu-danych-dot-przelotu-pasazera\/","name":"Jest nowelizacja ustawy o przetwarzaniu danych dot. przelotu pasa\u017cera - TransInfo Archiwum","isPartOf":{"@id":"https:\/\/transinfo.pl\/x\/#website"},"primaryImageOfPage":{"@id":"https:\/\/transinfo.pl\/x\/infoair\/jest-nowelizacja-ustawy-o-przetwarzaniu-danych-dot-przelotu-pasazera\/#primaryimage"},"image":{"@id":"https:\/\/transinfo.pl\/x\/infoair\/jest-nowelizacja-ustawy-o-przetwarzaniu-danych-dot-przelotu-pasazera\/#primaryimage"},"thumbnailUrl":"https:\/\/transinfo.pl\/x\/wp-content\/uploads\/2022\/01\/Lotnisko-zdjecie-ilustracyjne-scaled-2.jpg","datePublished":"2022-01-14T08:30:00+00:00","dateModified":"2022-01-14T08:30:00+00:00","description":"Zgodnie z ustaw\u0105 przewo\u017anicy lotniczy musz\u0105 przekazywa\u0107 Stra\u017cy Granicznej dane dotycz\u0105ce przelotu pasa\u017cer\u00f3w korzystaj\u0105cych z ich linii.","breadcrumb":{"@id":"https:\/\/transinfo.pl\/x\/infoair\/jest-nowelizacja-ustawy-o-przetwarzaniu-danych-dot-przelotu-pasazera\/#breadcrumb"},"inLanguage":"pl-PL","potentialAction":[{"@type":"ReadAction","target":["https:\/\/transinfo.pl\/x\/infoair\/jest-nowelizacja-ustawy-o-przetwarzaniu-danych-dot-przelotu-pasazera\/"]}]},{"@type":"ImageObject","inLanguage":"pl-PL","@id":"https:\/\/transinfo.pl\/x\/infoair\/jest-nowelizacja-ustawy-o-przetwarzaniu-danych-dot-przelotu-pasazera\/#primaryimage","url":"https:\/\/transinfo.pl\/x\/wp-content\/uploads\/2022\/01\/Lotnisko-zdjecie-ilustracyjne-scaled-2.jpg","contentUrl":"https:\/\/transinfo.pl\/x\/wp-content\/uploads\/2022\/01\/Lotnisko-zdjecie-ilustracyjne-scaled-2.jpg"},{"@type":"BreadcrumbList","@id":"https:\/\/transinfo.pl\/x\/infoair\/jest-nowelizacja-ustawy-o-przetwarzaniu-danych-dot-przelotu-pasazera\/#breadcrumb","itemListElement":[{"@type":"ListItem","position":1,"name":"Home","item":"https:\/\/transinfo.pl\/x\/"},{"@type":"ListItem","position":2,"name":"Infoair","item":"https:\/\/transinfo.pl\/x\/infoair\/"},{"@type":"ListItem","position":3,"name":"Jest nowelizacja ustawy o przetwarzaniu danych dot. przelotu pasa\u017cera"}]},{"@type":"WebSite","@id":"https:\/\/transinfo.pl\/x\/#website","url":"https:\/\/transinfo.pl\/x\/","name":"TransInfo Archiwum","description":"Ca\u0142y transport w jednym miejscu","publisher":{"@id":"https:\/\/transinfo.pl\/x\/#organization"},"potentialAction":[{"@type":"SearchAction","target":{"@type":"EntryPoint","urlTemplate":"https:\/\/transinfo.pl\/x\/?s={search_term_string}"},"query-input":{"@type":"PropertyValueSpecification","valueRequired":true,"valueName":"search_term_string"}}],"inLanguage":"pl-PL"},{"@type":"Organization","@id":"https:\/\/transinfo.pl\/x\/#organization","name":"TransInfo","url":"https:\/\/transinfo.pl\/x\/","logo":{"@type":"ImageObject","inLanguage":"pl-PL","@id":"https:\/\/transinfo.pl\/x\/#\/schema\/logo\/image\/","url":"https:\/\/transinfo.pl\/x\/wp-content\/uploads\/2024\/10\/favicon.png","contentUrl":"https:\/\/transinfo.pl\/x\/wp-content\/uploads\/2024\/10\/favicon.png","width":512,"height":512,"caption":"TransInfo"},"image":{"@id":"https:\/\/transinfo.pl\/x\/#\/schema\/logo\/image\/"}}]}},"_links":{"self":[{"href":"https:\/\/transinfo.pl\/x\/wp-json\/wp\/v2\/infoair\/236478","targetHints":{"allow":["GET"]}}],"collection":[{"href":"https:\/\/transinfo.pl\/x\/wp-json\/wp\/v2\/infoair"}],"about":[{"href":"https:\/\/transinfo.pl\/x\/wp-json\/wp\/v2\/types\/infoair"}],"author":[{"embeddable":true,"href":"https:\/\/transinfo.pl\/x\/wp-json\/wp\/v2\/users\/1"}],"replies":[{"embeddable":true,"href":"https:\/\/transinfo.pl\/x\/wp-json\/wp\/v2\/comments?post=236478"}],"wp:featuredmedia":[{"embeddable":true,"href":"https:\/\/transinfo.pl\/x\/wp-json\/wp\/v2\/media\/236479"}],"wp:attachment":[{"href":"https:\/\/transinfo.pl\/x\/wp-json\/wp\/v2\/media?parent=236478"}],"wp:term":[{"taxonomy":"category","embeddable":true,"href":"https:\/\/transinfo.pl\/x\/wp-json\/wp\/v2\/categories?post=236478"},{"taxonomy":"post_tag","embeddable":true,"href":"https:\/\/transinfo.pl\/x\/wp-json\/wp\/v2\/tags?post=236478"}],"curies":[{"name":"wp","href":"https:\/\/api.w.org\/{rel}","templated":true}]}}