{"id":236367,"date":"2022-01-11T14:00:00","date_gmt":"2022-01-11T14:00:00","guid":{"rendered":"https:\/\/transinfo.pl\/x\/infoair\/klienci-grupy-air-france-klm-beda-partycypowac-w-kosztach-wdrazania-saf\/"},"modified":"2022-01-11T14:00:00","modified_gmt":"2022-01-11T14:00:00","slug":"klienci-grupy-air-france-klm-beda-partycypowac-w-kosztach-wdrazania-saf","status":"publish","type":"infoair","link":"https:\/\/transinfo.pl\/x\/infoair\/klienci-grupy-air-france-klm-beda-partycypowac-w-kosztach-wdrazania-saf\/","title":{"rendered":"Klienci grupy Air France-KLM b\u0119d\u0105 partycypowa\u0107 w kosztach wdra\u017cania SAF"},"content":{"rendered":"<style>h1,h2,h3,h4,h5,h6{margin:0 0 1.25rem;font-family:Arial,sans-serif;font-weight:600;color:#050505}h1{font-size:1.875rem;line-height:1.1em;text-transform:none}@media(min-width: 768px){h1{font-size:2.375rem}}h2{font-size:1.1875rem;line-height:1.2em;text-transform:uppercase}@media(min-width: 768px){h2{font-size:1.0625rem}}h3{font-size:0.9375rem;line-height:1.4em;font-weight:900;margin-bottom:0.9375rem}h4{font-size:0.875rem;line-height:1.2em;font-weight:500}h5{font-size:0.9375rem;line-height:1.6;font-weight:400}h6{font-size:0.9375rem;line-height:1.6;font-weight:600}\n<\/style>\n<h6 class=\"wp-block-heading\">Grupa Air France-KLM jest przekonana, \u017ce stosowanie zr\u00f3wnowa\u017conego paliwa lotniczego (SAF) ma kluczowe znaczenie w dekarbonizacji lotnictwa &#8211; brzmi pocz\u0105tek o\u015bwiadczenia przewo\u017anik\u00f3w dotycz\u0105cego strategii zwi\u0105zanej z wykorzystaniem SAF<\/h6>\n\n\n<style>p{margin:0 0 1.5rem}p:last-child{margin:0}p.is-style-uppercase{text-transform:uppercase}p.is-style-preheading{color:#12406a;text-transform:uppercase}p.is-style-leadparagraph{font-size:1rem;line-height:1.625;font-weight:700}@media(min-width: 768px){p.is-style-leadparagraph{font-size:1.125rem;line-height:1.5555555556}}p.has-small-margin{margin-bottom:0.625rem}p.has-small-margin+h1,p.has-small-margin+h2,p.has-small-margin+h3{margin-top:1.875rem}\n<\/style>\n<p>Jak czytamy w o\u015bwiadczeniu, te niekopalne paliwa produkowane s\u0105 obecnie ze zu\u017cytego oleju spo\u017cywczego lub odpad\u00f3w le\u015bnych i pochodz\u0105cych z rolnictwa. Ich wytwarzanie nie stanowi konkurencji dla przemys\u0142u spo\u017cywczego i nie zak\u0142\u00f3ca produkcji \u017cywno\u015bci.&nbsp;<\/p>\n\n\n\n<p>Zr\u00f3wnowa\u017cone paliwo lotnicze (SAF) mo\u017cna&nbsp; bezpiecznie i bez modyfikacji stosowa\u0107 w obecnie eksploatowanych samolotach. Poniewa\u017c SAF umo\u017cliwia redukcj\u0119 \u015bladu w\u0119glowego \u015brednio o 80 procent w ca\u0142ym cyklu \u017cycia, tote\u017c \u2013 obok modernizacji floty i ekopilota\u017cu &#8211; stanowi g\u0142\u00f3wny element strategii, istotny w osi\u0105gni\u0119ciu zerowej emisji netto do 2050 roku, zgodnie ze zobowi\u0105zaniami Grupy zatwierdzonymi przez SBTi.<\/p>\n\n\n\n<p>Grupa Air France-KLM jest jednym z pionier\u00f3w, kt\u00f3ry wykorzysta\u0142 SAF po raz pierwszy do lot\u00f3w komercyjnych ju\u017c w 2011 roku. Dzi\u015b Air France-KLM aktywnie wspiera tworzenie sektora produkuj\u0105cego SAF na skal\u0119 przemys\u0142ow\u0105, w szczeg\u00f3lno\u015bci w Europie, aby linie lotnicze mog\u0142y korzysta\u0107 z tych paliw w wystarczaj\u0105cych ilo\u015bciach i po cenie, pozwalaj\u0105cej na powszechne stosowanie. W przypadku braku produkcji na skal\u0119 przemys\u0142ow\u0105, koszty stosowania zr\u00f3wnowa\u017conych paliw lotniczych s\u0105 od czterech do o\u015bmiu razy wy\u017csze w por\u00f3wnaniu do kosztu paliw kopalnych.<\/p>\n\n\n\n<p>Air France-KLM zach\u0119ca wszystkich interesariuszy z bran\u017cy lotniczej, a tak\u017ce swoich klient\u00f3w do podj\u0119cia krok\u00f3w w celu jak najszybszego promowania wszystkich istniej\u0105cych sposob\u00f3w przyczyniaj\u0105cych si\u0119 do dekarbonizacji. Od 2022 r. Air France, KLM i Transavia zaczynaj\u0105 w\u0142\u0105cza\u0107 zr\u00f3wnowa\u017cone paliwo lotnicze, jako domieszk\u0119 do wszystkich swoich lot\u00f3w z Francji i Kr\u00f3lestwa Niderland\u00f3w.\u00a0<\/p>\n\n\n\n<p>Oznacza to, \u017ce od 0,5 do 1 procenta paliwa zu\u017cywanego rocznie zostanie zast\u0105pione przez SAF. W przysz\u0142o\u015bci, wraz z oczekiwanym wzrostem produkcji i wi\u0119ksz\u0105 dost\u0119pno\u015bci\u0105, udzia\u0142 SAF wykorzystywanego przez Grup\u0119 Air France-KLM b\u0119dzie si\u0119 zwi\u0119ksza\u0142, osi\u0105gaj\u0105c 5 procent w 2030 roku i do 63 procent w 2050 r.<\/p>\n\n\n\n<p>Od 10 stycznia 2022 r. klienci linii lotniczych nale\u017c\u0105cych do Grupy b\u0119d\u0105 partycypowa\u0107 w kosztach stopniowego wdra\u017cania zr\u00f3wnowa\u017conego paliwa lotniczego. Wysoko\u015b\u0107 wk\u0142adu b\u0119dzie zale\u017ce\u0107 od dystansu lotu i wybranej kabiny. W przypadku Air France i KLM op\u0142ata b\u0119dzie wynosi\u0107 od 1 do 4 euro od przelotu w kabinie ekonomicznej i od 1,5 do 12 euro w kabinie biznes, a wysoko\u015b\u0107 kwoty b\u0119dzie mo\u017cna sprawdzi\u0107 w szczeg\u00f3\u0142ach taryfy podczas rezerwacji biletu.\u00a0<\/p>\n\n\n\n<p>W przypadku Transavii op\u0142ata b\u0119dzie zintegrowana z sam\u0105 taryf\u0105. Ponadto od 13 stycznia 2022 r. klienci linii, kt\u00f3rzy chc\u0105 jeszcze bardziej zmniejszy\u0107 \u015blad w\u0119glowy ze swojej podr\u00f3\u017cy b\u0119d\u0105 mogli dobrowolnie zap\u0142aci\u0107 za dodatkow\u0105 ilo\u015b\u0107 SAF. Jeszcze w tym roku cz\u0142onkowie programu Flying Blue dla os\u00f3b cz\u0119sto podr\u00f3\u017cuj\u0105cych b\u0119d\u0105 r\u00f3wnie\u017c mogli kupowa\u0107 zr\u00f3wnowa\u017cone paliwo p\u0142ac\u0105c swoimi milami.<\/p>\n","protected":false},"author":1,"featured_media":236368,"comment_status":"","ping_status":"closed","template":"","categories":[1],"tags":[8810,5548,774,5550],"class_list":["post-236367","infoair","type-infoair","status-publish","has-post-thumbnail","hentry","category-kontrakty","tag-air-france-klm","tag-saf","tag-transavia","tag-zrownowazone-paliwo-lotnicze"],"acf":[],"yoast_head":"<!-- This site is optimized with the Yoast SEO Premium plugin v21.8 (Yoast SEO v23.7) - https:\/\/yoast.com\/wordpress\/plugins\/seo\/ -->\n<title>Klienci grupy Air France-KLM b\u0119d\u0105 partycypowa\u0107 w kosztach wdra\u017cania SAF - TransInfo Archiwum<\/title>\n<meta name=\"robots\" content=\"index, follow, max-snippet:-1, max-image-preview:large, max-video-preview:-1\" \/>\n<link rel=\"canonical\" href=\"https:\/\/transinfo.pl\/x\/infoair\/klienci-grupy-air-france-klm-beda-partycypowac-w-kosztach-wdrazania-saf\/\" \/>\n<meta property=\"og:locale\" content=\"pl_PL\" \/>\n<meta property=\"og:type\" content=\"article\" \/>\n<meta property=\"og:title\" content=\"Klienci grupy Air France-KLM b\u0119d\u0105 partycypowa\u0107 w kosztach wdra\u017cania SAF\" \/>\n<meta property=\"og:description\" content=\"Grupa Air France-KLM jest przekonana, \u017ce stosowanie zr\u00f3wnowa\u017conego paliwa lotniczego (SAF) ma kluczowe znaczenie...\" \/>\n<meta property=\"og:url\" content=\"https:\/\/transinfo.pl\/x\/infoair\/klienci-grupy-air-france-klm-beda-partycypowac-w-kosztach-wdrazania-saf\/\" \/>\n<meta property=\"og:site_name\" content=\"TransInfo Archiwum\" \/>\n<meta property=\"og:image\" content=\"http:\/\/default\" \/>\n<meta name=\"twitter:card\" content=\"summary_large_image\" \/>\n<meta name=\"twitter:label1\" content=\"Szacowany czas czytania\" \/>\n\t<meta name=\"twitter:data1\" content=\"3 minuty\" \/>\n<script type=\"application\/ld+json\" class=\"yoast-schema-graph\">{\"@context\":\"https:\/\/schema.org\",\"@graph\":[{\"@type\":\"WebPage\",\"@id\":\"https:\/\/transinfo.pl\/x\/infoair\/klienci-grupy-air-france-klm-beda-partycypowac-w-kosztach-wdrazania-saf\/\",\"url\":\"https:\/\/transinfo.pl\/x\/infoair\/klienci-grupy-air-france-klm-beda-partycypowac-w-kosztach-wdrazania-saf\/\",\"name\":\"Klienci grupy Air France-KLM b\u0119d\u0105 partycypowa\u0107 w kosztach wdra\u017cania SAF - TransInfo Archiwum\",\"isPartOf\":{\"@id\":\"https:\/\/transinfo.pl\/x\/#website\"},\"primaryImageOfPage\":{\"@id\":\"https:\/\/transinfo.pl\/x\/infoair\/klienci-grupy-air-france-klm-beda-partycypowac-w-kosztach-wdrazania-saf\/#primaryimage\"},\"image\":{\"@id\":\"https:\/\/transinfo.pl\/x\/infoair\/klienci-grupy-air-france-klm-beda-partycypowac-w-kosztach-wdrazania-saf\/#primaryimage\"},\"thumbnailUrl\":\"https:\/\/transinfo.pl\/x\/wp-content\/uploads\/2022\/01\/samoloty-Air-France-KLM.jpg\",\"datePublished\":\"2022-01-11T14:00:00+00:00\",\"dateModified\":\"2022-01-11T14:00:00+00:00\",\"breadcrumb\":{\"@id\":\"https:\/\/transinfo.pl\/x\/infoair\/klienci-grupy-air-france-klm-beda-partycypowac-w-kosztach-wdrazania-saf\/#breadcrumb\"},\"inLanguage\":\"pl-PL\",\"potentialAction\":[{\"@type\":\"ReadAction\",\"target\":[\"https:\/\/transinfo.pl\/x\/infoair\/klienci-grupy-air-france-klm-beda-partycypowac-w-kosztach-wdrazania-saf\/\"]}]},{\"@type\":\"ImageObject\",\"inLanguage\":\"pl-PL\",\"@id\":\"https:\/\/transinfo.pl\/x\/infoair\/klienci-grupy-air-france-klm-beda-partycypowac-w-kosztach-wdrazania-saf\/#primaryimage\",\"url\":\"https:\/\/transinfo.pl\/x\/wp-content\/uploads\/2022\/01\/samoloty-Air-France-KLM.jpg\",\"contentUrl\":\"https:\/\/transinfo.pl\/x\/wp-content\/uploads\/2022\/01\/samoloty-Air-France-KLM.jpg\"},{\"@type\":\"BreadcrumbList\",\"@id\":\"https:\/\/transinfo.pl\/x\/infoair\/klienci-grupy-air-france-klm-beda-partycypowac-w-kosztach-wdrazania-saf\/#breadcrumb\",\"itemListElement\":[{\"@type\":\"ListItem\",\"position\":1,\"name\":\"Home\",\"item\":\"https:\/\/transinfo.pl\/x\/\"},{\"@type\":\"ListItem\",\"position\":2,\"name\":\"Infoair\",\"item\":\"https:\/\/transinfo.pl\/x\/infoair\/\"},{\"@type\":\"ListItem\",\"position\":3,\"name\":\"Klienci grupy Air France-KLM b\u0119d\u0105 partycypowa\u0107 w kosztach wdra\u017cania SAF\"}]},{\"@type\":\"WebSite\",\"@id\":\"https:\/\/transinfo.pl\/x\/#website\",\"url\":\"https:\/\/transinfo.pl\/x\/\",\"name\":\"TransInfo Archiwum\",\"description\":\"Ca\u0142y transport w jednym miejscu\",\"publisher\":{\"@id\":\"https:\/\/transinfo.pl\/x\/#organization\"},\"potentialAction\":[{\"@type\":\"SearchAction\",\"target\":{\"@type\":\"EntryPoint\",\"urlTemplate\":\"https:\/\/transinfo.pl\/x\/?s={search_term_string}\"},\"query-input\":{\"@type\":\"PropertyValueSpecification\",\"valueRequired\":true,\"valueName\":\"search_term_string\"}}],\"inLanguage\":\"pl-PL\"},{\"@type\":\"Organization\",\"@id\":\"https:\/\/transinfo.pl\/x\/#organization\",\"name\":\"TransInfo\",\"url\":\"https:\/\/transinfo.pl\/x\/\",\"logo\":{\"@type\":\"ImageObject\",\"inLanguage\":\"pl-PL\",\"@id\":\"https:\/\/transinfo.pl\/x\/#\/schema\/logo\/image\/\",\"url\":\"https:\/\/transinfo.pl\/x\/wp-content\/uploads\/2024\/10\/favicon.png\",\"contentUrl\":\"https:\/\/transinfo.pl\/x\/wp-content\/uploads\/2024\/10\/favicon.png\",\"width\":512,\"height\":512,\"caption\":\"TransInfo\"},\"image\":{\"@id\":\"https:\/\/transinfo.pl\/x\/#\/schema\/logo\/image\/\"}}]}<\/script>\n<!-- \/ Yoast SEO Premium plugin. -->","yoast_head_json":{"title":"Klienci grupy Air France-KLM b\u0119d\u0105 partycypowa\u0107 w kosztach wdra\u017cania SAF - TransInfo Archiwum","robots":{"index":"index","follow":"follow","max-snippet":"max-snippet:-1","max-image-preview":"max-image-preview:large","max-video-preview":"max-video-preview:-1"},"canonical":"https:\/\/transinfo.pl\/x\/infoair\/klienci-grupy-air-france-klm-beda-partycypowac-w-kosztach-wdrazania-saf\/","og_locale":"pl_PL","og_type":"article","og_title":"Klienci grupy Air France-KLM b\u0119d\u0105 partycypowa\u0107 w kosztach wdra\u017cania SAF","og_description":"Grupa Air France-KLM jest przekonana, \u017ce stosowanie zr\u00f3wnowa\u017conego paliwa lotniczego (SAF) ma kluczowe znaczenie...","og_url":"https:\/\/transinfo.pl\/x\/infoair\/klienci-grupy-air-france-klm-beda-partycypowac-w-kosztach-wdrazania-saf\/","og_site_name":"TransInfo Archiwum","og_image":[{"url":"default"}],"twitter_card":"summary_large_image","twitter_misc":{"Szacowany czas czytania":"3 minuty"},"schema":{"@context":"https:\/\/schema.org","@graph":[{"@type":"WebPage","@id":"https:\/\/transinfo.pl\/x\/infoair\/klienci-grupy-air-france-klm-beda-partycypowac-w-kosztach-wdrazania-saf\/","url":"https:\/\/transinfo.pl\/x\/infoair\/klienci-grupy-air-france-klm-beda-partycypowac-w-kosztach-wdrazania-saf\/","name":"Klienci grupy Air France-KLM b\u0119d\u0105 partycypowa\u0107 w kosztach wdra\u017cania SAF - TransInfo Archiwum","isPartOf":{"@id":"https:\/\/transinfo.pl\/x\/#website"},"primaryImageOfPage":{"@id":"https:\/\/transinfo.pl\/x\/infoair\/klienci-grupy-air-france-klm-beda-partycypowac-w-kosztach-wdrazania-saf\/#primaryimage"},"image":{"@id":"https:\/\/transinfo.pl\/x\/infoair\/klienci-grupy-air-france-klm-beda-partycypowac-w-kosztach-wdrazania-saf\/#primaryimage"},"thumbnailUrl":"https:\/\/transinfo.pl\/x\/wp-content\/uploads\/2022\/01\/samoloty-Air-France-KLM.jpg","datePublished":"2022-01-11T14:00:00+00:00","dateModified":"2022-01-11T14:00:00+00:00","breadcrumb":{"@id":"https:\/\/transinfo.pl\/x\/infoair\/klienci-grupy-air-france-klm-beda-partycypowac-w-kosztach-wdrazania-saf\/#breadcrumb"},"inLanguage":"pl-PL","potentialAction":[{"@type":"ReadAction","target":["https:\/\/transinfo.pl\/x\/infoair\/klienci-grupy-air-france-klm-beda-partycypowac-w-kosztach-wdrazania-saf\/"]}]},{"@type":"ImageObject","inLanguage":"pl-PL","@id":"https:\/\/transinfo.pl\/x\/infoair\/klienci-grupy-air-france-klm-beda-partycypowac-w-kosztach-wdrazania-saf\/#primaryimage","url":"https:\/\/transinfo.pl\/x\/wp-content\/uploads\/2022\/01\/samoloty-Air-France-KLM.jpg","contentUrl":"https:\/\/transinfo.pl\/x\/wp-content\/uploads\/2022\/01\/samoloty-Air-France-KLM.jpg"},{"@type":"BreadcrumbList","@id":"https:\/\/transinfo.pl\/x\/infoair\/klienci-grupy-air-france-klm-beda-partycypowac-w-kosztach-wdrazania-saf\/#breadcrumb","itemListElement":[{"@type":"ListItem","position":1,"name":"Home","item":"https:\/\/transinfo.pl\/x\/"},{"@type":"ListItem","position":2,"name":"Infoair","item":"https:\/\/transinfo.pl\/x\/infoair\/"},{"@type":"ListItem","position":3,"name":"Klienci grupy Air France-KLM b\u0119d\u0105 partycypowa\u0107 w kosztach wdra\u017cania SAF"}]},{"@type":"WebSite","@id":"https:\/\/transinfo.pl\/x\/#website","url":"https:\/\/transinfo.pl\/x\/","name":"TransInfo Archiwum","description":"Ca\u0142y transport w jednym miejscu","publisher":{"@id":"https:\/\/transinfo.pl\/x\/#organization"},"potentialAction":[{"@type":"SearchAction","target":{"@type":"EntryPoint","urlTemplate":"https:\/\/transinfo.pl\/x\/?s={search_term_string}"},"query-input":{"@type":"PropertyValueSpecification","valueRequired":true,"valueName":"search_term_string"}}],"inLanguage":"pl-PL"},{"@type":"Organization","@id":"https:\/\/transinfo.pl\/x\/#organization","name":"TransInfo","url":"https:\/\/transinfo.pl\/x\/","logo":{"@type":"ImageObject","inLanguage":"pl-PL","@id":"https:\/\/transinfo.pl\/x\/#\/schema\/logo\/image\/","url":"https:\/\/transinfo.pl\/x\/wp-content\/uploads\/2024\/10\/favicon.png","contentUrl":"https:\/\/transinfo.pl\/x\/wp-content\/uploads\/2024\/10\/favicon.png","width":512,"height":512,"caption":"TransInfo"},"image":{"@id":"https:\/\/transinfo.pl\/x\/#\/schema\/logo\/image\/"}}]}},"_links":{"self":[{"href":"https:\/\/transinfo.pl\/x\/wp-json\/wp\/v2\/infoair\/236367","targetHints":{"allow":["GET"]}}],"collection":[{"href":"https:\/\/transinfo.pl\/x\/wp-json\/wp\/v2\/infoair"}],"about":[{"href":"https:\/\/transinfo.pl\/x\/wp-json\/wp\/v2\/types\/infoair"}],"author":[{"embeddable":true,"href":"https:\/\/transinfo.pl\/x\/wp-json\/wp\/v2\/users\/1"}],"replies":[{"embeddable":true,"href":"https:\/\/transinfo.pl\/x\/wp-json\/wp\/v2\/comments?post=236367"}],"wp:featuredmedia":[{"embeddable":true,"href":"https:\/\/transinfo.pl\/x\/wp-json\/wp\/v2\/media\/236368"}],"wp:attachment":[{"href":"https:\/\/transinfo.pl\/x\/wp-json\/wp\/v2\/media?parent=236367"}],"wp:term":[{"taxonomy":"category","embeddable":true,"href":"https:\/\/transinfo.pl\/x\/wp-json\/wp\/v2\/categories?post=236367"},{"taxonomy":"post_tag","embeddable":true,"href":"https:\/\/transinfo.pl\/x\/wp-json\/wp\/v2\/tags?post=236367"}],"curies":[{"name":"wp","href":"https:\/\/api.w.org\/{rel}","templated":true}]}}