{"id":235933,"date":"2021-12-30T10:00:00","date_gmt":"2021-12-30T10:00:00","guid":{"rendered":"https:\/\/transinfo.pl\/x\/infoair\/lotnisko-olsztyn-mazury-wlaczone-do-ten-t-nowe-mozliwosci-rozwoju\/"},"modified":"2021-12-30T10:00:00","modified_gmt":"2021-12-30T10:00:00","slug":"lotnisko-olsztyn-mazury-wlaczone-do-ten-t-nowe-mozliwosci-rozwoju","status":"publish","type":"infoair","link":"https:\/\/transinfo.pl\/x\/infoair\/lotnisko-olsztyn-mazury-wlaczone-do-ten-t-nowe-mozliwosci-rozwoju\/","title":{"rendered":"Lotnisko Olsztyn-Mazury w\u0142\u0105czone do TEN-T. Nowe mo\u017cliwo\u015bci rozwoju"},"content":{"rendered":"<style>h1,h2,h3,h4,h5,h6{margin:0 0 1.25rem;font-family:Arial,sans-serif;font-weight:600;color:#050505}h1{font-size:1.875rem;line-height:1.1em;text-transform:none}@media(min-width: 768px){h1{font-size:2.375rem}}h2{font-size:1.1875rem;line-height:1.2em;text-transform:uppercase}@media(min-width: 768px){h2{font-size:1.0625rem}}h3{font-size:0.9375rem;line-height:1.4em;font-weight:900;margin-bottom:0.9375rem}h4{font-size:0.875rem;line-height:1.2em;font-weight:500}h5{font-size:0.9375rem;line-height:1.6;font-weight:400}h6{font-size:0.9375rem;line-height:1.6;font-weight:600}\n<\/style>\n<h6 class=\"wp-block-heading\">Port Lotniczy Olsztyn-Mazury zosta\u0142 w\u0142\u0105czony do Transeuropejskiej Sieci Transportowej (TEN-T) &#8211; poda\u0142y w \u015brod\u0119 s\u0142u\u017cby prasowe lotniska. Otwiera to nowe mo\u017cliwo\u015bci finansowania rozwoju infrastruktury tego portu ze \u015brodk\u00f3w unijnych w latach 2021-2027.<\/h6>\n\n\n<style>p{margin:0 0 1.5rem}p:last-child{margin:0}p.is-style-uppercase{text-transform:uppercase}p.is-style-preheading{color:#12406a;text-transform:uppercase}p.is-style-leadparagraph{font-size:1rem;line-height:1.625;font-weight:700}@media(min-width: 768px){p.is-style-leadparagraph{font-size:1.125rem;line-height:1.5555555556}}p.has-small-margin{margin-bottom:0.625rem}p.has-small-margin+h1,p.has-small-margin+h2,p.has-small-margin+h3{margin-top:1.875rem}\n<\/style>\n<p>Regionalny port lotniczy w Szymanach znalaz\u0142 si\u0119 na opublikowanej w po\u0142owie grudnia przez Komisj\u0119 Europejsk\u0105 zaktualizowanej li\u015bcie strategicznych element\u00f3w infrastruktury transportowej Unii Europejskiej w ramach TEN-T.<\/p>\n\n\n\n<p>Transeuropejska Sie\u0107 Transportowa jest narz\u0119dziem s\u0142u\u017c\u0105cym koordynacji inwestycji infrastrukturalnych w Europie. W jej sk\u0142ad wchodz\u0105 m.in. szlaki drogowe, kolejowe, lotnicze, morskie i rzeczne stanowi\u0105ce najwa\u017cniejsze po\u0142\u0105czenia z punktu widzenia rozwoju UE, a tak\u017ce elementy infrastruktury w postaci port\u00f3w morskich, lotniczych, \u015br\u00f3dl\u0105dowych i terminali drogowo-kolejowych.<\/p>\n\n\n\n<p>Celem rozwoju sieci ma by\u0107 zapewnienie sp\u00f3jno\u015bci terytorialnej UE i dost\u0119pno\u015bci komunikacyjnej we wszystkich regionach, w tym stymulowanie wzrostu gospodarczego regionu, a tak\u017ce podnoszenie konkurencyjno\u015bci poszczeg\u00f3lnych pa\u0144stw cz\u0142onkowskich i ca\u0142ej UE.<\/p>\n\n\n<style>.wp-block-quote{border-left:0.1875rem solid var(--page-color);font-size:1rem;font-style:italic;margin:0 0 1.6875rem;padding:1.25rem}.wp-block-quote cite{color:#050505}.wp-block-quote.is-style-large p{margin-bottom:10px}.wp-block-quote.is-style-large cite{color:#12406a}\n<\/style>\n<blockquote class=\"wp-block-quote is-layout-flow wp-block-quote-is-layout-flow\"><p><em>Komisja Europejska dostrzeg\u0142a strategiczn\u0105 rol\u0119 Portu Lotniczego Olsztyn-Mazury w rozwoju sp\u00f3jnej i po\u0142\u0105czonej infrastruktury transportowej UE. Otwiera to nowe mo\u017cliwo\u015bci rozwoju zar\u00f3wno regionalnego lotniska, jak te\u017c ca\u0142ego regionu Warmii i Mazur &#8211; przekaza\u0142 rzecznik prasowy tego portu lotniczego Dariusz Naworski.<\/em><\/p><\/blockquote>\n\n\n\n<p>Jak zaznaczy\u0142, lotnisko w Szymanach zlokalizowane jest na rozwidleniu sieci bazowej TEN-T, tj. korytarzy: Morze P\u00f3\u0142nocne-Ba\u0142tyk oraz Ba\u0142tyk-Adriatyk i mo\u017ce odgrywa\u0107 rol\u0119 elementu spajaj\u0105cego i integruj\u0105cego oba korytarze sieci bazowej.<\/p>\n\n\n\n<p>Zdaniem marsza\u0142ka woj. warmi\u0144sko-mazurskiego Gustawa Marka Brzezina, obecno\u015b\u0107 w sieci TEN-T jest wa\u017cnym krokiem dla dalszego rozwoju regionalnego lotniska.<\/p>\n\n\n\n<blockquote class=\"wp-block-quote is-layout-flow wp-block-quote-is-layout-flow\"><p><em>W\u0142\u0105czenie portu do transeuropejskiej sieci to niebywa\u0142y sukces. Skutkowa\u0107 b\u0119dzie wymiernymi korzy\u015bciami, do kt\u00f3rych nale\u017cy m.in. szerszy dost\u0119p do \u015brodk\u00f3w unijnych w latach 2021-2027 &#8211; oceni\u0142 marsza\u0142ek.<\/em><\/p><\/blockquote>\n\n\n\n<p>Wed\u0142ug niego regionalny samorz\u0105d stara\u0142 si\u0119 o to od 2019 r., a starania wspiera\u0142o m.in. Ministerstwo Infrastruktury, Urz\u0105d Lotnictwa Cywilnego, Polska Agencji \u017beglugi Powietrznej, Ministerstwo Obrony Narodowej oraz przewo\u017anicy lotniczy i wiele innych instytucji.<\/p>\n\n\n\n<p>Regionalny port lotniczy w Szymanach ko\u0142o Szczytna dzia\u0142a od stycznia 2016 r. Jedynym udzia\u0142owcem sp\u00f3\u0142ki zarz\u0105dzaj\u0105cej lotniskiem jest samorz\u0105d wojew\u00f3dztwa warmi\u0144sko-mazurskiego. Rozbudowa dawnego powojskowego lotniska kosztowa\u0142a ok. 200 mln z\u0142 i by\u0142a wsp\u00f3\u0142finansowana ze \u015brodk\u00f3w UE.(PAP)<\/p>\n","protected":false},"author":1,"featured_media":235934,"comment_status":"","ping_status":"closed","template":"","categories":[1],"tags":[45,752,495],"class_list":["post-235933","infoair","type-infoair","status-publish","has-post-thumbnail","hentry","category-kontrakty","tag-lotnisko","tag-lotnisko-olsztyn","tag-ten-t"],"acf":[],"yoast_head":"<!-- This site is optimized with the Yoast SEO Premium plugin v21.8 (Yoast SEO v23.7) - https:\/\/yoast.com\/wordpress\/plugins\/seo\/ -->\n<title>Lotnisko Olsztyn-Mazury w\u0142\u0105czone do TEN-T. Nowe mo\u017cliwo\u015bci rozwoju - TransInfo Archiwum<\/title>\n<meta name=\"robots\" content=\"index, follow, max-snippet:-1, max-image-preview:large, max-video-preview:-1\" \/>\n<link rel=\"canonical\" href=\"https:\/\/transinfo.pl\/x\/infoair\/lotnisko-olsztyn-mazury-wlaczone-do-ten-t-nowe-mozliwosci-rozwoju\/\" \/>\n<meta property=\"og:locale\" content=\"pl_PL\" \/>\n<meta property=\"og:type\" content=\"article\" \/>\n<meta property=\"og:title\" content=\"Lotnisko Olsztyn-Mazury w\u0142\u0105czone do TEN-T. Nowe mo\u017cliwo\u015bci rozwoju\" \/>\n<meta property=\"og:description\" content=\"Port Lotniczy Olsztyn-Mazury zosta\u0142 w\u0142\u0105czony do Transeuropejskiej Sieci Transportowej (TEN-T) &#8211; poda\u0142y w \u015brod\u0119...\" \/>\n<meta property=\"og:url\" content=\"https:\/\/transinfo.pl\/x\/infoair\/lotnisko-olsztyn-mazury-wlaczone-do-ten-t-nowe-mozliwosci-rozwoju\/\" \/>\n<meta property=\"og:site_name\" content=\"TransInfo Archiwum\" \/>\n<meta property=\"og:image\" content=\"http:\/\/default\" \/>\n<meta name=\"twitter:card\" content=\"summary_large_image\" \/>\n<meta name=\"twitter:label1\" content=\"Szacowany czas czytania\" \/>\n\t<meta name=\"twitter:data1\" content=\"2 minuty\" \/>\n<script type=\"application\/ld+json\" class=\"yoast-schema-graph\">{\"@context\":\"https:\/\/schema.org\",\"@graph\":[{\"@type\":\"WebPage\",\"@id\":\"https:\/\/transinfo.pl\/x\/infoair\/lotnisko-olsztyn-mazury-wlaczone-do-ten-t-nowe-mozliwosci-rozwoju\/\",\"url\":\"https:\/\/transinfo.pl\/x\/infoair\/lotnisko-olsztyn-mazury-wlaczone-do-ten-t-nowe-mozliwosci-rozwoju\/\",\"name\":\"Lotnisko Olsztyn-Mazury w\u0142\u0105czone do TEN-T. Nowe mo\u017cliwo\u015bci rozwoju - TransInfo Archiwum\",\"isPartOf\":{\"@id\":\"https:\/\/transinfo.pl\/x\/#website\"},\"primaryImageOfPage\":{\"@id\":\"https:\/\/transinfo.pl\/x\/infoair\/lotnisko-olsztyn-mazury-wlaczone-do-ten-t-nowe-mozliwosci-rozwoju\/#primaryimage\"},\"image\":{\"@id\":\"https:\/\/transinfo.pl\/x\/infoair\/lotnisko-olsztyn-mazury-wlaczone-do-ten-t-nowe-mozliwosci-rozwoju\/#primaryimage\"},\"thumbnailUrl\":\"https:\/\/transinfo.pl\/x\/wp-content\/uploads\/2022\/01\/port-lotniczy-lotnisko-Olsztyn-Mazury.jpg\",\"datePublished\":\"2021-12-30T10:00:00+00:00\",\"dateModified\":\"2021-12-30T10:00:00+00:00\",\"breadcrumb\":{\"@id\":\"https:\/\/transinfo.pl\/x\/infoair\/lotnisko-olsztyn-mazury-wlaczone-do-ten-t-nowe-mozliwosci-rozwoju\/#breadcrumb\"},\"inLanguage\":\"pl-PL\",\"potentialAction\":[{\"@type\":\"ReadAction\",\"target\":[\"https:\/\/transinfo.pl\/x\/infoair\/lotnisko-olsztyn-mazury-wlaczone-do-ten-t-nowe-mozliwosci-rozwoju\/\"]}]},{\"@type\":\"ImageObject\",\"inLanguage\":\"pl-PL\",\"@id\":\"https:\/\/transinfo.pl\/x\/infoair\/lotnisko-olsztyn-mazury-wlaczone-do-ten-t-nowe-mozliwosci-rozwoju\/#primaryimage\",\"url\":\"https:\/\/transinfo.pl\/x\/wp-content\/uploads\/2022\/01\/port-lotniczy-lotnisko-Olsztyn-Mazury.jpg\",\"contentUrl\":\"https:\/\/transinfo.pl\/x\/wp-content\/uploads\/2022\/01\/port-lotniczy-lotnisko-Olsztyn-Mazury.jpg\"},{\"@type\":\"BreadcrumbList\",\"@id\":\"https:\/\/transinfo.pl\/x\/infoair\/lotnisko-olsztyn-mazury-wlaczone-do-ten-t-nowe-mozliwosci-rozwoju\/#breadcrumb\",\"itemListElement\":[{\"@type\":\"ListItem\",\"position\":1,\"name\":\"Home\",\"item\":\"https:\/\/transinfo.pl\/x\/\"},{\"@type\":\"ListItem\",\"position\":2,\"name\":\"Infoair\",\"item\":\"https:\/\/transinfo.pl\/x\/infoair\/\"},{\"@type\":\"ListItem\",\"position\":3,\"name\":\"Lotnisko Olsztyn-Mazury w\u0142\u0105czone do TEN-T. Nowe mo\u017cliwo\u015bci rozwoju\"}]},{\"@type\":\"WebSite\",\"@id\":\"https:\/\/transinfo.pl\/x\/#website\",\"url\":\"https:\/\/transinfo.pl\/x\/\",\"name\":\"TransInfo Archiwum\",\"description\":\"Ca\u0142y transport w jednym miejscu\",\"publisher\":{\"@id\":\"https:\/\/transinfo.pl\/x\/#organization\"},\"potentialAction\":[{\"@type\":\"SearchAction\",\"target\":{\"@type\":\"EntryPoint\",\"urlTemplate\":\"https:\/\/transinfo.pl\/x\/?s={search_term_string}\"},\"query-input\":{\"@type\":\"PropertyValueSpecification\",\"valueRequired\":true,\"valueName\":\"search_term_string\"}}],\"inLanguage\":\"pl-PL\"},{\"@type\":\"Organization\",\"@id\":\"https:\/\/transinfo.pl\/x\/#organization\",\"name\":\"TransInfo\",\"url\":\"https:\/\/transinfo.pl\/x\/\",\"logo\":{\"@type\":\"ImageObject\",\"inLanguage\":\"pl-PL\",\"@id\":\"https:\/\/transinfo.pl\/x\/#\/schema\/logo\/image\/\",\"url\":\"https:\/\/transinfo.pl\/x\/wp-content\/uploads\/2024\/10\/favicon.png\",\"contentUrl\":\"https:\/\/transinfo.pl\/x\/wp-content\/uploads\/2024\/10\/favicon.png\",\"width\":512,\"height\":512,\"caption\":\"TransInfo\"},\"image\":{\"@id\":\"https:\/\/transinfo.pl\/x\/#\/schema\/logo\/image\/\"}}]}<\/script>\n<!-- \/ Yoast SEO Premium plugin. -->","yoast_head_json":{"title":"Lotnisko Olsztyn-Mazury w\u0142\u0105czone do TEN-T. Nowe mo\u017cliwo\u015bci rozwoju - TransInfo Archiwum","robots":{"index":"index","follow":"follow","max-snippet":"max-snippet:-1","max-image-preview":"max-image-preview:large","max-video-preview":"max-video-preview:-1"},"canonical":"https:\/\/transinfo.pl\/x\/infoair\/lotnisko-olsztyn-mazury-wlaczone-do-ten-t-nowe-mozliwosci-rozwoju\/","og_locale":"pl_PL","og_type":"article","og_title":"Lotnisko Olsztyn-Mazury w\u0142\u0105czone do TEN-T. Nowe mo\u017cliwo\u015bci rozwoju","og_description":"Port Lotniczy Olsztyn-Mazury zosta\u0142 w\u0142\u0105czony do Transeuropejskiej Sieci Transportowej (TEN-T) &#8211; poda\u0142y w \u015brod\u0119...","og_url":"https:\/\/transinfo.pl\/x\/infoair\/lotnisko-olsztyn-mazury-wlaczone-do-ten-t-nowe-mozliwosci-rozwoju\/","og_site_name":"TransInfo Archiwum","og_image":[{"url":"default"}],"twitter_card":"summary_large_image","twitter_misc":{"Szacowany czas czytania":"2 minuty"},"schema":{"@context":"https:\/\/schema.org","@graph":[{"@type":"WebPage","@id":"https:\/\/transinfo.pl\/x\/infoair\/lotnisko-olsztyn-mazury-wlaczone-do-ten-t-nowe-mozliwosci-rozwoju\/","url":"https:\/\/transinfo.pl\/x\/infoair\/lotnisko-olsztyn-mazury-wlaczone-do-ten-t-nowe-mozliwosci-rozwoju\/","name":"Lotnisko Olsztyn-Mazury w\u0142\u0105czone do TEN-T. Nowe mo\u017cliwo\u015bci rozwoju - TransInfo Archiwum","isPartOf":{"@id":"https:\/\/transinfo.pl\/x\/#website"},"primaryImageOfPage":{"@id":"https:\/\/transinfo.pl\/x\/infoair\/lotnisko-olsztyn-mazury-wlaczone-do-ten-t-nowe-mozliwosci-rozwoju\/#primaryimage"},"image":{"@id":"https:\/\/transinfo.pl\/x\/infoair\/lotnisko-olsztyn-mazury-wlaczone-do-ten-t-nowe-mozliwosci-rozwoju\/#primaryimage"},"thumbnailUrl":"https:\/\/transinfo.pl\/x\/wp-content\/uploads\/2022\/01\/port-lotniczy-lotnisko-Olsztyn-Mazury.jpg","datePublished":"2021-12-30T10:00:00+00:00","dateModified":"2021-12-30T10:00:00+00:00","breadcrumb":{"@id":"https:\/\/transinfo.pl\/x\/infoair\/lotnisko-olsztyn-mazury-wlaczone-do-ten-t-nowe-mozliwosci-rozwoju\/#breadcrumb"},"inLanguage":"pl-PL","potentialAction":[{"@type":"ReadAction","target":["https:\/\/transinfo.pl\/x\/infoair\/lotnisko-olsztyn-mazury-wlaczone-do-ten-t-nowe-mozliwosci-rozwoju\/"]}]},{"@type":"ImageObject","inLanguage":"pl-PL","@id":"https:\/\/transinfo.pl\/x\/infoair\/lotnisko-olsztyn-mazury-wlaczone-do-ten-t-nowe-mozliwosci-rozwoju\/#primaryimage","url":"https:\/\/transinfo.pl\/x\/wp-content\/uploads\/2022\/01\/port-lotniczy-lotnisko-Olsztyn-Mazury.jpg","contentUrl":"https:\/\/transinfo.pl\/x\/wp-content\/uploads\/2022\/01\/port-lotniczy-lotnisko-Olsztyn-Mazury.jpg"},{"@type":"BreadcrumbList","@id":"https:\/\/transinfo.pl\/x\/infoair\/lotnisko-olsztyn-mazury-wlaczone-do-ten-t-nowe-mozliwosci-rozwoju\/#breadcrumb","itemListElement":[{"@type":"ListItem","position":1,"name":"Home","item":"https:\/\/transinfo.pl\/x\/"},{"@type":"ListItem","position":2,"name":"Infoair","item":"https:\/\/transinfo.pl\/x\/infoair\/"},{"@type":"ListItem","position":3,"name":"Lotnisko Olsztyn-Mazury w\u0142\u0105czone do TEN-T. Nowe mo\u017cliwo\u015bci rozwoju"}]},{"@type":"WebSite","@id":"https:\/\/transinfo.pl\/x\/#website","url":"https:\/\/transinfo.pl\/x\/","name":"TransInfo Archiwum","description":"Ca\u0142y transport w jednym miejscu","publisher":{"@id":"https:\/\/transinfo.pl\/x\/#organization"},"potentialAction":[{"@type":"SearchAction","target":{"@type":"EntryPoint","urlTemplate":"https:\/\/transinfo.pl\/x\/?s={search_term_string}"},"query-input":{"@type":"PropertyValueSpecification","valueRequired":true,"valueName":"search_term_string"}}],"inLanguage":"pl-PL"},{"@type":"Organization","@id":"https:\/\/transinfo.pl\/x\/#organization","name":"TransInfo","url":"https:\/\/transinfo.pl\/x\/","logo":{"@type":"ImageObject","inLanguage":"pl-PL","@id":"https:\/\/transinfo.pl\/x\/#\/schema\/logo\/image\/","url":"https:\/\/transinfo.pl\/x\/wp-content\/uploads\/2024\/10\/favicon.png","contentUrl":"https:\/\/transinfo.pl\/x\/wp-content\/uploads\/2024\/10\/favicon.png","width":512,"height":512,"caption":"TransInfo"},"image":{"@id":"https:\/\/transinfo.pl\/x\/#\/schema\/logo\/image\/"}}]}},"_links":{"self":[{"href":"https:\/\/transinfo.pl\/x\/wp-json\/wp\/v2\/infoair\/235933","targetHints":{"allow":["GET"]}}],"collection":[{"href":"https:\/\/transinfo.pl\/x\/wp-json\/wp\/v2\/infoair"}],"about":[{"href":"https:\/\/transinfo.pl\/x\/wp-json\/wp\/v2\/types\/infoair"}],"author":[{"embeddable":true,"href":"https:\/\/transinfo.pl\/x\/wp-json\/wp\/v2\/users\/1"}],"replies":[{"embeddable":true,"href":"https:\/\/transinfo.pl\/x\/wp-json\/wp\/v2\/comments?post=235933"}],"wp:featuredmedia":[{"embeddable":true,"href":"https:\/\/transinfo.pl\/x\/wp-json\/wp\/v2\/media\/235934"}],"wp:attachment":[{"href":"https:\/\/transinfo.pl\/x\/wp-json\/wp\/v2\/media?parent=235933"}],"wp:term":[{"taxonomy":"category","embeddable":true,"href":"https:\/\/transinfo.pl\/x\/wp-json\/wp\/v2\/categories?post=235933"},{"taxonomy":"post_tag","embeddable":true,"href":"https:\/\/transinfo.pl\/x\/wp-json\/wp\/v2\/tags?post=235933"}],"curies":[{"name":"wp","href":"https:\/\/api.w.org\/{rel}","templated":true}]}}