{"id":235496,"date":"2021-12-17T07:25:29","date_gmt":"2021-12-17T07:25:29","guid":{"rendered":"https:\/\/transinfo.pl\/x\/infoair\/lotniska-regionalne-ponad-190-tys-obsluzonych-pasazerow-niz-przed-rokiem\/"},"modified":"2021-12-17T07:25:29","modified_gmt":"2021-12-17T07:25:29","slug":"lotniska-regionalne-ponad-190-tys-obsluzonych-pasazerow-niz-przed-rokiem","status":"publish","type":"infoair","link":"https:\/\/transinfo.pl\/x\/infoair\/lotniska-regionalne-ponad-190-tys-obsluzonych-pasazerow-niz-przed-rokiem\/","title":{"rendered":"Lotniska regionalne: ponad 190 tys. obs\u0142u\u017conych pasa\u017cer\u00f3w ni\u017c przed rokiem"},"content":{"rendered":"<style>h1,h2,h3,h4,h5,h6{margin:0 0 1.25rem;font-family:Arial,sans-serif;font-weight:600;color:#050505}h1{font-size:1.875rem;line-height:1.1em;text-transform:none}@media(min-width: 768px){h1{font-size:2.375rem}}h2{font-size:1.1875rem;line-height:1.2em;text-transform:uppercase}@media(min-width: 768px){h2{font-size:1.0625rem}}h3{font-size:0.9375rem;line-height:1.4em;font-weight:900;margin-bottom:0.9375rem}h4{font-size:0.875rem;line-height:1.2em;font-weight:500}h5{font-size:0.9375rem;line-height:1.6;font-weight:400}h6{font-size:0.9375rem;line-height:1.6;font-weight:600}\n<\/style>\n<h6 class=\"wp-block-heading\">Z trzynastu polskich regionalnych port\u00f3w lotniczych w pierwszych trzech kwarta\u0142ach br. skorzysta\u0142o o nieco ponad 190 tys. wi\u0119cej pasa\u017cer\u00f3w, ni\u017c przed rokiem &#8211; wynika z danych Zwi\u0105zku Regionalnych Port\u00f3w Lotniczych. Oznacza to wzrost o 1,5 proc. rdr.<\/h6>\n\n\n<style>p{margin:0 0 1.5rem}p:last-child{margin:0}p.is-style-uppercase{text-transform:uppercase}p.is-style-preheading{color:#12406a;text-transform:uppercase}p.is-style-leadparagraph{font-size:1rem;line-height:1.625;font-weight:700}@media(min-width: 768px){p.is-style-leadparagraph{font-size:1.125rem;line-height:1.5555555556}}p.has-small-margin{margin-bottom:0.625rem}p.has-small-margin+h1,p.has-small-margin+h2,p.has-small-margin+h3{margin-top:1.875rem}\n<\/style>\n<p>Jak przekaza\u0142 w czwartek PAP rzecznik ZRPL Piotr Adamczyk, w pierwszym kwartale z siatki po\u0142\u0105cze\u0144 regularnych i czarterowych lotnisk regionalnych skorzysta\u0142o w sumie 458 tys. podr\u00f3\u017cnych: o 4,34 mln mniej (spadek o 90 proc.) w por\u00f3wnaniu z tym samym okresem 2020 r. Drugi kwarta\u0142 to 1,57 mln podr\u00f3\u017cnych \u2013 o 1,5 mln wi\u0119cej, ni\u017c przed rokiem, gdy obowi\u0105zywa\u0142o ca\u0142kowite zamkni\u0119cie ruchu.<\/p>\n\n\n<style>.wp-block-quote{border-left:0.1875rem solid var(--page-color);font-size:1rem;font-style:italic;margin:0 0 1.6875rem;padding:1.25rem}.wp-block-quote cite{color:#050505}.wp-block-quote.is-style-large p{margin-bottom:10px}.wp-block-quote.is-style-large cite{color:#12406a}\n<\/style>\n<blockquote class=\"wp-block-quote is-layout-flow wp-block-quote-is-layout-flow\"><p><em>Tegoroczny szczyt przewoz\u00f3w, kt\u00f3ry tradycyjnie przypada na trzeci kwarta\u0142, porty regionalne zako\u0144czy\u0142y z wynikiem 5,82 mln pasa\u017cer\u00f3w, to jest o 2,69 mln wi\u0119cej (o 86 proc.) w por\u00f3wnaniu z tym samym okresem ub. roku. Wynik z okresu lipiec-wrzesie\u0144 2021 r. to 60 proc. ruchu obs\u0142u\u017conego w rekordowym trzecim kwartale 2019 r., kiedy to na lotniskach regionalnych odprawiono 9,6 mln pasa\u017cer\u00f3w.\u2013 zaakcentowa\u0142 Adamczyk.<\/em><\/p><\/blockquote>\n\n\n\n<p>Og\u00f3\u0142em w trzech kwarta\u0142ach br. najwi\u0119cej pasa\u017cer\u00f3w skorzysta\u0142o z po\u0142\u0105cze\u0144 lotniska w Krakowie &#8211; 1,735 mln. Na drugim miejscu znalaz\u0142y si\u0119 Katowice z liczb\u0105 1,73 mln podr\u00f3\u017cnych, trzeci by\u0142 Gda\u0144sk \u2013 1,377 mln, nast\u0119pnie Wroc\u0142aw \u2013 939 tys., Modlin \u2013 857 tys., Pozna\u0144 \u2013 722 tys., Rzesz\u00f3w &#8211; 163 tys., Szczecin \u2013 115 tys., Lublin \u2013 68 tys., Bydgoszcz &#8211; 56 tys., \u0141\u00f3d\u017a \u2013 41 tys., Olsztyn \u2013 31 tys. i Zielona G\u00f3ra \u2013 ok. 16 tys.<\/p>\n\n\n\n<p>W trakcie trzech wakacyjnych miesi\u0119cy lotniska regionalne prawie odrobi\u0142y strat\u0119 liczby podr\u00f3\u017cnych z pierwszego p\u00f3\u0142rocza br. Nie zmienia to faktu, \u017ce sytuacja bran\u017cy lotniczej jest bardzo trudna \u2013 powiedzia\u0142, cytowany przez Adamczyka, prezes ZRPL Artur Tomasik, kt\u00f3ry zaznaczy\u0142, \u017ce zaostrzanie obostrze\u0144 sanitarnych automatycznie przek\u0142ada si\u0119 na spadek zainteresowania podr\u00f3\u017cami lotniczymi.<\/p>\n\n\n\n<blockquote class=\"wp-block-quote is-layout-flow wp-block-quote-is-layout-flow\"><p><em>Jakby tego by\u0142o ma\u0142o, przed nami planowane 40-procentowe podwy\u017cszenie terminalowych op\u0142at nawigacyjnych dla przewo\u017anik\u00f3w operuj\u0105cych z region\u00f3w. To fatalna informacja, poniewa\u017c w d\u0142u\u017cszej perspektywie wysokie op\u0142aty nawigacyjne negatywnie wp\u0142yn\u0105 na rozw\u00f3j port\u00f3w regionalnych, kt\u00f3re obs\u0142uguj\u0105 60 proc. przewoz\u00f3w pasa\u017cerskich w Polsce \u2013 oceni\u0142 Tomasik<\/em>.<\/p><\/blockquote>\n\n\n\n<p>Przypomnia\u0142, \u017ce w wyniku pandemii koronawirusa lotniska regionalne ponios\u0142y bardzo du\u017ce straty finansowe i wiele czasu up\u0142ynie zanim powr\u00f3c\u0105 one do stabilnej sytuacji bud\u017cetowej. Zastrzeg\u0142, \u017ce odbudowie zasob\u00f3w finansowych nie sprzyja sytuacja makroekonomiczna.<\/p>\n\n\n\n<blockquote class=\"wp-block-quote is-layout-flow wp-block-quote-is-layout-flow\"><p><em>Bardzo niepokoi nas rosn\u0105ca inflacja, w tym radykalny wzrost cen energii elektrycznej. W przysz\u0142ym roku lotniska regionalne w Polsce, w zale\u017cno\u015bci od ich wielko\u015bci, zap\u0142ac\u0105 od kilkuset tysi\u0119cy do nawet kilku milion\u00f3w z\u0142otych wi\u0119cej za energi\u0119 elektryczn\u0105. Ponadto post\u0119puj\u0105cy wzrost cen materia\u0142\u00f3w budowlanych oraz koszt kredyt\u00f3w powoduje, \u017ce dramatycznie zosta\u0142y ograniczone mo\u017cliwo\u015bci inwestycyjne &#8211; zar\u00f3wno odtworzeniowe, jak i prorozwojowe \u2013 wymieni\u0142 prezes ZRPL<\/em>.<\/p><\/blockquote>\n\n\n\n<blockquote class=\"wp-block-quote is-layout-flow wp-block-quote-is-layout-flow\"><p><em>Kryzys w lotnictwie trwa i nic nie wskazuje na jego rych\u0142e zako\u0144czenie \u2013 skonkludowa\u0142 Artur Tomasik.<\/em><\/p><\/blockquote>\n\n\n\n<p>W rekordowym dot\u0105d 2019 r. z siatki po\u0142\u0105cze\u0144 trzynastu polskich port\u00f3w regionalnych skorzysta\u0142o rekordowe 30,2 mln podr\u00f3\u017cnych, co stanowi\u0142o 62 proc. z ca\u0142o\u015bci liczby pasa\u017cer\u00f3w obs\u0142u\u017conych w tym czasie w Polsce. W kryzysowym 2020 r. na wszystkich lotniskach regionalnych odprawiono 9,1 mln podr\u00f3\u017cnych, czyli o ponad 21,1 mln mniej (o 70 proc. mniej) w por\u00f3wnaniu z 2019 r.(PAP)<\/p>\n","protected":false},"author":1,"featured_media":229155,"comment_status":"","ping_status":"closed","template":"","categories":[1],"tags":[45,5765,123,5532,651],"class_list":["post-235496","infoair","type-infoair","status-publish","has-post-thumbnail","hentry","category-kontrakty","tag-lotnisko","tag-lotnisko-regionalne","tag-pasazer","tag-ruch-pasazerski","tag-rynek"],"acf":[],"yoast_head":"<!-- This site is optimized with the Yoast SEO Premium plugin v21.8 (Yoast SEO v23.7) - https:\/\/yoast.com\/wordpress\/plugins\/seo\/ -->\n<title>Lotniska regionalne: ponad 190 tys. obs\u0142u\u017conych pasa\u017cer\u00f3w ni\u017c przed rokiem - TransInfo Archiwum<\/title>\n<meta name=\"robots\" content=\"index, follow, max-snippet:-1, max-image-preview:large, max-video-preview:-1\" \/>\n<link rel=\"canonical\" href=\"https:\/\/transinfo.pl\/x\/infoair\/lotniska-regionalne-ponad-190-tys-obsluzonych-pasazerow-niz-przed-rokiem\/\" \/>\n<meta property=\"og:locale\" content=\"pl_PL\" \/>\n<meta property=\"og:type\" content=\"article\" \/>\n<meta property=\"og:title\" content=\"Lotniska regionalne: ponad 190 tys. obs\u0142u\u017conych pasa\u017cer\u00f3w ni\u017c przed rokiem\" \/>\n<meta property=\"og:description\" content=\"Z trzynastu polskich regionalnych port\u00f3w lotniczych w pierwszych trzech kwarta\u0142ach br. skorzysta\u0142o o nieco...\" \/>\n<meta property=\"og:url\" content=\"https:\/\/transinfo.pl\/x\/infoair\/lotniska-regionalne-ponad-190-tys-obsluzonych-pasazerow-niz-przed-rokiem\/\" \/>\n<meta property=\"og:site_name\" content=\"TransInfo Archiwum\" \/>\n<meta property=\"og:image\" content=\"http:\/\/default\" \/>\n<meta name=\"twitter:card\" content=\"summary_large_image\" \/>\n<meta name=\"twitter:label1\" content=\"Szacowany czas czytania\" \/>\n\t<meta name=\"twitter:data1\" content=\"3 minuty\" \/>\n<script type=\"application\/ld+json\" class=\"yoast-schema-graph\">{\"@context\":\"https:\/\/schema.org\",\"@graph\":[{\"@type\":\"WebPage\",\"@id\":\"https:\/\/transinfo.pl\/x\/infoair\/lotniska-regionalne-ponad-190-tys-obsluzonych-pasazerow-niz-przed-rokiem\/\",\"url\":\"https:\/\/transinfo.pl\/x\/infoair\/lotniska-regionalne-ponad-190-tys-obsluzonych-pasazerow-niz-przed-rokiem\/\",\"name\":\"Lotniska regionalne: ponad 190 tys. obs\u0142u\u017conych pasa\u017cer\u00f3w ni\u017c przed rokiem - TransInfo Archiwum\",\"isPartOf\":{\"@id\":\"https:\/\/transinfo.pl\/x\/#website\"},\"primaryImageOfPage\":{\"@id\":\"https:\/\/transinfo.pl\/x\/infoair\/lotniska-regionalne-ponad-190-tys-obsluzonych-pasazerow-niz-przed-rokiem\/#primaryimage\"},\"image\":{\"@id\":\"https:\/\/transinfo.pl\/x\/infoair\/lotniska-regionalne-ponad-190-tys-obsluzonych-pasazerow-niz-przed-rokiem\/#primaryimage\"},\"thumbnailUrl\":\"https:\/\/transinfo.pl\/x\/wp-content\/uploads\/2022\/01\/modlin.jpg\",\"datePublished\":\"2021-12-17T07:25:29+00:00\",\"dateModified\":\"2021-12-17T07:25:29+00:00\",\"breadcrumb\":{\"@id\":\"https:\/\/transinfo.pl\/x\/infoair\/lotniska-regionalne-ponad-190-tys-obsluzonych-pasazerow-niz-przed-rokiem\/#breadcrumb\"},\"inLanguage\":\"pl-PL\",\"potentialAction\":[{\"@type\":\"ReadAction\",\"target\":[\"https:\/\/transinfo.pl\/x\/infoair\/lotniska-regionalne-ponad-190-tys-obsluzonych-pasazerow-niz-przed-rokiem\/\"]}]},{\"@type\":\"ImageObject\",\"inLanguage\":\"pl-PL\",\"@id\":\"https:\/\/transinfo.pl\/x\/infoair\/lotniska-regionalne-ponad-190-tys-obsluzonych-pasazerow-niz-przed-rokiem\/#primaryimage\",\"url\":\"https:\/\/transinfo.pl\/x\/wp-content\/uploads\/2022\/01\/modlin.jpg\",\"contentUrl\":\"https:\/\/transinfo.pl\/x\/wp-content\/uploads\/2022\/01\/modlin.jpg\"},{\"@type\":\"BreadcrumbList\",\"@id\":\"https:\/\/transinfo.pl\/x\/infoair\/lotniska-regionalne-ponad-190-tys-obsluzonych-pasazerow-niz-przed-rokiem\/#breadcrumb\",\"itemListElement\":[{\"@type\":\"ListItem\",\"position\":1,\"name\":\"Home\",\"item\":\"https:\/\/transinfo.pl\/x\/\"},{\"@type\":\"ListItem\",\"position\":2,\"name\":\"Infoair\",\"item\":\"https:\/\/transinfo.pl\/x\/infoair\/\"},{\"@type\":\"ListItem\",\"position\":3,\"name\":\"Lotniska regionalne: ponad 190 tys. obs\u0142u\u017conych pasa\u017cer\u00f3w ni\u017c przed rokiem\"}]},{\"@type\":\"WebSite\",\"@id\":\"https:\/\/transinfo.pl\/x\/#website\",\"url\":\"https:\/\/transinfo.pl\/x\/\",\"name\":\"TransInfo Archiwum\",\"description\":\"Ca\u0142y transport w jednym miejscu\",\"publisher\":{\"@id\":\"https:\/\/transinfo.pl\/x\/#organization\"},\"potentialAction\":[{\"@type\":\"SearchAction\",\"target\":{\"@type\":\"EntryPoint\",\"urlTemplate\":\"https:\/\/transinfo.pl\/x\/?s={search_term_string}\"},\"query-input\":{\"@type\":\"PropertyValueSpecification\",\"valueRequired\":true,\"valueName\":\"search_term_string\"}}],\"inLanguage\":\"pl-PL\"},{\"@type\":\"Organization\",\"@id\":\"https:\/\/transinfo.pl\/x\/#organization\",\"name\":\"TransInfo\",\"url\":\"https:\/\/transinfo.pl\/x\/\",\"logo\":{\"@type\":\"ImageObject\",\"inLanguage\":\"pl-PL\",\"@id\":\"https:\/\/transinfo.pl\/x\/#\/schema\/logo\/image\/\",\"url\":\"https:\/\/transinfo.pl\/x\/wp-content\/uploads\/2024\/10\/favicon.png\",\"contentUrl\":\"https:\/\/transinfo.pl\/x\/wp-content\/uploads\/2024\/10\/favicon.png\",\"width\":512,\"height\":512,\"caption\":\"TransInfo\"},\"image\":{\"@id\":\"https:\/\/transinfo.pl\/x\/#\/schema\/logo\/image\/\"}}]}<\/script>\n<!-- \/ Yoast SEO Premium plugin. -->","yoast_head_json":{"title":"Lotniska regionalne: ponad 190 tys. obs\u0142u\u017conych pasa\u017cer\u00f3w ni\u017c przed rokiem - TransInfo Archiwum","robots":{"index":"index","follow":"follow","max-snippet":"max-snippet:-1","max-image-preview":"max-image-preview:large","max-video-preview":"max-video-preview:-1"},"canonical":"https:\/\/transinfo.pl\/x\/infoair\/lotniska-regionalne-ponad-190-tys-obsluzonych-pasazerow-niz-przed-rokiem\/","og_locale":"pl_PL","og_type":"article","og_title":"Lotniska regionalne: ponad 190 tys. obs\u0142u\u017conych pasa\u017cer\u00f3w ni\u017c przed rokiem","og_description":"Z trzynastu polskich regionalnych port\u00f3w lotniczych w pierwszych trzech kwarta\u0142ach br. skorzysta\u0142o o nieco...","og_url":"https:\/\/transinfo.pl\/x\/infoair\/lotniska-regionalne-ponad-190-tys-obsluzonych-pasazerow-niz-przed-rokiem\/","og_site_name":"TransInfo Archiwum","og_image":[{"url":"default"}],"twitter_card":"summary_large_image","twitter_misc":{"Szacowany czas czytania":"3 minuty"},"schema":{"@context":"https:\/\/schema.org","@graph":[{"@type":"WebPage","@id":"https:\/\/transinfo.pl\/x\/infoair\/lotniska-regionalne-ponad-190-tys-obsluzonych-pasazerow-niz-przed-rokiem\/","url":"https:\/\/transinfo.pl\/x\/infoair\/lotniska-regionalne-ponad-190-tys-obsluzonych-pasazerow-niz-przed-rokiem\/","name":"Lotniska regionalne: ponad 190 tys. obs\u0142u\u017conych pasa\u017cer\u00f3w ni\u017c przed rokiem - TransInfo Archiwum","isPartOf":{"@id":"https:\/\/transinfo.pl\/x\/#website"},"primaryImageOfPage":{"@id":"https:\/\/transinfo.pl\/x\/infoair\/lotniska-regionalne-ponad-190-tys-obsluzonych-pasazerow-niz-przed-rokiem\/#primaryimage"},"image":{"@id":"https:\/\/transinfo.pl\/x\/infoair\/lotniska-regionalne-ponad-190-tys-obsluzonych-pasazerow-niz-przed-rokiem\/#primaryimage"},"thumbnailUrl":"https:\/\/transinfo.pl\/x\/wp-content\/uploads\/2022\/01\/modlin.jpg","datePublished":"2021-12-17T07:25:29+00:00","dateModified":"2021-12-17T07:25:29+00:00","breadcrumb":{"@id":"https:\/\/transinfo.pl\/x\/infoair\/lotniska-regionalne-ponad-190-tys-obsluzonych-pasazerow-niz-przed-rokiem\/#breadcrumb"},"inLanguage":"pl-PL","potentialAction":[{"@type":"ReadAction","target":["https:\/\/transinfo.pl\/x\/infoair\/lotniska-regionalne-ponad-190-tys-obsluzonych-pasazerow-niz-przed-rokiem\/"]}]},{"@type":"ImageObject","inLanguage":"pl-PL","@id":"https:\/\/transinfo.pl\/x\/infoair\/lotniska-regionalne-ponad-190-tys-obsluzonych-pasazerow-niz-przed-rokiem\/#primaryimage","url":"https:\/\/transinfo.pl\/x\/wp-content\/uploads\/2022\/01\/modlin.jpg","contentUrl":"https:\/\/transinfo.pl\/x\/wp-content\/uploads\/2022\/01\/modlin.jpg"},{"@type":"BreadcrumbList","@id":"https:\/\/transinfo.pl\/x\/infoair\/lotniska-regionalne-ponad-190-tys-obsluzonych-pasazerow-niz-przed-rokiem\/#breadcrumb","itemListElement":[{"@type":"ListItem","position":1,"name":"Home","item":"https:\/\/transinfo.pl\/x\/"},{"@type":"ListItem","position":2,"name":"Infoair","item":"https:\/\/transinfo.pl\/x\/infoair\/"},{"@type":"ListItem","position":3,"name":"Lotniska regionalne: ponad 190 tys. obs\u0142u\u017conych pasa\u017cer\u00f3w ni\u017c przed rokiem"}]},{"@type":"WebSite","@id":"https:\/\/transinfo.pl\/x\/#website","url":"https:\/\/transinfo.pl\/x\/","name":"TransInfo Archiwum","description":"Ca\u0142y transport w jednym miejscu","publisher":{"@id":"https:\/\/transinfo.pl\/x\/#organization"},"potentialAction":[{"@type":"SearchAction","target":{"@type":"EntryPoint","urlTemplate":"https:\/\/transinfo.pl\/x\/?s={search_term_string}"},"query-input":{"@type":"PropertyValueSpecification","valueRequired":true,"valueName":"search_term_string"}}],"inLanguage":"pl-PL"},{"@type":"Organization","@id":"https:\/\/transinfo.pl\/x\/#organization","name":"TransInfo","url":"https:\/\/transinfo.pl\/x\/","logo":{"@type":"ImageObject","inLanguage":"pl-PL","@id":"https:\/\/transinfo.pl\/x\/#\/schema\/logo\/image\/","url":"https:\/\/transinfo.pl\/x\/wp-content\/uploads\/2024\/10\/favicon.png","contentUrl":"https:\/\/transinfo.pl\/x\/wp-content\/uploads\/2024\/10\/favicon.png","width":512,"height":512,"caption":"TransInfo"},"image":{"@id":"https:\/\/transinfo.pl\/x\/#\/schema\/logo\/image\/"}}]}},"_links":{"self":[{"href":"https:\/\/transinfo.pl\/x\/wp-json\/wp\/v2\/infoair\/235496","targetHints":{"allow":["GET"]}}],"collection":[{"href":"https:\/\/transinfo.pl\/x\/wp-json\/wp\/v2\/infoair"}],"about":[{"href":"https:\/\/transinfo.pl\/x\/wp-json\/wp\/v2\/types\/infoair"}],"author":[{"embeddable":true,"href":"https:\/\/transinfo.pl\/x\/wp-json\/wp\/v2\/users\/1"}],"replies":[{"embeddable":true,"href":"https:\/\/transinfo.pl\/x\/wp-json\/wp\/v2\/comments?post=235496"}],"wp:featuredmedia":[{"embeddable":true,"href":"https:\/\/transinfo.pl\/x\/wp-json\/wp\/v2\/media\/229155"}],"wp:attachment":[{"href":"https:\/\/transinfo.pl\/x\/wp-json\/wp\/v2\/media?parent=235496"}],"wp:term":[{"taxonomy":"category","embeddable":true,"href":"https:\/\/transinfo.pl\/x\/wp-json\/wp\/v2\/categories?post=235496"},{"taxonomy":"post_tag","embeddable":true,"href":"https:\/\/transinfo.pl\/x\/wp-json\/wp\/v2\/tags?post=235496"}],"curies":[{"name":"wp","href":"https:\/\/api.w.org\/{rel}","templated":true}]}}