{"id":235355,"date":"2021-12-14T07:30:00","date_gmt":"2021-12-14T07:30:00","guid":{"rendered":"https:\/\/transinfo.pl\/x\/infoair\/zakaz-lotow-z-poludnia-afryki-do-polski-przedluzony\/"},"modified":"2021-12-14T07:30:00","modified_gmt":"2021-12-14T07:30:00","slug":"zakaz-lotow-z-poludnia-afryki-do-polski-przedluzony","status":"publish","type":"infoair","link":"https:\/\/transinfo.pl\/x\/infoair\/zakaz-lotow-z-poludnia-afryki-do-polski-przedluzony\/","title":{"rendered":"Zakaz lot\u00f3w z po\u0142udnia Afryki do Polski przed\u0142u\u017cony"},"content":{"rendered":"<style>h1,h2,h3,h4,h5,h6{margin:0 0 1.25rem;font-family:Arial,sans-serif;font-weight:600;color:#050505}h1{font-size:1.875rem;line-height:1.1em;text-transform:none}@media(min-width: 768px){h1{font-size:2.375rem}}h2{font-size:1.1875rem;line-height:1.2em;text-transform:uppercase}@media(min-width: 768px){h2{font-size:1.0625rem}}h3{font-size:0.9375rem;line-height:1.4em;font-weight:900;margin-bottom:0.9375rem}h4{font-size:0.875rem;line-height:1.2em;font-weight:500}h5{font-size:0.9375rem;line-height:1.6;font-weight:400}h6{font-size:0.9375rem;line-height:1.6;font-weight:600}\n<\/style>\n<h6 class=\"wp-block-heading\">Obowi\u0105zuj\u0105cy od 30 listopada do 13 grudnia br. zakaz l\u0105dowania w Polsce samolot\u00f3w z lotnisk po\u0142o\u017conych w siedmiu pa\u0144stwach z po\u0142udnia Afryki zosta\u0142 przed\u0142u\u017cony do 27 grudnia br. &#8211; wynika z rozporz\u0105dzenia ws. zakaz\u00f3w w ruchu lotniczym, opublikowanego w poniedzia\u0142ek w Dzienniku Ustaw.<\/h6>\n\n\n<style>p{margin:0 0 1.5rem}p:last-child{margin:0}p.is-style-uppercase{text-transform:uppercase}p.is-style-preheading{color:#12406a;text-transform:uppercase}p.is-style-leadparagraph{font-size:1rem;line-height:1.625;font-weight:700}@media(min-width: 768px){p.is-style-leadparagraph{font-size:1.125rem;line-height:1.5555555556}}p.has-small-margin{margin-bottom:0.625rem}p.has-small-margin+h1,p.has-small-margin+h2,p.has-small-margin+h3{margin-top:1.875rem}\n<\/style>\n<p>Rozporz\u0105dzenie dotyczy zakazu przylot\u00f3w z Kr\u00f3lestwa Eswatini, Kr\u00f3lestwa Lesotho, Republiki Botswany, Republiki Mozambiku, Republiki Namibii, Republiki Po\u0142udniowej Afryki i Republiki Zimbabwe.<\/p>\n\n\n\n<p>Z rozporz\u0105dzenia wynika, \u017ce przepisy przed\u0142u\u017caj\u0105ce zakaz lot\u00f3w nie b\u0119d\u0105 stosowane m.in. do statk\u00f3w powietrznych wykonuj\u0105cych loty mi\u0119dzynarodowe na zlecenie Prezesa Rady Ministr\u00f3w, za zgod\u0105 Prezesa Urz\u0119du Lotnictwa Cywilnego, realizowane na potrzeby Si\u0142 Zbrojnych Rzeczypospolitej Polskiej, wyczarterowanych przed dniem wej\u015bcia w \u017cycie rozporz\u0105dzenia.<\/p>\n\n\n\n<p>Zakaz nie b\u0119dzie te\u017c stosowany wobec statk\u00f3w powietrznych startuj\u0105cych z lotnisk po\u0142o\u017conych na terytorium pa\u0144stw, kt\u00f3re notyfikowa\u0142y Rzeczypospolitej Polskiej wprowadzenie rozwi\u0105za\u0144 gwarantuj\u0105cych, \u017ce na pok\u0142ad statku powietrznego b\u0119d\u0105 przyjmowani wy\u0142\u0105cznie pasa\u017cerowie, wobec kt\u00f3rych wykonano z wynikiem negatywnym test diagnostyczny w kierunku SARS-CoV-2 &#8211; napisano w dokumencie.<\/p>\n\n\n\n<p>Zakaz ma zwi\u0105zek z zagro\u017ceniem rozprzestrzeniania si\u0119 zaka\u017ce\u0144 wirusem SARS CoV-2, w szczeg\u00f3lno\u015bci wariantu COVID-19 Nu (B.1.1.529) z pa\u0144stw regionu Afryki Po\u0142udniowej.(PAP)<\/p>\n","protected":false},"author":1,"featured_media":235356,"comment_status":"","ping_status":"closed","template":"","categories":[24],"tags":[706,45,5702,5568],"class_list":["post-235355","infoair","type-infoair","status-publish","has-post-thumbnail","hentry","category-prawo","tag-covid-19","tag-lotnisko","tag-omikron","tag-polaczenie-lotnicze"],"acf":[],"yoast_head":"<!-- This site is optimized with the Yoast SEO Premium plugin v21.8 (Yoast SEO v23.7) - https:\/\/yoast.com\/wordpress\/plugins\/seo\/ -->\n<title>Zakaz lot\u00f3w z po\u0142udnia Afryki do Polski przed\u0142u\u017cony - TransInfo Archiwum<\/title>\n<meta name=\"robots\" content=\"index, follow, max-snippet:-1, max-image-preview:large, max-video-preview:-1\" \/>\n<link rel=\"canonical\" href=\"https:\/\/transinfo.pl\/x\/infoair\/zakaz-lotow-z-poludnia-afryki-do-polski-przedluzony\/\" \/>\n<meta property=\"og:locale\" content=\"pl_PL\" \/>\n<meta property=\"og:type\" content=\"article\" \/>\n<meta property=\"og:title\" content=\"Zakaz lot\u00f3w z po\u0142udnia Afryki do Polski przed\u0142u\u017cony\" \/>\n<meta property=\"og:description\" content=\"Obowi\u0105zuj\u0105cy od 30 listopada do 13 grudnia br. zakaz l\u0105dowania w Polsce samolot\u00f3w z...\" \/>\n<meta property=\"og:url\" content=\"https:\/\/transinfo.pl\/x\/infoair\/zakaz-lotow-z-poludnia-afryki-do-polski-przedluzony\/\" \/>\n<meta property=\"og:site_name\" content=\"TransInfo Archiwum\" \/>\n<meta property=\"og:image\" content=\"http:\/\/default\" \/>\n<meta name=\"twitter:card\" content=\"summary_large_image\" \/>\n<meta name=\"twitter:label1\" content=\"Szacowany czas czytania\" \/>\n\t<meta name=\"twitter:data1\" content=\"1 minuta\" \/>\n<script type=\"application\/ld+json\" class=\"yoast-schema-graph\">{\"@context\":\"https:\/\/schema.org\",\"@graph\":[{\"@type\":\"WebPage\",\"@id\":\"https:\/\/transinfo.pl\/x\/infoair\/zakaz-lotow-z-poludnia-afryki-do-polski-przedluzony\/\",\"url\":\"https:\/\/transinfo.pl\/x\/infoair\/zakaz-lotow-z-poludnia-afryki-do-polski-przedluzony\/\",\"name\":\"Zakaz lot\u00f3w z po\u0142udnia Afryki do Polski przed\u0142u\u017cony - TransInfo Archiwum\",\"isPartOf\":{\"@id\":\"https:\/\/transinfo.pl\/x\/#website\"},\"primaryImageOfPage\":{\"@id\":\"https:\/\/transinfo.pl\/x\/infoair\/zakaz-lotow-z-poludnia-afryki-do-polski-przedluzony\/#primaryimage\"},\"image\":{\"@id\":\"https:\/\/transinfo.pl\/x\/infoair\/zakaz-lotow-z-poludnia-afryki-do-polski-przedluzony\/#primaryimage\"},\"thumbnailUrl\":\"https:\/\/transinfo.pl\/x\/wp-content\/uploads\/2022\/01\/lot-odwolany-wyswietlacz-zdjecie-ilustracyjne.jpg\",\"datePublished\":\"2021-12-14T07:30:00+00:00\",\"dateModified\":\"2021-12-14T07:30:00+00:00\",\"breadcrumb\":{\"@id\":\"https:\/\/transinfo.pl\/x\/infoair\/zakaz-lotow-z-poludnia-afryki-do-polski-przedluzony\/#breadcrumb\"},\"inLanguage\":\"pl-PL\",\"potentialAction\":[{\"@type\":\"ReadAction\",\"target\":[\"https:\/\/transinfo.pl\/x\/infoair\/zakaz-lotow-z-poludnia-afryki-do-polski-przedluzony\/\"]}]},{\"@type\":\"ImageObject\",\"inLanguage\":\"pl-PL\",\"@id\":\"https:\/\/transinfo.pl\/x\/infoair\/zakaz-lotow-z-poludnia-afryki-do-polski-przedluzony\/#primaryimage\",\"url\":\"https:\/\/transinfo.pl\/x\/wp-content\/uploads\/2022\/01\/lot-odwolany-wyswietlacz-zdjecie-ilustracyjne.jpg\",\"contentUrl\":\"https:\/\/transinfo.pl\/x\/wp-content\/uploads\/2022\/01\/lot-odwolany-wyswietlacz-zdjecie-ilustracyjne.jpg\"},{\"@type\":\"BreadcrumbList\",\"@id\":\"https:\/\/transinfo.pl\/x\/infoair\/zakaz-lotow-z-poludnia-afryki-do-polski-przedluzony\/#breadcrumb\",\"itemListElement\":[{\"@type\":\"ListItem\",\"position\":1,\"name\":\"Home\",\"item\":\"https:\/\/transinfo.pl\/x\/\"},{\"@type\":\"ListItem\",\"position\":2,\"name\":\"Infoair\",\"item\":\"https:\/\/transinfo.pl\/x\/infoair\/\"},{\"@type\":\"ListItem\",\"position\":3,\"name\":\"Zakaz lot\u00f3w z po\u0142udnia Afryki do Polski przed\u0142u\u017cony\"}]},{\"@type\":\"WebSite\",\"@id\":\"https:\/\/transinfo.pl\/x\/#website\",\"url\":\"https:\/\/transinfo.pl\/x\/\",\"name\":\"TransInfo Archiwum\",\"description\":\"Ca\u0142y transport w jednym miejscu\",\"publisher\":{\"@id\":\"https:\/\/transinfo.pl\/x\/#organization\"},\"potentialAction\":[{\"@type\":\"SearchAction\",\"target\":{\"@type\":\"EntryPoint\",\"urlTemplate\":\"https:\/\/transinfo.pl\/x\/?s={search_term_string}\"},\"query-input\":{\"@type\":\"PropertyValueSpecification\",\"valueRequired\":true,\"valueName\":\"search_term_string\"}}],\"inLanguage\":\"pl-PL\"},{\"@type\":\"Organization\",\"@id\":\"https:\/\/transinfo.pl\/x\/#organization\",\"name\":\"TransInfo\",\"url\":\"https:\/\/transinfo.pl\/x\/\",\"logo\":{\"@type\":\"ImageObject\",\"inLanguage\":\"pl-PL\",\"@id\":\"https:\/\/transinfo.pl\/x\/#\/schema\/logo\/image\/\",\"url\":\"https:\/\/transinfo.pl\/x\/wp-content\/uploads\/2024\/10\/favicon.png\",\"contentUrl\":\"https:\/\/transinfo.pl\/x\/wp-content\/uploads\/2024\/10\/favicon.png\",\"width\":512,\"height\":512,\"caption\":\"TransInfo\"},\"image\":{\"@id\":\"https:\/\/transinfo.pl\/x\/#\/schema\/logo\/image\/\"}}]}<\/script>\n<!-- \/ Yoast SEO Premium plugin. -->","yoast_head_json":{"title":"Zakaz lot\u00f3w z po\u0142udnia Afryki do Polski przed\u0142u\u017cony - TransInfo Archiwum","robots":{"index":"index","follow":"follow","max-snippet":"max-snippet:-1","max-image-preview":"max-image-preview:large","max-video-preview":"max-video-preview:-1"},"canonical":"https:\/\/transinfo.pl\/x\/infoair\/zakaz-lotow-z-poludnia-afryki-do-polski-przedluzony\/","og_locale":"pl_PL","og_type":"article","og_title":"Zakaz lot\u00f3w z po\u0142udnia Afryki do Polski przed\u0142u\u017cony","og_description":"Obowi\u0105zuj\u0105cy od 30 listopada do 13 grudnia br. zakaz l\u0105dowania w Polsce samolot\u00f3w z...","og_url":"https:\/\/transinfo.pl\/x\/infoair\/zakaz-lotow-z-poludnia-afryki-do-polski-przedluzony\/","og_site_name":"TransInfo Archiwum","og_image":[{"url":"default"}],"twitter_card":"summary_large_image","twitter_misc":{"Szacowany czas czytania":"1 minuta"},"schema":{"@context":"https:\/\/schema.org","@graph":[{"@type":"WebPage","@id":"https:\/\/transinfo.pl\/x\/infoair\/zakaz-lotow-z-poludnia-afryki-do-polski-przedluzony\/","url":"https:\/\/transinfo.pl\/x\/infoair\/zakaz-lotow-z-poludnia-afryki-do-polski-przedluzony\/","name":"Zakaz lot\u00f3w z po\u0142udnia Afryki do Polski przed\u0142u\u017cony - TransInfo Archiwum","isPartOf":{"@id":"https:\/\/transinfo.pl\/x\/#website"},"primaryImageOfPage":{"@id":"https:\/\/transinfo.pl\/x\/infoair\/zakaz-lotow-z-poludnia-afryki-do-polski-przedluzony\/#primaryimage"},"image":{"@id":"https:\/\/transinfo.pl\/x\/infoair\/zakaz-lotow-z-poludnia-afryki-do-polski-przedluzony\/#primaryimage"},"thumbnailUrl":"https:\/\/transinfo.pl\/x\/wp-content\/uploads\/2022\/01\/lot-odwolany-wyswietlacz-zdjecie-ilustracyjne.jpg","datePublished":"2021-12-14T07:30:00+00:00","dateModified":"2021-12-14T07:30:00+00:00","breadcrumb":{"@id":"https:\/\/transinfo.pl\/x\/infoair\/zakaz-lotow-z-poludnia-afryki-do-polski-przedluzony\/#breadcrumb"},"inLanguage":"pl-PL","potentialAction":[{"@type":"ReadAction","target":["https:\/\/transinfo.pl\/x\/infoair\/zakaz-lotow-z-poludnia-afryki-do-polski-przedluzony\/"]}]},{"@type":"ImageObject","inLanguage":"pl-PL","@id":"https:\/\/transinfo.pl\/x\/infoair\/zakaz-lotow-z-poludnia-afryki-do-polski-przedluzony\/#primaryimage","url":"https:\/\/transinfo.pl\/x\/wp-content\/uploads\/2022\/01\/lot-odwolany-wyswietlacz-zdjecie-ilustracyjne.jpg","contentUrl":"https:\/\/transinfo.pl\/x\/wp-content\/uploads\/2022\/01\/lot-odwolany-wyswietlacz-zdjecie-ilustracyjne.jpg"},{"@type":"BreadcrumbList","@id":"https:\/\/transinfo.pl\/x\/infoair\/zakaz-lotow-z-poludnia-afryki-do-polski-przedluzony\/#breadcrumb","itemListElement":[{"@type":"ListItem","position":1,"name":"Home","item":"https:\/\/transinfo.pl\/x\/"},{"@type":"ListItem","position":2,"name":"Infoair","item":"https:\/\/transinfo.pl\/x\/infoair\/"},{"@type":"ListItem","position":3,"name":"Zakaz lot\u00f3w z po\u0142udnia Afryki do Polski przed\u0142u\u017cony"}]},{"@type":"WebSite","@id":"https:\/\/transinfo.pl\/x\/#website","url":"https:\/\/transinfo.pl\/x\/","name":"TransInfo Archiwum","description":"Ca\u0142y transport w jednym miejscu","publisher":{"@id":"https:\/\/transinfo.pl\/x\/#organization"},"potentialAction":[{"@type":"SearchAction","target":{"@type":"EntryPoint","urlTemplate":"https:\/\/transinfo.pl\/x\/?s={search_term_string}"},"query-input":{"@type":"PropertyValueSpecification","valueRequired":true,"valueName":"search_term_string"}}],"inLanguage":"pl-PL"},{"@type":"Organization","@id":"https:\/\/transinfo.pl\/x\/#organization","name":"TransInfo","url":"https:\/\/transinfo.pl\/x\/","logo":{"@type":"ImageObject","inLanguage":"pl-PL","@id":"https:\/\/transinfo.pl\/x\/#\/schema\/logo\/image\/","url":"https:\/\/transinfo.pl\/x\/wp-content\/uploads\/2024\/10\/favicon.png","contentUrl":"https:\/\/transinfo.pl\/x\/wp-content\/uploads\/2024\/10\/favicon.png","width":512,"height":512,"caption":"TransInfo"},"image":{"@id":"https:\/\/transinfo.pl\/x\/#\/schema\/logo\/image\/"}}]}},"_links":{"self":[{"href":"https:\/\/transinfo.pl\/x\/wp-json\/wp\/v2\/infoair\/235355","targetHints":{"allow":["GET"]}}],"collection":[{"href":"https:\/\/transinfo.pl\/x\/wp-json\/wp\/v2\/infoair"}],"about":[{"href":"https:\/\/transinfo.pl\/x\/wp-json\/wp\/v2\/types\/infoair"}],"author":[{"embeddable":true,"href":"https:\/\/transinfo.pl\/x\/wp-json\/wp\/v2\/users\/1"}],"replies":[{"embeddable":true,"href":"https:\/\/transinfo.pl\/x\/wp-json\/wp\/v2\/comments?post=235355"}],"wp:featuredmedia":[{"embeddable":true,"href":"https:\/\/transinfo.pl\/x\/wp-json\/wp\/v2\/media\/235356"}],"wp:attachment":[{"href":"https:\/\/transinfo.pl\/x\/wp-json\/wp\/v2\/media?parent=235355"}],"wp:term":[{"taxonomy":"category","embeddable":true,"href":"https:\/\/transinfo.pl\/x\/wp-json\/wp\/v2\/categories?post=235355"},{"taxonomy":"post_tag","embeddable":true,"href":"https:\/\/transinfo.pl\/x\/wp-json\/wp\/v2\/tags?post=235355"}],"curies":[{"name":"wp","href":"https:\/\/api.w.org\/{rel}","templated":true}]}}