{"id":235116,"date":"2021-12-08T10:00:00","date_gmt":"2021-12-08T10:00:00","guid":{"rendered":"https:\/\/transinfo.pl\/x\/infoair\/wymog-przeprowadzenie-testu-covidowego-na-dzien-przed-odlotem-do-usa\/"},"modified":"2021-12-08T10:00:00","modified_gmt":"2021-12-08T10:00:00","slug":"wymog-przeprowadzenie-testu-covidowego-na-dzien-przed-odlotem-do-usa","status":"publish","type":"infoair","link":"https:\/\/transinfo.pl\/x\/infoair\/wymog-przeprowadzenie-testu-covidowego-na-dzien-przed-odlotem-do-usa\/","title":{"rendered":"Wym\u00f3g przeprowadzenie testu covidowego na dzie\u0144 przed odlotem do USA"},"content":{"rendered":"<style>h1,h2,h3,h4,h5,h6{margin:0 0 1.25rem;font-family:Arial,sans-serif;font-weight:600;color:#050505}h1{font-size:1.875rem;line-height:1.1em;text-transform:none}@media(min-width: 768px){h1{font-size:2.375rem}}h2{font-size:1.1875rem;line-height:1.2em;text-transform:uppercase}@media(min-width: 768px){h2{font-size:1.0625rem}}h3{font-size:0.9375rem;line-height:1.4em;font-weight:900;margin-bottom:0.9375rem}h4{font-size:0.875rem;line-height:1.2em;font-weight:500}h5{font-size:0.9375rem;line-height:1.6;font-weight:400}h6{font-size:0.9375rem;line-height:1.6;font-weight:600}\n<\/style>\n<h6 class=\"wp-block-heading\">W\u0142adze USA wprowadzi\u0142y dla podr\u00f3\u017cnych z zagranicy wym\u00f3g okazania negatywnego wyniku testu na koronawirusa przeprowadzonego dzie\u0144 przed odlotem. Wcze\u015bniej wystarczy\u0142o wykona\u0107 go do 72 godzin przed wej\u015bciem na pok\u0142ad samolotu.<\/h6>\n\n\n<style>p{margin:0 0 1.5rem}p:last-child{margin:0}p.is-style-uppercase{text-transform:uppercase}p.is-style-preheading{color:#12406a;text-transform:uppercase}p.is-style-leadparagraph{font-size:1rem;line-height:1.625;font-weight:700}@media(min-width: 768px){p.is-style-leadparagraph{font-size:1.125rem;line-height:1.5555555556}}p.has-small-margin{margin-bottom:0.625rem}p.has-small-margin+h1,p.has-small-margin+h2,p.has-small-margin+h3{margin-top:1.875rem}\n<\/style>\n<p>Zmiany obowi\u0105zuj\u0105ce od poniedzia\u0142ku maj\u0105 na celu ograniczenie rozprzestrzeniania wariantu koronawirusa Omikron. Wed\u0142ug dziennika mo\u017ce to pokrzy\u017cowa\u0107 plany podr\u00f3\u017cy wielu ludziom.<\/p>\n\n\n\n<p>Przepisy, zdaniem dziennika, komplikuj\u0105 tak\u017ce \u015bwi\u0105teczne plany Amerykan\u00f3w, kt\u00f3rzy mieszkaj\u0105 poza Stanami Zjednoczonymi oraz obcokrajowc\u00f3w maj\u0105cych nadziej\u0119 na podr\u00f3\u017c do USA w okresie \u015awi\u0105t Bo\u017cego Narodzenia i Nowego Roku.<\/p>\n\n\n\n<p>\u201ePodr\u00f3\u017cni od Londynu po Tajpej rozwa\u017caj\u0105 scenariusze, kt\u00f3re mog\u0105 si\u0119 pojawi\u0107 podczas podr\u00f3\u017cy. Na przyk\u0142ad co si\u0119 stanie, je\u015bli lot zostanie odwo\u0142any lub je\u015bli w drodze oka\u017ce si\u0119, \u017ce kto\u015b b\u0119dzie mia\u0142 pozytywny wynik testu\u201d \u2013 pisze &#8222;NYT&#8221;.<\/p>\n\n\n\n<p>Przytacza m.in. wypowied\u017a 24-letniego Augusta Dichtera, kt\u00f3ry w poniedzia\u0142ek powiedzia\u0142, \u017ce sp\u0119dzi\u0142 do trzech godzin pr\u00f3buj\u0105c dowiedzie\u0107 si\u0119, jak sprosta\u0107 nowym nakazom sanitarnym przed zarezerwowanym na czwartek lotem z Londynu do Filadelfii.<\/p>\n\n\n\n<p>Eksperci ds. zdrowia wzywaj\u0105 do zachowania ostro\u017cno\u015bci, poniewa\u017c nadal niewiele wiadomo o wariancie Omikron zsekwencjonowanym nieca\u0142e dwa tygodnie temu w RPA.<\/p>\n\n\n\n<p>Zwr\u00f3ci\u0142a na to uwag\u0119 tak\u017ce szefowa ameryka\u0144skich Centr\u00f3w Kontroli i Zapobiegania Chorobom (CDC) dr Rochelle Walensky w niedzielnym programie w ABC News &#8222;This Week&#8221;. &#8222;To, czego jeszcze nie wiemy, to w jakim tempie (Omikron) jest przenoszony, jak skuteczne oka\u017c\u0105 si\u0119 nasze szczepionki i czy wirus doprowadzi do powa\u017cniejszej choroby&#8221; \u2013 podkre\u015bli\u0142a Walensky.<\/p>\n\n\n\n<p>Zaostrzenie przepis\u00f3w sanitarnych zbieg\u0142o si\u0119 z okresem, w kt\u00f3rym Amerykanie du\u017co podr\u00f3\u017cuj\u0105; najwi\u0119cej podr\u00f3\u017cy od lutego 2020 roku odbyli w niedziel\u0119 po \u015awi\u0119cie Dzi\u0119kczynienia &#8211; poinformowa\u0142 Urz\u0105d ds. Bezpiecze\u0144stwa w Transporcie (TSA.)i (PAP)<\/p>\n","protected":false},"author":1,"featured_media":235117,"comment_status":"","ping_status":"closed","template":"","categories":[24,27],"tags":[706,45,5558,763,1002,652],"class_list":["post-235116","infoair","type-infoair","status-publish","has-post-thumbnail","hentry","category-prawo","category-wydarzenia","tag-covid-19","tag-lotnisko","tag-obostrzenia","tag-samolot","tag-test","tag-usa"],"acf":[],"yoast_head":"<!-- This site is optimized with the Yoast SEO Premium plugin v21.8 (Yoast SEO v23.7) - https:\/\/yoast.com\/wordpress\/plugins\/seo\/ -->\n<title>Wym\u00f3g przeprowadzenie testu covidowego na dzie\u0144 przed odlotem do USA - TransInfo Archiwum<\/title>\n<meta name=\"robots\" content=\"index, follow, max-snippet:-1, max-image-preview:large, max-video-preview:-1\" \/>\n<link rel=\"canonical\" href=\"https:\/\/transinfo.pl\/x\/infoair\/wymog-przeprowadzenie-testu-covidowego-na-dzien-przed-odlotem-do-usa\/\" \/>\n<meta property=\"og:locale\" content=\"pl_PL\" \/>\n<meta property=\"og:type\" content=\"article\" \/>\n<meta property=\"og:title\" content=\"Wym\u00f3g przeprowadzenie testu covidowego na dzie\u0144 przed odlotem do USA\" \/>\n<meta property=\"og:description\" content=\"W\u0142adze USA wprowadzi\u0142y dla podr\u00f3\u017cnych z zagranicy wym\u00f3g okazania negatywnego wyniku testu na koronawirusa...\" \/>\n<meta property=\"og:url\" content=\"https:\/\/transinfo.pl\/x\/infoair\/wymog-przeprowadzenie-testu-covidowego-na-dzien-przed-odlotem-do-usa\/\" \/>\n<meta property=\"og:site_name\" content=\"TransInfo Archiwum\" \/>\n<meta property=\"og:image\" content=\"http:\/\/default\" \/>\n<meta name=\"twitter:card\" content=\"summary_large_image\" \/>\n<meta name=\"twitter:label1\" content=\"Szacowany czas czytania\" \/>\n\t<meta name=\"twitter:data1\" content=\"2 minuty\" \/>\n<script type=\"application\/ld+json\" class=\"yoast-schema-graph\">{\"@context\":\"https:\/\/schema.org\",\"@graph\":[{\"@type\":\"WebPage\",\"@id\":\"https:\/\/transinfo.pl\/x\/infoair\/wymog-przeprowadzenie-testu-covidowego-na-dzien-przed-odlotem-do-usa\/\",\"url\":\"https:\/\/transinfo.pl\/x\/infoair\/wymog-przeprowadzenie-testu-covidowego-na-dzien-przed-odlotem-do-usa\/\",\"name\":\"Wym\u00f3g przeprowadzenie testu covidowego na dzie\u0144 przed odlotem do USA - TransInfo Archiwum\",\"isPartOf\":{\"@id\":\"https:\/\/transinfo.pl\/x\/#website\"},\"primaryImageOfPage\":{\"@id\":\"https:\/\/transinfo.pl\/x\/infoair\/wymog-przeprowadzenie-testu-covidowego-na-dzien-przed-odlotem-do-usa\/#primaryimage\"},\"image\":{\"@id\":\"https:\/\/transinfo.pl\/x\/infoair\/wymog-przeprowadzenie-testu-covidowego-na-dzien-przed-odlotem-do-usa\/#primaryimage\"},\"thumbnailUrl\":\"https:\/\/transinfo.pl\/x\/wp-content\/uploads\/2021\/12\/Covid-19-test.jpg\",\"datePublished\":\"2021-12-08T10:00:00+00:00\",\"dateModified\":\"2021-12-08T10:00:00+00:00\",\"breadcrumb\":{\"@id\":\"https:\/\/transinfo.pl\/x\/infoair\/wymog-przeprowadzenie-testu-covidowego-na-dzien-przed-odlotem-do-usa\/#breadcrumb\"},\"inLanguage\":\"pl-PL\",\"potentialAction\":[{\"@type\":\"ReadAction\",\"target\":[\"https:\/\/transinfo.pl\/x\/infoair\/wymog-przeprowadzenie-testu-covidowego-na-dzien-przed-odlotem-do-usa\/\"]}]},{\"@type\":\"ImageObject\",\"inLanguage\":\"pl-PL\",\"@id\":\"https:\/\/transinfo.pl\/x\/infoair\/wymog-przeprowadzenie-testu-covidowego-na-dzien-przed-odlotem-do-usa\/#primaryimage\",\"url\":\"https:\/\/transinfo.pl\/x\/wp-content\/uploads\/2021\/12\/Covid-19-test.jpg\",\"contentUrl\":\"https:\/\/transinfo.pl\/x\/wp-content\/uploads\/2021\/12\/Covid-19-test.jpg\"},{\"@type\":\"BreadcrumbList\",\"@id\":\"https:\/\/transinfo.pl\/x\/infoair\/wymog-przeprowadzenie-testu-covidowego-na-dzien-przed-odlotem-do-usa\/#breadcrumb\",\"itemListElement\":[{\"@type\":\"ListItem\",\"position\":1,\"name\":\"Home\",\"item\":\"https:\/\/transinfo.pl\/x\/\"},{\"@type\":\"ListItem\",\"position\":2,\"name\":\"Infoair\",\"item\":\"https:\/\/transinfo.pl\/x\/infoair\/\"},{\"@type\":\"ListItem\",\"position\":3,\"name\":\"Wym\u00f3g przeprowadzenie testu covidowego na dzie\u0144 przed odlotem do USA\"}]},{\"@type\":\"WebSite\",\"@id\":\"https:\/\/transinfo.pl\/x\/#website\",\"url\":\"https:\/\/transinfo.pl\/x\/\",\"name\":\"TransInfo Archiwum\",\"description\":\"Ca\u0142y transport w jednym miejscu\",\"publisher\":{\"@id\":\"https:\/\/transinfo.pl\/x\/#organization\"},\"potentialAction\":[{\"@type\":\"SearchAction\",\"target\":{\"@type\":\"EntryPoint\",\"urlTemplate\":\"https:\/\/transinfo.pl\/x\/?s={search_term_string}\"},\"query-input\":{\"@type\":\"PropertyValueSpecification\",\"valueRequired\":true,\"valueName\":\"search_term_string\"}}],\"inLanguage\":\"pl-PL\"},{\"@type\":\"Organization\",\"@id\":\"https:\/\/transinfo.pl\/x\/#organization\",\"name\":\"TransInfo\",\"url\":\"https:\/\/transinfo.pl\/x\/\",\"logo\":{\"@type\":\"ImageObject\",\"inLanguage\":\"pl-PL\",\"@id\":\"https:\/\/transinfo.pl\/x\/#\/schema\/logo\/image\/\",\"url\":\"https:\/\/transinfo.pl\/x\/wp-content\/uploads\/2024\/10\/favicon.png\",\"contentUrl\":\"https:\/\/transinfo.pl\/x\/wp-content\/uploads\/2024\/10\/favicon.png\",\"width\":512,\"height\":512,\"caption\":\"TransInfo\"},\"image\":{\"@id\":\"https:\/\/transinfo.pl\/x\/#\/schema\/logo\/image\/\"}}]}<\/script>\n<!-- \/ Yoast SEO Premium plugin. -->","yoast_head_json":{"title":"Wym\u00f3g przeprowadzenie testu covidowego na dzie\u0144 przed odlotem do USA - TransInfo Archiwum","robots":{"index":"index","follow":"follow","max-snippet":"max-snippet:-1","max-image-preview":"max-image-preview:large","max-video-preview":"max-video-preview:-1"},"canonical":"https:\/\/transinfo.pl\/x\/infoair\/wymog-przeprowadzenie-testu-covidowego-na-dzien-przed-odlotem-do-usa\/","og_locale":"pl_PL","og_type":"article","og_title":"Wym\u00f3g przeprowadzenie testu covidowego na dzie\u0144 przed odlotem do USA","og_description":"W\u0142adze USA wprowadzi\u0142y dla podr\u00f3\u017cnych z zagranicy wym\u00f3g okazania negatywnego wyniku testu na koronawirusa...","og_url":"https:\/\/transinfo.pl\/x\/infoair\/wymog-przeprowadzenie-testu-covidowego-na-dzien-przed-odlotem-do-usa\/","og_site_name":"TransInfo Archiwum","og_image":[{"url":"default"}],"twitter_card":"summary_large_image","twitter_misc":{"Szacowany czas czytania":"2 minuty"},"schema":{"@context":"https:\/\/schema.org","@graph":[{"@type":"WebPage","@id":"https:\/\/transinfo.pl\/x\/infoair\/wymog-przeprowadzenie-testu-covidowego-na-dzien-przed-odlotem-do-usa\/","url":"https:\/\/transinfo.pl\/x\/infoair\/wymog-przeprowadzenie-testu-covidowego-na-dzien-przed-odlotem-do-usa\/","name":"Wym\u00f3g przeprowadzenie testu covidowego na dzie\u0144 przed odlotem do USA - TransInfo Archiwum","isPartOf":{"@id":"https:\/\/transinfo.pl\/x\/#website"},"primaryImageOfPage":{"@id":"https:\/\/transinfo.pl\/x\/infoair\/wymog-przeprowadzenie-testu-covidowego-na-dzien-przed-odlotem-do-usa\/#primaryimage"},"image":{"@id":"https:\/\/transinfo.pl\/x\/infoair\/wymog-przeprowadzenie-testu-covidowego-na-dzien-przed-odlotem-do-usa\/#primaryimage"},"thumbnailUrl":"https:\/\/transinfo.pl\/x\/wp-content\/uploads\/2021\/12\/Covid-19-test.jpg","datePublished":"2021-12-08T10:00:00+00:00","dateModified":"2021-12-08T10:00:00+00:00","breadcrumb":{"@id":"https:\/\/transinfo.pl\/x\/infoair\/wymog-przeprowadzenie-testu-covidowego-na-dzien-przed-odlotem-do-usa\/#breadcrumb"},"inLanguage":"pl-PL","potentialAction":[{"@type":"ReadAction","target":["https:\/\/transinfo.pl\/x\/infoair\/wymog-przeprowadzenie-testu-covidowego-na-dzien-przed-odlotem-do-usa\/"]}]},{"@type":"ImageObject","inLanguage":"pl-PL","@id":"https:\/\/transinfo.pl\/x\/infoair\/wymog-przeprowadzenie-testu-covidowego-na-dzien-przed-odlotem-do-usa\/#primaryimage","url":"https:\/\/transinfo.pl\/x\/wp-content\/uploads\/2021\/12\/Covid-19-test.jpg","contentUrl":"https:\/\/transinfo.pl\/x\/wp-content\/uploads\/2021\/12\/Covid-19-test.jpg"},{"@type":"BreadcrumbList","@id":"https:\/\/transinfo.pl\/x\/infoair\/wymog-przeprowadzenie-testu-covidowego-na-dzien-przed-odlotem-do-usa\/#breadcrumb","itemListElement":[{"@type":"ListItem","position":1,"name":"Home","item":"https:\/\/transinfo.pl\/x\/"},{"@type":"ListItem","position":2,"name":"Infoair","item":"https:\/\/transinfo.pl\/x\/infoair\/"},{"@type":"ListItem","position":3,"name":"Wym\u00f3g przeprowadzenie testu covidowego na dzie\u0144 przed odlotem do USA"}]},{"@type":"WebSite","@id":"https:\/\/transinfo.pl\/x\/#website","url":"https:\/\/transinfo.pl\/x\/","name":"TransInfo Archiwum","description":"Ca\u0142y transport w jednym miejscu","publisher":{"@id":"https:\/\/transinfo.pl\/x\/#organization"},"potentialAction":[{"@type":"SearchAction","target":{"@type":"EntryPoint","urlTemplate":"https:\/\/transinfo.pl\/x\/?s={search_term_string}"},"query-input":{"@type":"PropertyValueSpecification","valueRequired":true,"valueName":"search_term_string"}}],"inLanguage":"pl-PL"},{"@type":"Organization","@id":"https:\/\/transinfo.pl\/x\/#organization","name":"TransInfo","url":"https:\/\/transinfo.pl\/x\/","logo":{"@type":"ImageObject","inLanguage":"pl-PL","@id":"https:\/\/transinfo.pl\/x\/#\/schema\/logo\/image\/","url":"https:\/\/transinfo.pl\/x\/wp-content\/uploads\/2024\/10\/favicon.png","contentUrl":"https:\/\/transinfo.pl\/x\/wp-content\/uploads\/2024\/10\/favicon.png","width":512,"height":512,"caption":"TransInfo"},"image":{"@id":"https:\/\/transinfo.pl\/x\/#\/schema\/logo\/image\/"}}]}},"_links":{"self":[{"href":"https:\/\/transinfo.pl\/x\/wp-json\/wp\/v2\/infoair\/235116","targetHints":{"allow":["GET"]}}],"collection":[{"href":"https:\/\/transinfo.pl\/x\/wp-json\/wp\/v2\/infoair"}],"about":[{"href":"https:\/\/transinfo.pl\/x\/wp-json\/wp\/v2\/types\/infoair"}],"author":[{"embeddable":true,"href":"https:\/\/transinfo.pl\/x\/wp-json\/wp\/v2\/users\/1"}],"replies":[{"embeddable":true,"href":"https:\/\/transinfo.pl\/x\/wp-json\/wp\/v2\/comments?post=235116"}],"wp:featuredmedia":[{"embeddable":true,"href":"https:\/\/transinfo.pl\/x\/wp-json\/wp\/v2\/media\/235117"}],"wp:attachment":[{"href":"https:\/\/transinfo.pl\/x\/wp-json\/wp\/v2\/media?parent=235116"}],"wp:term":[{"taxonomy":"category","embeddable":true,"href":"https:\/\/transinfo.pl\/x\/wp-json\/wp\/v2\/categories?post=235116"},{"taxonomy":"post_tag","embeddable":true,"href":"https:\/\/transinfo.pl\/x\/wp-json\/wp\/v2\/tags?post=235116"}],"curies":[{"name":"wp","href":"https:\/\/api.w.org\/{rel}","templated":true}]}}