{"version":"1.0","provider_name":"TransInfo Archiwum","provider_url":"https:\/\/transinfo.pl\/x","author_name":"Karol Wach","author_url":"https:\/\/transinfo.pl\/x\/author\/karol\/","title":"Zwrot akcji w Rumunii. S\u0105d uwzgl\u0119dni\u0142 odwo\u0142anie Alstomu","type":"rich","width":600,"height":338,"html":"<blockquote class=\"wp-embedded-content\" data-secret=\"fhtn0sx4bb\"><a href=\"https:\/\/transinfo.pl\/x\/inforail\/zwrot-akcji-w-rumunii-sad-uwzglednil-odwolanie-alstomu\/\">Zwrot akcji w Rumunii. S\u0105d uwzgl\u0119dni\u0142 odwo\u0142anie Alstomu<\/a><\/blockquote><iframe sandbox=\"allow-scripts\" security=\"restricted\" src=\"https:\/\/transinfo.pl\/x\/inforail\/zwrot-akcji-w-rumunii-sad-uwzglednil-odwolanie-alstomu\/embed\/#?secret=fhtn0sx4bb\" width=\"600\" height=\"338\" title=\"&#8222;Zwrot akcji w Rumunii. S\u0105d uwzgl\u0119dni\u0142 odwo\u0142anie Alstomu&#8221; &#8212; TransInfo Archiwum\" data-secret=\"fhtn0sx4bb\" frameborder=\"0\" marginwidth=\"0\" marginheight=\"0\" scrolling=\"no\" class=\"wp-embedded-content\"><\/iframe><script type=\"text\/javascript\">\n\/* <![CDATA[ *\/\n\/*! This file is auto-generated *\/\n!function(d,l){\"use strict\";l.querySelector&&d.addEventListener&&\"undefined\"!=typeof URL&&(d.wp=d.wp||{},d.wp.receiveEmbedMessage||(d.wp.receiveEmbedMessage=function(e){var t=e.data;if((t||t.secret||t.message||t.value)&&!\/[^a-zA-Z0-9]\/.test(t.secret)){for(var s,r,n,a=l.querySelectorAll('iframe[data-secret=\"'+t.secret+'\"]'),o=l.querySelectorAll('blockquote[data-secret=\"'+t.secret+'\"]'),c=new RegExp(\"^https?:$\",\"i\"),i=0;i<o.length;i++)o[i].style.display=\"none\";for(i=0;i<a.length;i++)s=a[i],e.source===s.contentWindow&&(s.removeAttribute(\"style\"),\"height\"===t.message?(1e3<(r=parseInt(t.value,10))?r=1e3:~~r<200&&(r=200),s.height=r):\"link\"===t.message&&(r=new URL(s.getAttribute(\"src\")),n=new URL(t.value),c.test(n.protocol))&&n.host===r.host&&l.activeElement===s&&(d.top.location.href=t.value))}},d.addEventListener(\"message\",d.wp.receiveEmbedMessage,!1),l.addEventListener(\"DOMContentLoaded\",function(){for(var e,t,s=l.querySelectorAll(\"iframe.wp-embedded-content\"),r=0;r<s.length;r++)(t=(e=s[r]).getAttribute(\"data-secret\"))||(t=Math.random().toString(36).substring(2,12),e.src+=\"#?secret=\"+t,e.setAttribute(\"data-secret\",t)),e.contentWindow.postMessage({message:\"ready\",secret:t},\"*\")},!1)))}(window,document);\n\/* ]]> *\/\n<\/script>\n","thumbnail_url":"https:\/\/transinfo.pl\/x\/wp-content\/uploads\/2024\/04\/Romania_Coradia-Stream-RE-IR_ext-view-1.jpg","thumbnail_width":1,"thumbnail_height":1,"description":"Umowa podpisana w styczniu 2024 roku na dostaw\u0119 62 nowych poci\u0105g\u00f3w, zostanie najprawdopodobniej anulowana. Nowa wkr\u00f3tce,"}